{"id":4826,"date":"2017-11-23T19:44:25","date_gmt":"2017-11-23T18:44:25","guid":{"rendered":"https:\/\/lalinea.salesianos.edu\/colegio\/?page_id=4826"},"modified":"2025-08-04T10:49:54","modified_gmt":"2025-08-04T08:49:54","slug":"atencion-familias","status":"publish","type":"page","link":"https:\/\/lalinea.salesianos.edu\/colegio\/atencion-familias\/","title":{"rendered":"atenci\u00f3n familias"},"content":{"rendered":"<p>[et_pb_section fb_built=\u00bb1&#8243; fullwidth=\u00bbon\u00bb _builder_version=\u00bb4.16&#8243; global_colors_info=\u00bb{}\u00bb][et_pb_fullwidth_header title=\u00bbAtenci\u00f3n a familias\u00bb title_font_color=\u00bb#ffffff\u00bb module_class=\u00bbpagina-imagen-cabecera\u00bb _builder_version=\u00bb4.16&#8243; title_text_color=\u00bb#ffffff\u00bb title_font_size=\u00bb40px\u00bb background_color=\u00bbrgba(255, 255, 255, 0)\u00bb background_image=\u00bbhttps:\/\/lalinea.salesianos.edu\/colegio\/wp-content\/uploads\/sites\/2\/2017\/11\/atencionpadres.jpg\u00bb background_layout=\u00bblight\u00bb max_width_tablet=\u00bb50px\u00bb background_url=\u00bbhttps:\/\/alicante.salesianos.edu\/colegio\/wp-content\/uploads\/sites\/2\/2017\/03\/Archivo_002-2.jpeg\u00bb global_colors_info=\u00bb{}\u00bb button_one_text_size__hover_enabled=\u00bboff\u00bb button_two_text_size__hover_enabled=\u00bboff\u00bb button_one_text_color__hover_enabled=\u00bboff\u00bb button_two_text_color__hover_enabled=\u00bboff\u00bb button_one_border_width__hover_enabled=\u00bboff\u00bb button_two_border_width__hover_enabled=\u00bboff\u00bb button_one_border_color__hover_enabled=\u00bboff\u00bb button_two_border_color__hover_enabled=\u00bboff\u00bb button_one_border_radius__hover_enabled=\u00bboff\u00bb button_two_border_radius__hover_enabled=\u00bboff\u00bb button_one_letter_spacing__hover_enabled=\u00bboff\u00bb button_two_letter_spacing__hover_enabled=\u00bboff\u00bb button_one_bg_color__hover_enabled=\u00bboff\u00bb button_two_bg_color__hover_enabled=\u00bboff\u00bb][\/et_pb_fullwidth_header][\/et_pb_section][et_pb_section fb_built=\u00bb1&#8243; _builder_version=\u00bb4.16&#8243; global_colors_info=\u00bb{}\u00bb][et_pb_row _builder_version=\u00bb4.16&#8243; background_size=\u00bbinitial\u00bb background_position=\u00bbtop_left\u00bb background_repeat=\u00bbrepeat\u00bb global_colors_info=\u00bb{}\u00bb][et_pb_column type=\u00bb4_4&#8243; _builder_version=\u00bb4.16&#8243; custom_padding=\u00bb|||\u00bb global_colors_info=\u00bb{}\u00bb custom_padding__hover=\u00bb|||\u00bb][et_pb_tabs _builder_version=\u00bb4.19.4&#8243; body_text_align=\u00bbleft\u00bb module_alignment=\u00bbleft\u00bb hover_enabled=\u00bb0&#8243; global_colors_info=\u00bb{}\u00bb sticky_enabled=\u00bb0&#8243;][et_pb_tab title=\u00bbInfantil\u00bb _builder_version=\u00bb4.15&#8243; global_colors_info=\u00bb{}\u00bb]<\/p>\n<p>&nbsp;<\/p>\n<p>&nbsp;<\/p>\n<p>&nbsp;<\/p>\n<p>&nbsp;<\/p>\n<h1>\u00a0Tutor\u00edas con padres<\/h1>\n<table>\n<tbody>\n<tr>\n<td width=\"245\">\n<p style=\"text-align: center;\">Tutor<\/p>\n<\/td>\n<td style=\"text-align: center;\" width=\"154\">Curso<\/td>\n<td style=\"text-align: center;\" width=\"141\">D\u00eda<\/td>\n<td width=\"180\">\n<p style=\"text-align: center;\">Hora<\/p>\n<\/td>\n<\/tr>\n<tr>\n<td width=\"245\">D. Alberto Guti\u00e9rrez<\/td>\n<td width=\"154\">\n<p style=\"text-align: center;\">infantil 3 a\u00f1os<\/p>\n<\/td>\n<td width=\"141\">\n<p style=\"text-align: center;\">lunes<\/p>\n<\/td>\n<td width=\"180\">\n<p style=\"text-align: center;\">18:00 a 19:00h<\/p>\n<\/td>\n<\/tr>\n<tr>\n<td width=\"245\">Srta. Asunci\u00f3n Acevedo<\/td>\n<td width=\"154\">\n<p style=\"text-align: center;\">infantil 4 a\u00f1os<\/p>\n<\/td>\n<td width=\"141\">\n<p style=\"text-align: center;\">lunes<\/p>\n<\/td>\n<td width=\"180\">\n<p style=\"text-align: center;\">18:00 a 19:00h<\/p>\n<\/td>\n<\/tr>\n<tr>\n<td style=\"text-align: center;\" width=\"245\">\n<p style=\"text-align: left;\">Srta. Irene Mac\u00edas<\/p>\n<\/td>\n<td style=\"text-align: center;\" width=\"154\">infantil 5 a\u00f1os<\/td>\n<td style=\"text-align: center;\" width=\"141\">lunes<\/td>\n<td width=\"180\">\n<p style=\"text-align: center;\">18:00 a 19:00h<\/p>\n<\/td>\n<\/tr>\n<\/tbody>\n<\/table>\n<p>&nbsp;<\/p>\n<p>&nbsp;<\/p>\n<p>&nbsp;<\/p>\n<p>[\/et_pb_tab][et_pb_tab title=\u00bbPrimaria\u00bb _builder_version=\u00bb4.15&#8243; global_colors_info=\u00bb{}\u00bb]<\/p>\n<h1>\u00a0Tutor\u00edas con padres<\/h1>\n<table>\n<tbody>\n<tr>\n<td width=\"245\">\n<p style=\"text-align: center;\">Tutor<\/p>\n<\/td>\n<td style=\"text-align: center;\" width=\"154\">Curso<\/td>\n<td style=\"text-align: center;\" width=\"141\">D\u00eda<\/td>\n<td width=\"180\">\n<p style=\"text-align: center;\">Hora<\/p>\n<\/td>\n<\/tr>\n<tr>\n<td width=\"245\">Srta. Paqui Vega<\/td>\n<td width=\"154\">\n<p style=\"text-align: center;\">1\u00baA<\/p>\n<\/td>\n<td width=\"141\">\n<p style=\"text-align: center;\">lunes<\/p>\n<\/td>\n<td style=\"text-align: center;\" width=\"180\">18:00 a 19:00h<\/td>\n<\/tr>\n<tr>\n<td width=\"245\">Srta. Nuria Mart\u00edn<\/td>\n<td width=\"154\">\n<p style=\"text-align: center;\">1\u00baB<\/p>\n<\/td>\n<td width=\"141\">\n<p style=\"text-align: center;\">lunes<\/p>\n<\/td>\n<td style=\"text-align: center;\" width=\"180\">18:00 a 19:00h<\/td>\n<\/tr>\n<tr>\n<td width=\"245\">D. V\u00edctor Salvatierra<\/td>\n<td width=\"154\">\n<p style=\"text-align: center;\">2\u00baA<\/p>\n<\/td>\n<td width=\"141\">\n<p style=\"text-align: center;\">lunes<\/p>\n<\/td>\n<td style=\"text-align: center;\" width=\"180\">18:00 a 19:00h<\/td>\n<\/tr>\n<tr>\n<td width=\"245\">D. Rafael D\u00edaz<\/td>\n<td width=\"154\">\n<p style=\"text-align: center;\">2\u00baB<\/p>\n<\/td>\n<td width=\"141\">\n<p style=\"text-align: center;\">lunes<\/p>\n<\/td>\n<td style=\"text-align: center;\" width=\"180\">18:00 a 19:00h<\/td>\n<\/tr>\n<tr>\n<td width=\"245\">Srta. Soraya Hidalgo<\/td>\n<td width=\"154\">\n<p style=\"text-align: center;\">3\u00baA<\/p>\n<\/td>\n<td width=\"141\">\n<p style=\"text-align: center;\">lunes<\/p>\n<\/td>\n<td style=\"text-align: center;\" width=\"180\">18:00 a 19:00h<\/td>\n<\/tr>\n<tr>\n<td width=\"245\">D. Jonathan Parrado<\/td>\n<td width=\"154\">\n<p style=\"text-align: center;\">3\u00baB<\/p>\n<\/td>\n<td width=\"141\">\n<p style=\"text-align: center;\">lunes<\/p>\n<\/td>\n<td style=\"text-align: center;\" width=\"180\">18:00 a 19:00h<\/td>\n<\/tr>\n<tr>\n<td width=\"245\">Srta. Roc\u00edo Galindo<\/td>\n<td width=\"154\">\n<p style=\"text-align: center;\">4\u00baA<\/p>\n<\/td>\n<td width=\"141\">\n<p style=\"text-align: center;\">lunes<\/p>\n<\/td>\n<td style=\"text-align: center;\" width=\"180\">18:00 a 19:00h<\/td>\n<\/tr>\n<tr>\n<td width=\"245\">D. \u00c1lvaro Rodr\u00edguez<\/td>\n<td width=\"154\">\n<p style=\"text-align: center;\">4\u00baB<\/p>\n<\/td>\n<td width=\"141\">\n<p style=\"text-align: center;\">lunes<\/p>\n<\/td>\n<td style=\"text-align: center;\" width=\"180\">18:00 a 19:00h<\/td>\n<\/tr>\n<tr>\n<td width=\"245\">D. H\u00e9ctor Mu\u00f1oz<\/td>\n<td width=\"154\">\n<p style=\"text-align: center;\">5\u00baA<\/p>\n<\/td>\n<td width=\"141\">\n<p style=\"text-align: center;\">lunes<\/p>\n<\/td>\n<td style=\"text-align: center;\" width=\"180\">18:00 a 19:00h<\/td>\n<\/tr>\n<tr>\n<td width=\"245\">Srta. Conchi Guerrero<\/td>\n<td width=\"154\">\n<p style=\"text-align: center;\">5\u00baB<\/p>\n<\/td>\n<td width=\"141\">\n<p style=\"text-align: center;\">lunes<\/p>\n<\/td>\n<td style=\"text-align: center;\" width=\"180\">18:00 a 19:00h<\/td>\n<\/tr>\n<tr>\n<td width=\"245\">D. Carlos Cuadrado<\/td>\n<td width=\"154\">\n<p style=\"text-align: center;\">6\u00baA<\/p>\n<\/td>\n<td width=\"141\">\n<p style=\"text-align: center;\">lunes<\/p>\n<\/td>\n<td style=\"text-align: center;\" width=\"180\">18:00 a 19:00h<\/td>\n<\/tr>\n<tr>\n<td width=\"245\">D. Juan Almansa<\/td>\n<td width=\"154\">\n<p style=\"text-align: center;\">6\u00baB<\/p>\n<\/td>\n<td width=\"141\">\n<p style=\"text-align: center;\">lunes<\/p>\n<\/td>\n<td style=\"text-align: center;\" width=\"180\">18:00 a 19:00h<\/td>\n<\/tr>\n<tr>\n<td width=\"245\">D. \u00d3scar Cuadrado<\/td>\n<td width=\"154\"><\/td>\n<td width=\"141\">\n<p style=\"text-align: center;\">lunes<\/p>\n<\/td>\n<td style=\"text-align: center;\" width=\"180\">18:00 a 19:00h<\/td>\n<\/tr>\n<tr>\n<td width=\"245\">D. Juan Antonio Herrera<\/td>\n<td width=\"154\"><\/td>\n<td width=\"141\">\n<p style=\"text-align: center;\">lunes<\/p>\n<\/td>\n<td style=\"text-align: center;\" width=\"180\">18:00 a 19:00h<\/td>\n<\/tr>\n<tr>\n<td width=\"245\">D. Juan Pedro Macario<\/td>\n<td width=\"154\"><\/td>\n<td width=\"141\">\n<p style=\"text-align: center;\">lunes<\/p>\n<\/td>\n<td style=\"text-align: center;\" width=\"180\">18:00 a 19:00h<\/td>\n<\/tr>\n<\/tbody>\n<\/table>\n<p>&nbsp;<\/p>\n<p><!-- [if gte mso 9]><xml><\/p>\n\n\n\n\n<p><o:DocumentProperties><\/p>\n\n\n\n\n<p><o:Author>Juan Al<\/o:Author><\/p>\n\n\n\n\n<p><o:Template>Normal.dotm<\/o:Template><\/p>\n\n\n\n\n<p><o:LastAuthor>Juan Al<\/o:LastAuthor><\/p>\n\n\n\n\n<p><o:Revision>1<\/o:Revision><\/p>\n\n\n\n\n<p><o:TotalTime>4<\/o:TotalTime><\/p>\n\n\n\n\n<p><o:Created>2017-11-23T20:34:00Z<\/o:Created><\/p>\n\n\n\n\n<p><o:LastSaved>2017-11-23T20:38:00Z<\/o:LastSaved><\/p>\n\n\n\n\n<p><o:Pages>1<\/o:Pages><\/p>\n\n\n\n\n<p><o:Company>Salesianos<\/o:Company><\/p>\n\n\n\n\n<p><o:Lines>1<\/o:Lines><\/p>\n\n\n\n\n<p><o:Paragraphs>1<\/o:Paragraphs><\/p>\n\n\n\n\n<p><o:Version>12.0<\/o:Version><\/p>\n\n\n\n\n<p><\/o:DocumentProperties><\/p>\n\n\n\n\n<p><o:OfficeDocumentSettings><\/p>\n\n\n\n\n<p><o:AllowPNG><\/o:AllowPNG><\/p>\n\n\n\n\n<p><\/o:OfficeDocumentSettings><\/p>\n\n\n\n\n<p><\/xml><![endif]--><!-- [if gte mso 9]><xml><\/p>\n\n\n\n\n<p><w:WordDocument><\/p>\n\n\n\n\n<p><w:SpellingState>Clean<\/w:SpellingState><\/p>\n\n\n\n\n<p><w:GrammarState>Clean<\/w:GrammarState><\/p>\n\n\n\n\n<p><w:TrackMoves>false<\/w:TrackMoves><\/p>\n\n\n\n\n<p><w:TrackFormatting><\/w:TrackFormatting><\/p>\n\n\n\n\n<p><w:PunctuationKerning><\/w:PunctuationKerning><\/p>\n\n\n\n\n<p><w:DrawingGridHorizontalSpacing>18 pt<\/w:DrawingGridHorizontalSpacing><\/p>\n\n\n\n\n<p><w:DrawingGridVerticalSpacing>18 pt<\/w:DrawingGridVerticalSpacing><\/p>\n\n\n\n\n<p><w:DisplayHorizontalDrawingGridEvery>0<\/w:DisplayHorizontalDrawingGridEvery><\/p>\n\n\n\n\n<p><w:DisplayVerticalDrawingGridEvery>0<\/w:DisplayVerticalDrawingGridEvery><\/p>\n\n\n\n\n<p><w:ValidateAgainstSchemas><\/w:ValidateAgainstSchemas><\/p>\n\n\n\n\n<p><w:SaveIfXMLInvalid>false<\/w:SaveIfXMLInvalid><\/p>\n\n\n\n\n<p><w:IgnoreMixedContent>false<\/w:IgnoreMixedContent><\/p>\n\n\n\n\n<p><w:AlwaysShowPlaceholderText>false<\/w:AlwaysShowPlaceholderText><\/p>\n\n\n\n\n<p><w:Compatibility><\/p>\n\n\n\n\n<p><w:BreakWrappedTables><\/w:BreakWrappedTables><\/p>\n\n\n\n\n<p><w:DontGrowAutofit><\/w:DontGrowAutofit><\/p>\n\n\n\n\n<p><w:DontAutofitConstrainedTables><\/w:DontAutofitConstrainedTables><\/p>\n\n\n\n\n<p><w:DontVertAlignInTxbx><\/w:DontVertAlignInTxbx><\/p>\n\n\n\n\n<p><\/w:Compatibility><\/p>\n\n\n\n\n<p><\/w:WordDocument><\/p>\n\n\n\n\n<p><\/xml><![endif]--><!-- [if gte mso 9]><xml><\/p>\n\n\n\n\n<p><w:LatentStyles DefLockedState=\"false\" LatentStyleCount=\"276\"><\/p>\n\n\n\n\n<p><\/w:LatentStyles><\/p>\n\n\n\n\n<p><\/xml><![endif]--><\/p>\n<p>&nbsp;<\/p>\n<p>&nbsp;<\/p>\n<p>&nbsp;<\/p>\n<p>&nbsp;<\/p>\n<p>[\/et_pb_tab][et_pb_tab title=\u00bbESO\u00bb _builder_version=\u00bb4.19.4&#8243; hover_enabled=\u00bb0&#8243; global_colors_info=\u00bb{}\u00bb sticky_enabled=\u00bb0&#8243;]<\/p>\n<h1>Tutor\u00edas con padres<\/h1>\n<table style=\"width: 893px;\">\n<tbody>\n<tr>\n<td style=\"width: 463.733px;\">\n<p style=\"text-align: center;\">Tutor<\/p>\n<\/td>\n<td style=\"text-align: center; width: 174.271px;\">Curso<\/td>\n<td style=\"text-align: center; width: 73.1076px;\">D\u00eda<\/td>\n<td style=\"width: 157.292px;\">\n<p style=\"text-align: center;\">Hora<\/p>\n<\/td>\n<\/tr>\n<tr>\n<td style=\"width: 463.733px;\">Srta. Marta S\u00e1nchez<\/td>\n<td style=\"width: 174.271px;\">\n<p style=\"text-align: center;\">1\u00baA<\/p>\n<\/td>\n<td style=\"width: 73.1076px;\">\n<p style=\"text-align: center;\">martes<\/p>\n<\/td>\n<td style=\"width: 157.292px;\">9:00 a 10:00h<\/td>\n<\/tr>\n<tr>\n<td style=\"width: 463.733px;\">Srta. Ana Mar\u00eda Lima<\/td>\n<td style=\"width: 174.271px;\">\n<p style=\"text-align: center;\">1\u00baB<\/p>\n<\/td>\n<td style=\"width: 73.1076px;\">\n<p style=\"text-align: center;\">jueves<\/p>\n<\/td>\n<td style=\"width: 157.292px;\">11:30 a 12:30h<\/td>\n<\/tr>\n<tr>\n<td style=\"width: 463.733px;\">Srta. Margaret Yedra<\/td>\n<td style=\"width: 174.271px;\">\n<p style=\"text-align: center;\">2\u00baA<\/p>\n<\/td>\n<td style=\"width: 73.1076px;\">\n<p style=\"text-align: center;\">mi\u00e9rcoles<\/p>\n<\/td>\n<td style=\"width: 157.292px;\">10:00 a 11:00h<\/td>\n<\/tr>\n<tr>\n<td style=\"width: 463.733px;\">D. Sergio Mu\u00f1oz<\/td>\n<td style=\"width: 174.271px;\">\n<p style=\"text-align: center;\">2\u00baB<\/p>\n<\/td>\n<td style=\"width: 73.1076px;\">\n<p style=\"text-align: center;\">jueves<\/p>\n<\/td>\n<td style=\"width: 157.292px;\">12:30 a 13:30h<\/td>\n<\/tr>\n<tr>\n<td style=\"width: 463.733px;\">Srta. Estefan\u00eda Arag\u00f3n<\/td>\n<td style=\"width: 174.271px;\">\n<p style=\"text-align: center;\">3\u00baA<\/p>\n<\/td>\n<td style=\"width: 73.1076px;\">\n<p style=\"text-align: center;\">mi\u00e9rcoles<\/p>\n<\/td>\n<td style=\"width: 157.292px;\">10:00 a 11:00h<\/td>\n<\/tr>\n<tr>\n<td style=\"width: 463.733px;\">Srta. Virginia Ram\u00edrez<\/td>\n<td style=\"width: 174.271px;\">\n<p style=\"text-align: center;\">3\u00baB<\/p>\n<\/td>\n<td style=\"width: 73.1076px;\">\n<p style=\"text-align: center;\">viernes<\/p>\n<\/td>\n<td style=\"width: 157.292px;\">10:00 a 11:00h<\/td>\n<\/tr>\n<tr>\n<td style=\"width: 463.733px;\">Srta. Eva Moya<\/td>\n<td style=\"width: 174.271px;\">\n<p style=\"text-align: center;\">4\u00baA<\/p>\n<\/td>\n<td style=\"width: 73.1076px;\">\n<p style=\"text-align: center;\">lunes<\/p>\n<\/td>\n<td style=\"width: 157.292px;\">11:30 a 12:30h<\/td>\n<\/tr>\n<tr>\n<td style=\"width: 463.733px;\">D. Miguel Partal<\/td>\n<td style=\"width: 174.271px;\">\n<p style=\"text-align: center;\">4\u00baB<\/p>\n<\/td>\n<td style=\"width: 73.1076px;\">\n<p style=\"text-align: center;\">martes<\/p>\n<\/td>\n<td style=\"width: 157.292px;\">10:00 a 11:00h<\/td>\n<\/tr>\n<tr>\n<td style=\"width: 463.733px;\">Srta. Soraya Holgado<\/td>\n<td style=\"width: 174.271px;\">\n<p style=\"text-align: center;\">Director Centro<\/p>\n<\/td>\n<td style=\"width: 73.1076px;\">\n<p style=\"text-align: center;\">\n<\/td>\n<td style=\"width: 157.292px;\">\u00a0<\/td>\n<\/tr>\n<tr>\n<td style=\"width: 463.733px;\">D. Juli\u00e1n Cas\u00edn<\/td>\n<td style=\"width: 174.271px;\">\n<p style=\"text-align: center;\">Jefe de Estudios<\/p>\n<\/td>\n<td style=\"width: 73.1076px;\">\n<p style=\"text-align: center;\">\n<\/td>\n<td style=\"width: 157.292px;\"><\/td>\n<\/tr>\n<tr>\n<td style=\"width: 463.733px;\">Srta. \u00c1ngela V\u00e1zquez<\/td>\n<td style=\"width: 174.271px;\">\n<p style=\"text-align: center;\">\n<\/td>\n<td style=\"width: 73.1076px;\">\n<p style=\"text-align: center;\">\n<\/td>\n<td style=\"width: 157.292px;\"><\/td>\n<\/tr>\n<tr>\n<td style=\"width: 463.733px;\">Srta. Luc\u00eda Serrano<\/td>\n<td style=\"width: 174.271px;\"><\/td>\n<td style=\"width: 73.1076px;\">\n<p style=\"text-align: center;\">\n<\/td>\n<td style=\"width: 157.292px;\"><\/td>\n<\/tr>\n<tr>\n<td style=\"width: 463.733px;\">Srta. Mar\u00eda del Mar Pel\u00e1ez<\/td>\n<td style=\"width: 174.271px; text-align: center;\"><\/td>\n<td style=\"width: 73.1076px; text-align: center;\">\n<p style=\"text-align: center;\">\n<\/td>\n<td style=\"width: 157.292px; text-align: center;\"><\/td>\n<\/tr>\n<tr>\n<td style=\"width: 463.733px;\">Srta. Mar\u00eda Jes\u00fas Castro<\/td>\n<td style=\"width: 174.271px; text-align: center;\"><\/td>\n<td style=\"width: 73.1076px; text-align: center;\">lunes<\/td>\n<td style=\"width: 157.292px; text-align: center;\">9:00 a 10:00<\/td>\n<\/tr>\n<\/tbody>\n<\/table>\n<p><!-- [if gte mso 9]><xml><\/p>\n\n\n\n\n<p><o:DocumentProperties><\/p>\n\n\n\n\n<p><o:Author>Juan Al<\/o:Author><\/p>\n\n\n\n\n<p><o:Template>Normal.dotm<\/o:Template><\/p>\n\n\n\n\n<p><o:LastAuthor>Juan Al<\/o:LastAuthor><\/p>\n\n\n\n\n<p><o:Revision>1<\/o:Revision><\/p>\n\n\n\n\n<p><o:TotalTime>4<\/o:TotalTime><\/p>\n\n\n\n\n<p><o:Created>2017-11-23T20:34:00Z<\/o:Created><\/p>\n\n\n\n\n<p><o:LastSaved>2017-11-23T20:38:00Z<\/o:LastSaved><\/p>\n\n\n\n\n<p><o:Pages>1<\/o:Pages><\/p>\n\n\n\n\n<p><o:Company>Salesianos<\/o:Company><\/p>\n\n\n\n\n<p><o:Lines>1<\/o:Lines><\/p>\n\n\n\n\n<p><o:Paragraphs>1<\/o:Paragraphs><\/p>\n\n\n\n\n<p><o:Version>12.0<\/o:Version><\/p>\n\n\n\n\n<p><\/o:DocumentProperties><\/p>\n\n\n\n\n<p><o:OfficeDocumentSettings><\/p>\n\n\n\n\n<p><o:AllowPNG><\/o:AllowPNG><\/p>\n\n\n\n\n<p><\/o:OfficeDocumentSettings><\/p>\n\n\n\n\n<p><\/xml><![endif]--><!-- [if gte mso 9]><xml><\/p>\n\n\n\n\n<p><w:WordDocument><\/p>\n\n\n\n\n<p><w:SpellingState>Clean<\/w:SpellingState><\/p>\n\n\n\n\n<p><w:GrammarState>Clean<\/w:GrammarState><\/p>\n\n\n\n\n<p><w:TrackMoves>false<\/w:TrackMoves><\/p>\n\n\n\n\n<p><w:TrackFormatting><\/w:TrackFormatting><\/p>\n\n\n\n\n<p><w:PunctuationKerning><\/w:PunctuationKerning><\/p>\n\n\n\n\n<p><w:DrawingGridHorizontalSpacing>18 pt<\/w:DrawingGridHorizontalSpacing><\/p>\n\n\n\n\n<p><w:DrawingGridVerticalSpacing>18 pt<\/w:DrawingGridVerticalSpacing><\/p>\n\n\n\n\n<p><w:DisplayHorizontalDrawingGridEvery>0<\/w:DisplayHorizontalDrawingGridEvery><\/p>\n\n\n\n\n<p><w:DisplayVerticalDrawingGridEvery>0<\/w:DisplayVerticalDrawingGridEvery><\/p>\n\n\n\n\n<p><w:ValidateAgainstSchemas><\/w:ValidateAgainstSchemas><\/p>\n\n\n\n\n<p><w:SaveIfXMLInvalid>false<\/w:SaveIfXMLInvalid><\/p>\n\n\n\n\n<p><w:IgnoreMixedContent>false<\/w:IgnoreMixedContent><\/p>\n\n\n\n\n<p><w:AlwaysShowPlaceholderText>false<\/w:AlwaysShowPlaceholderText><\/p>\n\n\n\n\n<p><w:Compatibility><\/p>\n\n\n\n\n<p><w:BreakWrappedTables><\/w:BreakWrappedTables><\/p>\n\n\n\n\n<p><w:DontGrowAutofit><\/w:DontGrowAutofit><\/p>\n\n\n\n\n<p><w:DontAutofitConstrainedTables><\/w:DontAutofitConstrainedTables><\/p>\n\n\n\n\n<p><w:DontVertAlignInTxbx><\/w:DontVertAlignInTxbx><\/p>\n\n\n\n\n<p><\/w:Compatibility><\/p>\n\n\n\n\n<p><\/w:WordDocument><\/p>\n\n\n\n\n<p><\/xml><![endif]--><!-- [if gte mso 9]><xml><\/p>\n\n\n\n\n<p><w:LatentStyles DefLockedState=\"false\" LatentStyleCount=\"276\"><\/p>\n\n\n\n\n<p><\/w:LatentStyles><\/p>\n\n\n\n\n<p><\/xml><![endif]--><\/p>\n<p>&nbsp;<\/p>\n<p>&nbsp;<\/p>\n<p>&nbsp;<\/p>\n<p>&nbsp;<\/p>\n<p>&nbsp;<\/p>\n<p>&nbsp;<\/p>\n<p>&nbsp;<\/p>\n<p>&nbsp;<\/p>\n<p>&nbsp;<\/p>\n<p>[\/et_pb_tab][et_pb_tab title=\u00bbFPB\u00bb _builder_version=\u00bb4.19.4&#8243; hover_enabled=\u00bb0&#8243; global_colors_info=\u00bb{}\u00bb sticky_enabled=\u00bb0&#8243;]<\/p>\n<p>&nbsp;<\/p>\n<p>&nbsp;<\/p>\n<p>&nbsp;<\/p>\n<h1>\u00a0\u00a0Tutor\u00edas con padres<\/h1>\n<table>\n<tbody>\n<tr>\n<td width=\"245\">\n<p style=\"text-align: center;\">Tutor<\/p>\n<\/td>\n<td style=\"text-align: center;\" width=\"154\">Curso<\/td>\n<td style=\"text-align: center;\" width=\"141\">D\u00eda<\/td>\n<td width=\"180\">\n<p style=\"text-align: center;\">Hora<\/p>\n<\/td>\n<\/tr>\n<tr>\n<td width=\"245\">Srta. Roc\u00edo Oria<\/td>\n<td width=\"154\">\n<p style=\"text-align: center;\">1\u00ba FPB<\/p>\n<\/td>\n<td width=\"141\">\n<p style=\"text-align: center;\">jueves<\/p>\n<\/td>\n<td width=\"180\">\n<p style=\"text-align: center;\">12:30 a 13:30h<\/p>\n<\/td>\n<\/tr>\n<tr>\n<td width=\"245\">Srta. Laura Barrientos<\/td>\n<td style=\"text-align: center;\" width=\"154\">2\u00ba FPB<\/td>\n<td style=\"text-align: center;\" width=\"141\">lunes<\/td>\n<td style=\"text-align: center;\" width=\"180\">11:30 a 12:30h<\/td>\n<\/tr>\n<\/tbody>\n<\/table>\n<p>&nbsp;<\/p>\n<p>&nbsp;<\/p>\n<p>&nbsp;<\/p>\n<p>&nbsp;<\/p>\n<p>&nbsp;<\/p>\n<p>[\/et_pb_tab][et_pb_tab title=\u00bbOrientaci\u00f3n\u00bb _builder_version=\u00bb3.0.89&#8243; global_colors_info=\u00bb{}\u00bb]<\/p>\n<h1>\u00a0Tutor\u00edas con padres<\/h1>\n<table>\n<tbody>\n<tr>\n<td width=\"245\">\n<p style=\"text-align: center;\">\n<\/td>\n<td style=\"text-align: center;\" width=\"154\"><\/td>\n<td style=\"text-align: center;\" width=\"141\">D\u00eda<\/td>\n<td width=\"180\">\n<p style=\"text-align: center;\">Hora<\/p>\n<\/td>\n<\/tr>\n<tr>\n<td width=\"245\">Srta. Nuria Rom\u00e1n<\/td>\n<td width=\"154\">\n<p style=\"text-align: center;\">Orientadora<\/p>\n<\/td>\n<td width=\"141\">\n<p style=\"text-align: center;\">lunes<\/p>\n<\/td>\n<td width=\"180\">\n<p style=\"text-align: center;\">18:00 a 19:00h<\/p>\n<\/td>\n<\/tr>\n<tr>\n<td width=\"245\">D. Miguel \u00c1ngel Ruiz<\/td>\n<td width=\"154\">\n<p style=\"text-align: center;\">PT<\/p>\n<\/td>\n<td width=\"141\">\n<p style=\"text-align: center;\">lunes<\/p>\n<\/td>\n<td width=\"180\">\n<p style=\"text-align: center;\">18:00 a 19:00h<\/p>\n<\/td>\n<\/tr>\n<tr>\n<td style=\"text-align: center;\" width=\"245\">\n<p style=\"text-align: left;\">\n<\/td>\n<\/tr>\n<\/tbody>\n<\/table>\n<p>&nbsp;<\/p>\n<p>&nbsp;<\/p>\n<p>&nbsp;<\/p>\n<p>&nbsp;<br \/>\n[\/et_pb_tab][et_pb_tab title=\u00bbPlataforma Qe\u00bb _builder_version=\u00bb4.15&#8243; global_colors_info=\u00bb{}\u00bb]&nbsp;<\/p>\n<p>&nbsp;<\/p>\n<p>&nbsp;<\/p>\n<h1>\u00a0Tutor\u00edas virtuales con padres<\/h1>\n<p>Para cualquier consulta puede utilizar el servicio de mensajer\u00eda de la plataforma <a href=\"http:\/\/www.qualitasescuelafamilia.com\">qualitas<\/a><\/p>\n<p>&nbsp;<br \/>\n[\/et_pb_tab][\/et_pb_tabs][\/et_pb_column][\/et_pb_row][\/et_pb_section]<\/p>\n","protected":false},"excerpt":{"rendered":"<p>&nbsp; &nbsp; &nbsp; &nbsp; \u00a0Tutor\u00edas con padres Tutor Curso D\u00eda Hora D. Alberto Guti\u00e9rrez infantil 3 a\u00f1os lunes 18:00 a 19:00h Srta. Asunci\u00f3n Acevedo infantil 4 a\u00f1os lunes 18:00 a 19:00h Srta. Irene Mac\u00edas infantil 5 a\u00f1os lunes 18:00 a 19:00h &nbsp; &nbsp; &nbsp;\u00a0Tutor\u00edas con padres Tutor Curso D\u00eda Hora Srta. Paqui Vega 1\u00baA lunes [&hellip;]<\/p>\n","protected":false},"author":2,"featured_media":0,"parent":0,"menu_order":0,"comment_status":"closed","ping_status":"closed","template":"","meta":{"_et_pb_use_builder":"on","_et_pb_old_content":"","_et_gb_content_width":"","footnotes":""},"class_list":["post-4826","page","type-page","status-publish","hentry"],"yoast_head":"<!-- This site is optimized with the Yoast SEO plugin v28.4 - https:\/\/yoast.com\/product\/yoast-seo-wordpress\/ -->\n<title>atenci\u00f3n familias - Colegio<\/title>\n<meta name=\"robots\" content=\"index, follow, max-snippet:-1, max-image-preview:large, max-video-preview:-1\" \/>\n<link rel=\"canonical\" href=\"https:\/\/lalinea.salesianos.edu\/colegio\/atencion-familias\/\" \/>\n<meta property=\"og:locale\" content=\"es_ES\" \/>\n<meta property=\"og:type\" content=\"article\" \/>\n<meta property=\"og:title\" content=\"atenci\u00f3n familias - Colegio\" \/>\n<meta property=\"og:description\" content=\"&nbsp; &nbsp; &nbsp; &nbsp; \u00a0Tutor\u00edas con padres Tutor Curso D\u00eda Hora D. Alberto Guti\u00e9rrez infantil 3 a\u00f1os lunes 18:00 a 19:00h Srta. Asunci\u00f3n Acevedo infantil 4 a\u00f1os lunes 18:00 a 19:00h Srta. Irene Mac\u00edas infantil 5 a\u00f1os lunes 18:00 a 19:00h &nbsp; &nbsp; &nbsp;\u00a0Tutor\u00edas con padres Tutor Curso D\u00eda Hora Srta. Paqui Vega 1\u00baA lunes [&hellip;]\" \/>\n<meta property=\"og:url\" content=\"https:\/\/lalinea.salesianos.edu\/colegio\/atencion-familias\/\" \/>\n<meta property=\"og:site_name\" content=\"Colegio\" \/>\n<meta property=\"article:modified_time\" content=\"2025-08-04T08:49:54+00:00\" \/>\n<meta name=\"twitter:card\" content=\"summary_large_image\" \/>\n<meta name=\"twitter:label1\" content=\"Tiempo de lectura\" \/>\n\t<meta name=\"twitter:data1\" content=\"4 minutos\" \/>\n<script type=\"application\/ld+json\" class=\"yoast-schema-graph\">{\"@context\":\"https:\\\/\\\/schema.org\",\"@graph\":[{\"@type\":\"WebPage\",\"@id\":\"https:\\\/\\\/lalinea.salesianos.edu\\\/colegio\\\/atencion-familias\\\/\",\"url\":\"https:\\\/\\\/lalinea.salesianos.edu\\\/colegio\\\/atencion-familias\\\/\",\"name\":\"atenci\u00f3n familias - Colegio\",\"isPartOf\":{\"@id\":\"https:\\\/\\\/lalinea.salesianos.edu\\\/colegio\\\/#website\"},\"datePublished\":\"2017-11-23T18:44:25+00:00\",\"dateModified\":\"2025-08-04T08:49:54+00:00\",\"breadcrumb\":{\"@id\":\"https:\\\/\\\/lalinea.salesianos.edu\\\/colegio\\\/atencion-familias\\\/#breadcrumb\"},\"inLanguage\":\"es\",\"potentialAction\":[{\"@type\":\"ReadAction\",\"target\":[\"https:\\\/\\\/lalinea.salesianos.edu\\\/colegio\\\/atencion-familias\\\/\"]}]},{\"@type\":\"BreadcrumbList\",\"@id\":\"https:\\\/\\\/lalinea.salesianos.edu\\\/colegio\\\/atencion-familias\\\/#breadcrumb\",\"itemListElement\":[{\"@type\":\"ListItem\",\"position\":1,\"name\":\"Portada\",\"item\":\"https:\\\/\\\/lalinea.salesianos.edu\\\/colegio\\\/\"},{\"@type\":\"ListItem\",\"position\":2,\"name\":\"atenci\u00f3n familias\"}]},{\"@type\":\"WebSite\",\"@id\":\"https:\\\/\\\/lalinea.salesianos.edu\\\/colegio\\\/#website\",\"url\":\"https:\\\/\\\/lalinea.salesianos.edu\\\/colegio\\\/\",\"name\":\"Colegio\",\"description\":\"P\u00e1gina oficial Salesianos La L\u00ednea de la Concepci\u00f3n\",\"potentialAction\":[{\"@type\":\"SearchAction\",\"target\":{\"@type\":\"EntryPoint\",\"urlTemplate\":\"https:\\\/\\\/lalinea.salesianos.edu\\\/colegio\\\/?s={search_term_string}\"},\"query-input\":{\"@type\":\"PropertyValueSpecification\",\"valueRequired\":true,\"valueName\":\"search_term_string\"}}],\"inLanguage\":\"es\"}]}<\/script>\n<!-- \/ Yoast SEO plugin. -->","yoast_head_json":{"title":"atenci\u00f3n familias - Colegio","robots":{"index":"index","follow":"follow","max-snippet":"max-snippet:-1","max-image-preview":"max-image-preview:large","max-video-preview":"max-video-preview:-1"},"canonical":"https:\/\/lalinea.salesianos.edu\/colegio\/atencion-familias\/","og_locale":"es_ES","og_type":"article","og_title":"atenci\u00f3n familias - Colegio","og_description":"&nbsp; &nbsp; &nbsp; &nbsp; \u00a0Tutor\u00edas con padres Tutor Curso D\u00eda Hora D. Alberto Guti\u00e9rrez infantil 3 a\u00f1os lunes 18:00 a 19:00h Srta. Asunci\u00f3n Acevedo infantil 4 a\u00f1os lunes 18:00 a 19:00h Srta. Irene Mac\u00edas infantil 5 a\u00f1os lunes 18:00 a 19:00h &nbsp; &nbsp; &nbsp;\u00a0Tutor\u00edas con padres Tutor Curso D\u00eda Hora Srta. Paqui Vega 1\u00baA lunes [&hellip;]","og_url":"https:\/\/lalinea.salesianos.edu\/colegio\/atencion-familias\/","og_site_name":"Colegio","article_modified_time":"2025-08-04T08:49:54+00:00","twitter_card":"summary_large_image","twitter_misc":{"Tiempo de lectura":"4 minutos"},"schema":{"@context":"https:\/\/schema.org","@graph":[{"@type":"WebPage","@id":"https:\/\/lalinea.salesianos.edu\/colegio\/atencion-familias\/","url":"https:\/\/lalinea.salesianos.edu\/colegio\/atencion-familias\/","name":"atenci\u00f3n familias - Colegio","isPartOf":{"@id":"https:\/\/lalinea.salesianos.edu\/colegio\/#website"},"datePublished":"2017-11-23T18:44:25+00:00","dateModified":"2025-08-04T08:49:54+00:00","breadcrumb":{"@id":"https:\/\/lalinea.salesianos.edu\/colegio\/atencion-familias\/#breadcrumb"},"inLanguage":"es","potentialAction":[{"@type":"ReadAction","target":["https:\/\/lalinea.salesianos.edu\/colegio\/atencion-familias\/"]}]},{"@type":"BreadcrumbList","@id":"https:\/\/lalinea.salesianos.edu\/colegio\/atencion-familias\/#breadcrumb","itemListElement":[{"@type":"ListItem","position":1,"name":"Portada","item":"https:\/\/lalinea.salesianos.edu\/colegio\/"},{"@type":"ListItem","position":2,"name":"atenci\u00f3n familias"}]},{"@type":"WebSite","@id":"https:\/\/lalinea.salesianos.edu\/colegio\/#website","url":"https:\/\/lalinea.salesianos.edu\/colegio\/","name":"Colegio","description":"P\u00e1gina oficial Salesianos La L\u00ednea de la Concepci\u00f3n","potentialAction":[{"@type":"SearchAction","target":{"@type":"EntryPoint","urlTemplate":"https:\/\/lalinea.salesianos.edu\/colegio\/?s={search_term_string}"},"query-input":{"@type":"PropertyValueSpecification","valueRequired":true,"valueName":"search_term_string"}}],"inLanguage":"es"}]}},"_links":{"self":[{"href":"https:\/\/lalinea.salesianos.edu\/colegio\/wp-json\/wp\/v2\/pages\/4826","targetHints":{"allow":["GET"]}}],"collection":[{"href":"https:\/\/lalinea.salesianos.edu\/colegio\/wp-json\/wp\/v2\/pages"}],"about":[{"href":"https:\/\/lalinea.salesianos.edu\/colegio\/wp-json\/wp\/v2\/types\/page"}],"author":[{"embeddable":true,"href":"https:\/\/lalinea.salesianos.edu\/colegio\/wp-json\/wp\/v2\/users\/2"}],"replies":[{"embeddable":true,"href":"https:\/\/lalinea.salesianos.edu\/colegio\/wp-json\/wp\/v2\/comments?post=4826"}],"version-history":[{"count":22,"href":"https:\/\/lalinea.salesianos.edu\/colegio\/wp-json\/wp\/v2\/pages\/4826\/revisions"}],"predecessor-version":[{"id":14708,"href":"https:\/\/lalinea.salesianos.edu\/colegio\/wp-json\/wp\/v2\/pages\/4826\/revisions\/14708"}],"wp:attachment":[{"href":"https:\/\/lalinea.salesianos.edu\/colegio\/wp-json\/wp\/v2\/media?parent=4826"}],"curies":[{"name":"wp","href":"https:\/\/api.w.org\/{rel}","templated":true}]}}