{"id":5033,"date":"2017-11-25T12:34:32","date_gmt":"2017-11-25T11:34:32","guid":{"rendered":"https:\/\/lalinea.salesianos.edu\/colegio\/?page_id=5033"},"modified":"2025-08-04T10:50:08","modified_gmt":"2025-08-04T08:50:08","slug":"infantil","status":"publish","type":"page","link":"https:\/\/lalinea.salesianos.edu\/colegio\/infantil\/","title":{"rendered":"Infantil"},"content":{"rendered":"<p>[et_pb_section fb_built=\u00bb1&#8243; fullwidth=\u00bbon\u00bb _builder_version=\u00bb4.16&#8243; global_colors_info=\u00bb{}\u00bb][et_pb_fullwidth_header title=\u00bbInfantil\u00bb title_font_color=\u00bb#ffffff\u00bb module_class=\u00bbpagina-imagen-cabecera\u00bb _builder_version=\u00bb4.16&#8243; title_text_color=\u00bb#ffffff\u00bb title_font_size=\u00bb40px\u00bb background_color=\u00bbrgba(255, 255, 255, 0)\u00bb background_image=\u00bbhttps:\/\/lalinea.salesianos.edu\/colegio\/wp-content\/uploads\/sites\/2\/2017\/11\/infport.jpg\u00bb max_width_tablet=\u00bb50px\u00bb background_url=\u00bbhttps:\/\/alicante.salesianos.edu\/colegio\/wp-content\/uploads\/sites\/2\/2017\/03\/Captura-de-pantalla-2017-03-21-a-las-17.25.56.png\u00bb global_colors_info=\u00bb{}\u00bb button_one_text_size__hover_enabled=\u00bboff\u00bb button_one_text_size__hover=\u00bbnull\u00bb button_two_text_size__hover_enabled=\u00bboff\u00bb button_two_text_size__hover=\u00bbnull\u00bb button_one_text_color__hover_enabled=\u00bboff\u00bb button_one_text_color__hover=\u00bbnull\u00bb button_two_text_color__hover_enabled=\u00bboff\u00bb button_two_text_color__hover=\u00bbnull\u00bb button_one_border_width__hover_enabled=\u00bboff\u00bb button_one_border_width__hover=\u00bbnull\u00bb button_two_border_width__hover_enabled=\u00bboff\u00bb button_two_border_width__hover=\u00bbnull\u00bb button_one_border_color__hover_enabled=\u00bboff\u00bb button_one_border_color__hover=\u00bbnull\u00bb button_two_border_color__hover_enabled=\u00bboff\u00bb button_two_border_color__hover=\u00bbnull\u00bb button_one_border_radius__hover_enabled=\u00bboff\u00bb button_one_border_radius__hover=\u00bbnull\u00bb button_two_border_radius__hover_enabled=\u00bboff\u00bb button_two_border_radius__hover=\u00bbnull\u00bb button_one_letter_spacing__hover_enabled=\u00bboff\u00bb button_one_letter_spacing__hover=\u00bbnull\u00bb button_two_letter_spacing__hover_enabled=\u00bboff\u00bb button_two_letter_spacing__hover=\u00bbnull\u00bb button_one_bg_color__hover_enabled=\u00bboff\u00bb button_one_bg_color__hover=\u00bbnull\u00bb button_two_bg_color__hover_enabled=\u00bboff\u00bb button_two_bg_color__hover=\u00bbnull\u00bb][\/et_pb_fullwidth_header][\/et_pb_section][et_pb_section fb_built=\u00bb1&#8243; module_class=\u00bbpagina-seccion-contenido\u00bb _builder_version=\u00bb4.16&#8243; custom_padding=\u00bb0%|||\u00bb global_colors_info=\u00bb{}\u00bb][et_pb_row column_structure=\u00bb2_3,1_3&#8243; module_class=\u00bbpagina-texto\u00bb _builder_version=\u00bb4.16&#8243; background_size=\u00bbinitial\u00bb background_position=\u00bbtop_left\u00bb background_repeat=\u00bbrepeat\u00bb custom_margin=\u00bb25px|||\u00bb custom_padding=\u00bb25px||23px|\u00bb global_colors_info=\u00bb{}\u00bb][et_pb_column type=\u00bb2_3&#8243; _builder_version=\u00bb4.16&#8243; custom_padding=\u00bb|||\u00bb global_colors_info=\u00bb{}\u00bb custom_padding__hover=\u00bb|||\u00bb][et_pb_text _builder_version=\u00bb4.16&#8243; background_size=\u00bbinitial\u00bb background_position=\u00bbtop_left\u00bb background_repeat=\u00bbrepeat\u00bb global_colors_info=\u00bb{}\u00bb]<\/p>\n<h1>Educaci\u00f3n Infantil<\/h1>\n<p>[\/et_pb_text][et_pb_text _builder_version=\u00bb4.16&#8243; global_colors_info=\u00bb{}\u00bb]<\/p>\n<p>\n<b>Educaci\u00f3n Infantil<\/b><\/p>\n<p>La etapa de <strong>Educaci\u00f3n Infantil,<\/strong>en nuestro colegio, es una\u00a0<strong>etapa concertada<\/strong>\u00a0que consta de\u00a0<strong>3 aulas <\/strong>distribuidas en 3 cursos con\u00a0<strong>1 l\u00ednea de 3, 4 y 5 a\u00f1os<\/strong>.<\/p>\n<p>La educaci\u00f3n de los ni\u00f1os y ni\u00f1as en los primeros a\u00f1os escolares es\u00a0<strong>decisiva para su futuro emocional, afectivo, cognitivo y psicomotor<\/strong>, es por ello que esta etapa es una de las m\u00e1s importantes en la vida de una persona. En nuestro colegio les ayudamos a desarrollar todas sus potencialidades con un\u00a0<strong>enfoque globalizador<\/strong>, donde el alumnado es\u00a0<strong>protagonista de su aprendizaje<\/strong>, y siempre\u00a0<strong>respetando el ritmo madurativo de cada ni\u00f1o\/a<\/strong>. Para conseguir nuestros objetivos apostamos por\u00a0<strong>metodolog\u00edas activas<\/strong>:<\/p>\n<ul>\n<li>Aprendizaje cooperativo.<\/li>\n<li>Trabajo por proyectos.<\/li>\n<li>Rincones de actividad.<\/li>\n<li>ABN<\/li>\n<li>Educaci\u00f3n emocional.<\/li>\n<li>Aprendizaje servicios (ApS)<\/li>\n<\/ul>\n<p>Nuestro deseo es\u00a0<strong>educar a la persona en su globalidad<\/strong>\u00a0y no solo en el aspecto cognitivo, atendiendo en todo momento a la\u00a0<strong>diversidad<\/strong>\u00a0de nuestro alumnado.<\/p>\n<p>&nbsp;<\/p>\n<p>&nbsp;<\/p>\n<p>[\/et_pb_text][et_pb_testimonial author=\u00bbIrene Mac\u00edas\u00bb job_title=\u00bbCoordinadora de Infantil\u00bb portrait_url=\u00bbhttps:\/\/lalinea.salesianos.edu\/colegio\/wp-content\/uploads\/sites\/2\/2017\/11\/PRF_8106.jpg\u00bb _builder_version=\u00bb4.16&#8243; background_size=\u00bbinitial\u00bb background_position=\u00bbtop_left\u00bb background_repeat=\u00bbrepeat\u00bb custom_margin=\u00bb35px|||\u00bb hover_enabled=\u00bb0&#8243; z_index_tablet=\u00bb500&#8243; author_text_shadow_horizontal_length_tablet=\u00bb0px\u00bb author_text_shadow_vertical_length_tablet=\u00bb0px\u00bb author_text_shadow_blur_strength_tablet=\u00bb1px\u00bb position_text_shadow_horizontal_length_tablet=\u00bb0px\u00bb position_text_shadow_vertical_length_tablet=\u00bb0px\u00bb position_text_shadow_blur_strength_tablet=\u00bb1px\u00bb company_text_shadow_horizontal_length_tablet=\u00bb0px\u00bb company_text_shadow_vertical_length_tablet=\u00bb0px\u00bb company_text_shadow_blur_strength_tablet=\u00bb1px\u00bb body_link_text_shadow_horizontal_length_tablet=\u00bb0px\u00bb body_link_text_shadow_vertical_length_tablet=\u00bb0px\u00bb body_link_text_shadow_blur_strength_tablet=\u00bb1px\u00bb body_ul_text_shadow_horizontal_length_tablet=\u00bb0px\u00bb body_ul_text_shadow_vertical_length_tablet=\u00bb0px\u00bb body_ul_text_shadow_blur_strength_tablet=\u00bb1px\u00bb body_ol_text_shadow_horizontal_length_tablet=\u00bb0px\u00bb body_ol_text_shadow_vertical_length_tablet=\u00bb0px\u00bb body_ol_text_shadow_blur_strength_tablet=\u00bb1px\u00bb body_quote_text_shadow_horizontal_length_tablet=\u00bb0px\u00bb body_quote_text_shadow_vertical_length_tablet=\u00bb0px\u00bb body_quote_text_shadow_blur_strength_tablet=\u00bb1px\u00bb box_shadow_horizontal_tablet=\u00bb0px\u00bb box_shadow_vertical_tablet=\u00bb0px\u00bb box_shadow_blur_tablet=\u00bb40px\u00bb box_shadow_spread_tablet=\u00bb0px\u00bb box_shadow_horizontal_image_tablet=\u00bb0px\u00bb box_shadow_vertical_image_tablet=\u00bb0px\u00bb box_shadow_blur_image_tablet=\u00bb40px\u00bb box_shadow_spread_image_tablet=\u00bb0px\u00bb text_shadow_horizontal_length_tablet=\u00bb0px\u00bb text_shadow_vertical_length_tablet=\u00bb0px\u00bb text_shadow_blur_strength_tablet=\u00bb1px\u00bb global_colors_info=\u00bb{}\u00bb sticky_enabled=\u00bb0&#8243;]<\/p>\n<p>Hola familias,<\/p>\n<p>Soy\u00a0<strong>Irene<\/strong>, coordinadora de Infantil y tutora de E.I.<\/p>\n<p>Como educador,\u00a0<strong>Don Bosco<\/strong>\u00a0bas\u00f3 sus m\u00e9todos en el cari\u00f1o y la bondad, lo que m\u00e1s tarde se llam\u00f3 Sistema Preventivo Salesiano.\u00a0\u00c9l dec\u00eda que\u00a0<strong>\u201csin confianza ni amor, no puede haber una buena educaci\u00f3n\u201d<\/strong>.<\/p>\n<p>Nosotros intentamos ser fieles a sus palabras y, por ello, nuestro\u00a0<strong>objetivo<\/strong>\u00a0es que nuestros\u00a0<strong>alumnos<\/strong>\u00a0se sientan\u00a0<strong>felices<\/strong>, queridos y aceptados a lo largo de su trayectoria educativa en nuestra etapa.<\/p>\n<p>Nosotros confiamos en ellos, en sus potencialidades, y hacemos lo posible por desarrollarlas al m\u00e1ximo. Pero tambi\u00e9n es fundamental que vosotros confi\u00e9is en nuestro trabajo y\u00a0<strong>seamos un equipo<\/strong>\u00a0para contribuir juntos al desarrollo de vuestros hijos en todas sus \u00e1reas (socio-emocional, motora, cognitiva y del lenguaje).<\/p>\n<p>Gracias por formar parte de nuestra\u00a0<strong>FAMILIA<\/strong>.<\/p>\n<p>Para cualquier duda relacionada con la educaci\u00f3n de vuestros hijos\/as estoy a vuestra disposici\u00f3n. Pod\u00e9is poneros en contacto conmigo a trav\u00e9s de la plataforma\u00a0<a href=\"http:\/\/www.qualitasescuelafamilia.com\">Qualitas educativa<\/a> o por correo electr\u00f3nico a\u00a0irene.macias@salesianos.edu.<\/p>\n<p><span style=\"font-weight: 400;\">Un saludo.<\/span><\/p>\n<p>[\/et_pb_testimonial][\/et_pb_column][et_pb_column type=\u00bb1_3&#8243; _builder_version=\u00bb4.16&#8243; custom_padding=\u00bb|||\u00bb global_colors_info=\u00bb{}\u00bb custom_padding__hover=\u00bb|||\u00bb][et_pb_cta title=\u00bbCambio etapa\u00bb button_url=\u00bbhttps:\/\/lalinea.salesianos.edu\/colegio\/cambio-etapa-infantil\/\u00bb button_text=\u00bbGaler\u00eda de Fotos\u00bb _builder_version=\u00bb4.16&#8243; link_option_url=\u00bbhttps:\/\/lalinea.salesianos.edu\/colegio\/cambio-etapa-infantil\/\u00bb global_colors_info=\u00bb{}\u00bb][\/et_pb_cta][et_pb_code _builder_version=\u00bb4.19.4&#8243; hover_enabled=\u00bb0&#8243; global_module=\u00bb13304&#8243; saved_tabs=\u00bball\u00bb global_colors_info=\u00bb{}\u00bb sticky_enabled=\u00bb0&#8243;]<iframe loading=\"lazy\" src=\"https:\/\/drive.google.com\/file\/d\/1brRzJJibYO10rIF2fFexmgI6EXLr-05r\/preview\" width=\"640\" height=\"280\" allow=\"autoplay\"><\/iframe>[\/et_pb_code][et_pb_text _builder_version=\u00bb4.16&#8243; global_colors_info=\u00bb{}\u00bb]<\/p>\n<h3>\u00bfNo viniste a la reuni\u00f3n inicial?<\/h3>\n<p>Consulta la informaci\u00f3n desarrollada en la reuni\u00f3n<\/p>\n<p>[\/et_pb_text][et_pb_blurb title=\u00bbReuni\u00f3n inicial padres\u00bb url=\u00bbhttps:\/\/lalinea.salesianos.edu\/colegio\/reunion-infantil\u00bb use_icon=\u00bbon\u00bb font_icon=\u00bb&#xe08b;||divi||400&#8243; _builder_version=\u00bb4.19.4&#8243; text_orientation=\u00bbcenter\u00bb hover_enabled=\u00bb0&#8243; global_colors_info=\u00bb{}\u00bb sticky_enabled=\u00bb0&#8243;][\/et_pb_blurb][et_pb_image url=\u00bbhttps:\/\/lalinea.salesianos.edu\/colegio\/download\/guion-padres-infantil\/\u00bb show_bottom_space=\u00bboff\u00bb align_tablet=\u00bbcenter\u00bb align_phone=\u00bb\u00bb align_last_edited=\u00bbon|desktop\u00bb _builder_version=\u00bb4.19.4&#8243; hover_enabled=\u00bb0&#8243; always_center_on_mobile=\u00bbon\u00bb global_colors_info=\u00bb{}\u00bb sticky_enabled=\u00bb0&#8243;][\/et_pb_image][et_pb_blurb title=\u00bbAtenci\u00f3n a familias\u00bb url=\u00bbhttps:\/\/lalinea.salesianos.edu\/colegio\/atencion-familias\/\u00bb use_icon=\u00bbon\u00bb font_icon=\u00bb&#xe066;||divi||400&#8243; _builder_version=\u00bb4.19.4&#8243; text_orientation=\u00bbcenter\u00bb hover_enabled=\u00bb0&#8243; global_colors_info=\u00bb{}\u00bb sticky_enabled=\u00bb0&#8243;][\/et_pb_blurb][et_pb_gallery gallery_ids=\u00bb5332,5333,5334,5335,5336,5337,5338&#8243; gallery_orderby=\u00bbrand\u00bb fullwidth=\u00bbon\u00bb _builder_version=\u00bb4.16&#8243; animation_style=\u00bbfade\u00bb auto=\u00bbon\u00bb auto_speed=\u00bb5000&#8243; pagination_font_size_tablet=\u00bb51&#8243; pagination_line_height_tablet=\u00bb2&#8243; global_colors_info=\u00bb{}\u00bb][\/et_pb_gallery][\/et_pb_column][\/et_pb_row][et_pb_row column_structure=\u00bb1_3,1_3,1_3&#8243; disabled_on=\u00bbon|on|on\u00bb _builder_version=\u00bb4.16&#8243; background_size=\u00bbinitial\u00bb background_position=\u00bbtop_left\u00bb background_repeat=\u00bbrepeat\u00bb disabled=\u00bbon\u00bb global_colors_info=\u00bb{}\u00bb][et_pb_column type=\u00bb1_3&#8243; _builder_version=\u00bb4.16&#8243; custom_padding=\u00bb|||\u00bb global_colors_info=\u00bb{}\u00bb custom_padding__hover=\u00bb|||\u00bb][et_pb_blurb title=\u00bbEvaluaci\u00f3n por m\u00f3dulo y unidad en la etapa\u00bb image=\u00bbhttps:\/\/lalinea.salesianos.edu\/colegio\/wp-content\/uploads\/sites\/2\/2017\/11\/inf_eva.jpg\u00bb _builder_version=\u00bb4.16&#8243; text_orientation=\u00bbcenter\u00bb global_colors_info=\u00bb{}\u00bb][\/et_pb_blurb][\/et_pb_column][et_pb_column type=\u00bb1_3&#8243; _builder_version=\u00bb4.16&#8243; custom_padding=\u00bb|||\u00bb global_colors_info=\u00bb{}\u00bb custom_padding__hover=\u00bb|||\u00bb][et_pb_blurb title=\u00bbMateriales\u00bb url=\u00bbhttps:\/\/lalinea.salesianos.edu\/colegio\/download\/material-infantil-y-primaria\/\u00bb use_icon=\u00bbon\u00bb font_icon=\u00bb&#xe07a;||divi||400&#8243; _builder_version=\u00bb4.16&#8243; text_orientation=\u00bbcenter\u00bb global_colors_info=\u00bb{}\u00bb][\/et_pb_blurb][\/et_pb_column][et_pb_column type=\u00bb1_3&#8243; _builder_version=\u00bb4.16&#8243; custom_padding=\u00bb|||\u00bb global_colors_info=\u00bb{}\u00bb custom_padding__hover=\u00bb|||\u00bb][\/et_pb_column][\/et_pb_row][et_pb_row column_structure=\u00bb1_3,1_3,1_3&#8243; disabled_on=\u00bbon|on|on\u00bb _builder_version=\u00bb4.16&#8243; background_size=\u00bbinitial\u00bb background_position=\u00bbtop_left\u00bb background_repeat=\u00bbrepeat\u00bb disabled=\u00bbon\u00bb global_colors_info=\u00bb{}\u00bb][et_pb_column type=\u00bb1_3&#8243; _builder_version=\u00bb4.16&#8243; custom_padding=\u00bb|||\u00bb global_colors_info=\u00bb{}\u00bb custom_padding__hover=\u00bb|||\u00bb][et_pb_blurb title=\u00bbPlanes y proyectos educativos\u00bb url=\u00bbhttps:\/\/lalinea.salesianos.edu\/colegio\/planes-y-proyectos-primaria\/\u00bb use_icon=\u00bbon\u00bb font_icon=\u00bb&#xe606;||divi||400&#8243; _builder_version=\u00bb4.16&#8243; text_orientation=\u00bbcenter\u00bb global_colors_info=\u00bb{}\u00bb][\/et_pb_blurb][\/et_pb_column][et_pb_column type=\u00bb1_3&#8243; _builder_version=\u00bb4.16&#8243; custom_padding=\u00bb|||\u00bb global_colors_info=\u00bb{}\u00bb custom_padding__hover=\u00bb|||\u00bb][et_pb_blurb title=\u00bbHorarios de aula\u00bb url=\u00bbhttps:\/\/lalinea.salesianos.edu\/colegio\/horario\/\u00bb use_icon=\u00bbon\u00bb font_icon=\u00bb&#xe06b;||divi||400&#8243; _builder_version=\u00bb4.16&#8243; text_orientation=\u00bbcenter\u00bb global_colors_info=\u00bb{}\u00bb][\/et_pb_blurb][\/et_pb_column][et_pb_column type=\u00bb1_3&#8243; _builder_version=\u00bb4.16&#8243; custom_padding=\u00bb|||\u00bb global_colors_info=\u00bb{}\u00bb custom_padding__hover=\u00bb|||\u00bb][\/et_pb_column][\/et_pb_row][et_pb_row _builder_version=\u00bb4.16&#8243; background_size=\u00bbinitial\u00bb background_position=\u00bbtop_left\u00bb background_repeat=\u00bbrepeat\u00bb global_colors_info=\u00bb{}\u00bb][et_pb_column type=\u00bb4_4&#8243; _builder_version=\u00bb4.16&#8243; custom_padding=\u00bb|||\u00bb global_colors_info=\u00bb{}\u00bb custom_padding__hover=\u00bb|||\u00bb][et_pb_tabs _builder_version=\u00bb4.16&#8243; global_colors_info=\u00bb{}\u00bb][et_pb_tab title=\u00bbOrientaci\u00f3n\u00bb _builder_version=\u00bb4.16&#8243; global_colors_info=\u00bb{}\u00bb]&nbsp;<\/p>\n<p>En nuestro centro la Atenci\u00f3n a la Diversidad en la etapa de Infantil persigue dar respuesta a la diversidad de motivaciones, intereses y capacidades de los alumnos \/as, favoreciendo la integraci\u00f3n del alumnado con necesidades espec\u00edficas de apoyo educativo. Para ello promovemos y llevamos a la pr\u00e1ctica acciones e intervenciones educativas que faciliten el progreso curricular y personal de los alumnos \/as con necesidades espec\u00edficas de apoyo educativo.<\/p>\n<p>Para ello, contamos con un Departamento de Orientaci\u00f3n formado por una orientadora y un maestro de Pedagog\u00eda Terap\u00e9utica.<br \/>\n[\/et_pb_tab][et_pb_tab title=\u00bbBiling\u00fcismo\u00bb _builder_version=\u00bb4.16&#8243; global_colors_info=\u00bb{}\u00bb]En la etapa de <strong>Infantil, <\/strong>adem\u00e1s de la presencia en la asamblea diaria, dedicamos parte del horario para trabajar desde rutinas l\u00fadicas con conceptos del \u00e1rea de Entorno, as\u00ed como del \u00e1rea de ingl\u00e9s. Los alumnos participan desde su adaptaci\u00f3n en algunas de las actividades programadas de primaria.<br \/>\n[\/et_pb_tab][\/et_pb_tabs][\/et_pb_column][\/et_pb_row][et_pb_row admin_label=\u00bbPREGUNTAS FRECUNTES\u00bb _builder_version=\u00bb4.16&#8243; custom_margin=\u00bb0px|||\u00bb custom_padding=\u00bb0px|0px|23.96875px|0px\u00bb global_colors_info=\u00bb{}\u00bb][et_pb_column type=\u00bb4_4&#8243; _builder_version=\u00bb4.16&#8243; custom_padding=\u00bb|||\u00bb global_colors_info=\u00bb{}\u00bb custom_padding__hover=\u00bb|||\u00bb][et_pb_text _builder_version=\u00bb4.16&#8243; text_font=\u00bb||||\u00bb text_font_size=\u00bb21px\u00bb header_font=\u00bb||||\u00bb header_font_size=\u00bb44px\u00bb background_color=\u00bb#e02b20&#8243; background_layout=\u00bbdark\u00bb custom_margin=\u00bb25px|||\u00bb custom_padding=\u00bb20px||10px|\u00bb global_colors_info=\u00bb{}\u00bb]<\/p>\n<h2>\u00a0 \u00a0 PREGUNTAS FRECUENTES<\/h2>\n<p>[\/et_pb_text][et_pb_text _builder_version=\u00bb4.16&#8243; text_font=\u00bb||||\u00bb text_font_size=\u00bb21px\u00bb header_font=\u00bb||||\u00bb header_font_size=\u00bb44px\u00bb background_color=\u00bb#e02b20&#8243; background_layout=\u00bbdark\u00bb custom_margin=\u00bb25px|||\u00bb custom_padding=\u00bb20px||10px|\u00bb global_colors_info=\u00bb{}\u00bb]<\/p>\n<h3>FUNCIONAMIENTO Y ORGANIZACI\u00d3N<\/h3>\n<p>[\/et_pb_text][et_pb_accordion _builder_version=\u00bb4.16&#8243; toggle_text_color=\u00bb#dc001b\u00bb toggle_font_size=\u00bb17px\u00bb border_width_all=\u00bb0px\u00bb border_color_all=\u00bb#e5e5e5&#8243; use_border_color=\u00bbon\u00bb border_color=\u00bb#e5e5e5&#8243; border_width=\u00bb0px\u00bb global_colors_info=\u00bb{}\u00bb][et_pb_accordion_item title=\u00bb\u00bfQu\u00e9 horario tienen los alumnos de infantil?\u00bb open=\u00bbon\u00bb _builder_version=\u00bb4.16&#8243; global_colors_info=\u00bb{}\u00bb]&nbsp;<\/p>\n<p><strong>SEPTIEMBRE A JUNIO<\/strong>\u00a0| De 9 a 14 h.<\/p>\n<p>A la<strong>\u00a0entrada<\/strong>, las familias dejar\u00e1n a los alumnos en \u00a0el\u00a0<strong>acceso por<\/strong><strong>\u00a0avenida Men\u00e9ndez Pelayo<\/strong>(patio de infantil) y a las\u00a0<strong>14:00h<\/strong>\u00a0podr\u00e1n recogerlos en el <strong>acceso por calle Mar\u00eda Auxiliadora<\/strong>\u00a0(puerta verde).\u00a0No se puede acceder al patio\/aulas hasta que suene el timbre a las 14.00h.<\/p>\n<p>&nbsp;<br \/>\n[\/et_pb_accordion_item][et_pb_accordion_item title=\u00bb\u00bfQu\u00e9 pasa si mi hijo\/a llega tarde?\u00bb _builder_version=\u00bb4.16&#8243; global_colors_info=\u00bb{}\u00bb open=\u00bboff\u00bb]Si su hijo\/a llega m\u00e1s tarde de las 9:00h, podr\u00e1 acceder (el alumno) al aula por el hall de entrada por <strong>avenida Men\u00e9ndez Pelayo<\/strong>. Deber\u00e1\u00a0<strong>entregar al tutor justificante del retraso<\/strong>. Recordamos que <b>hay que ser<\/b><strong>\u00a0puntuales<\/strong>\u00a0para empezar los\u00a0<strong>Buenos D\u00edas a las 9.00h<\/strong>.<\/p>\n<p>&nbsp;<br \/>\n[\/et_pb_accordion_item][et_pb_accordion_item title=\u00bb\u00bfPuedo llevar a mi hijo\/a al m\u00e9dico en horario escolar?\u00bb _builder_version=\u00bb4.16&#8243; global_colors_info=\u00bb{}\u00bb open=\u00bboff\u00bb]&nbsp;<\/p>\n<p><strong>S\u00ed<\/strong>, se podr\u00e1 salir del centro para llevar a su hijo\/a al m\u00e9dico,\u00a0<strong>previo aviso al tutor\/a<\/strong>\u00a0mediante la agenda. Deber\u00e1 rellenar la autorizaci\u00f3n de salida en porter\u00eda para la salida del centro.<br \/>\n[\/et_pb_accordion_item][et_pb_accordion_item title=\u00bb\u00bfC\u00f3mo podemos justificar las ausencias y retrasos de nuestros hijos\/as?\u00bb _builder_version=\u00bb4.16&#8243; global_colors_info=\u00bb{}\u00bb open=\u00bboff\u00bb]Se justifican a trav\u00e9s de la\u00a0<a href=\"https:\/\/alicante.salesianos.edu\/colegio\/qualitas-educativa\/\">plataforma Qe<\/a>, aportando\u00a0<strong>documento o justificaci\u00f3n oficial si fuera necesario<\/strong>.<\/p>\n<p>&nbsp;<br \/>\n[\/et_pb_accordion_item][\/et_pb_accordion][et_pb_text _builder_version=\u00bb4.16&#8243; text_font=\u00bb||||\u00bb text_font_size=\u00bb21px\u00bb header_font=\u00bb||||\u00bb header_font_size=\u00bb44px\u00bb background_color=\u00bb#e02b20&#8243; background_layout=\u00bbdark\u00bb custom_margin=\u00bb25px|||\u00bb custom_padding=\u00bb20px||10px|\u00bb global_colors_info=\u00bb{}\u00bb]<\/p>\n<h3>NUEVAS FAMILIAS<\/h3>\n<p>[\/et_pb_text][et_pb_accordion _builder_version=\u00bb4.16&#8243; toggle_text_color=\u00bb#dc001b\u00bb toggle_font_size=\u00bb17px\u00bb border_width_all=\u00bb0px\u00bb border_color_all=\u00bb#e5e5e5&#8243; use_border_color=\u00bbon\u00bb border_color=\u00bb#e5e5e5&#8243; border_width=\u00bb0px\u00bb global_colors_info=\u00bb{}\u00bb][et_pb_accordion_item title=\u00bb\u00bfCu\u00e1ntos alumnos hay por clase en infantil?\u00bb open=\u00bbon\u00bb _builder_version=\u00bb4.16&#8243; global_colors_info=\u00bb{}\u00bb]&nbsp;<\/p>\n<p>La media es de <strong>25\u00a0alumnos por clase<\/strong>.<\/p>\n<p>&nbsp;<br \/>\n[\/et_pb_accordion_item][et_pb_accordion_item title=\u00bb\u00bfRealiza el colegio jornadas de puertas abiertas?\u00bb _builder_version=\u00bb4.16&#8243; global_colors_info=\u00bb{}\u00bb open=\u00bboff\u00bb]Desde hace algunos a\u00f1os, el colegio abre sus puertas a aquellas familias que est\u00e9n interesadas en conocer nuestro\u00a0<strong style=\"color: #666666; font-size: 14px;\">proyecto educativo<\/strong><span style=\"color: #666666; font-size: 14px;\">\u00a0e\u00a0<\/span><strong style=\"color: #666666; font-size: 14px;\">instalaciones<\/strong><span style=\"color: #666666; font-size: 14px;\">. Publicaremos toda la informaci\u00f3n al respecto en nuestra\u00a0<\/span><strong style=\"color: #666666; font-size: 14px;\">web<\/strong><span style=\"color: #666666; font-size: 14px;\">\u00a0y\u00a0<\/span><strong style=\"color: #666666; font-size: 14px;\">RRSS<\/strong><span style=\"color: #666666; font-size: 14px;\">\u00a0conforme se acerque la fecha, que suele ser\u00a0<\/span><strong style=\"color: #666666; font-size: 14px;\">en febrero<\/strong><\/p>\n<div class=\"et_pb_toggle_content clearfix\">\n<p>La informaci\u00f3n sobre las\u00a0<strong>admisiones<\/strong>\u00a0la publicaremos\u00a0<a href=\"https:\/\/lalinea.salesianos.edu\/colegio\/admisiones\/\">aqu\u00ed<\/a>.<\/p>\n<\/div>\n<p>&nbsp;<br \/>\n[\/et_pb_accordion_item][\/et_pb_accordion][et_pb_text _builder_version=\u00bb4.16&#8243; text_font=\u00bb||||\u00bb text_font_size=\u00bb21px\u00bb header_font=\u00bb||||\u00bb header_font_size=\u00bb44px\u00bb background_color=\u00bb#e02b20&#8243; background_layout=\u00bbdark\u00bb custom_margin=\u00bb25px|||\u00bb custom_padding=\u00bb20px||10px|\u00bb global_colors_info=\u00bb{}\u00bb]<\/p>\n<h3>COMUNICACI\u00d3N<\/h3>\n<p>[\/et_pb_text][et_pb_accordion _builder_version=\u00bb4.16&#8243; toggle_text_color=\u00bb#dc001b\u00bb toggle_font_size=\u00bb17px\u00bb border_width_all=\u00bb0px\u00bb border_color_all=\u00bb#e5e5e5&#8243; use_border_color=\u00bbon\u00bb border_color=\u00bb#e5e5e5&#8243; border_width=\u00bb0px\u00bb global_colors_info=\u00bb{}\u00bb][et_pb_accordion_item title=\u00bb\u00bfC\u00f3mo podemos tener una entrevista con los responsables de la etapa de infantil?\u00bb open=\u00bbon\u00bb _builder_version=\u00bb4.16&#8243; global_colors_info=\u00bb{}\u00bb]Las\u00a0<strong style=\"color: #666666; font-size: 14px;\">entrevistas<\/strong><span style=\"color: #666666; font-size: 14px;\">\u00a0se solicitan a trav\u00e9s de la\u00a0<\/span><a style=\"font-size: 14px;\" href=\"https:\/\/www.qualitasescuelafamilia.com\">plataforma Qe<\/a><span style=\"color: #666666; font-size: 14px;\">, mediante correo.<\/span><\/p>\n<div class=\"et_pb_toggle_content clearfix\">\n<p>Si quer\u00e9is hablar con\u00a0<a href=\"https:\/\/lalinea.salesianos.edu\/colegio\/equipo-directivo\/\"><strong>Direcci\u00f3n Pedag\u00f3gica<\/strong><\/a>\u00a0o\u00a0<a href=\"https:\/\/lalinea.salesianos.edu\/colegio\/equipo-directivo\/\"><strong>Jefatura de Estudios<\/strong><\/a>\u00a0de manera\u00a0<strong>urgente<\/strong>, llamad al colegio (<a href=\"callto:956177108\">956177108<\/a>), dejad\u00a0 vuestros datos y nos pondremos en contacto con vosotros a la mayor brevedad.<\/p>\n<\/div>\n<p>&nbsp;<br \/>\n[\/et_pb_accordion_item][et_pb_accordion_item title=\u00bb\u00bfC\u00f3mo podemos ponernos en contacto con la orientadora de Infantil?\u00bb _builder_version=\u00bb4.16&#8243; global_colors_info=\u00bb{}\u00bb open=\u00bboff\u00bb]Se pueden poner en contacto con la\u00a0<strong style=\"color: #666666; font-size: 14px;\">Orientadora de la etapa de Primaria<\/strong><span style=\"color: #666666; font-size: 14px;\">\u00a0mediante la\u00a0<\/span><a style=\"font-size: 14px;\" href=\"http:\/\/www.qualitasescuelafamilia.com\">plataforma Qe<\/a><span style=\"color: #666666; font-size: 14px;\">, enviando un correo.<\/span><\/p>\n<div class=\"et_pb_toggle_content clearfix\">\n<p>Si quer\u00e9is halar con la\u00a0<strong>Orientadora<\/strong>\u00a0de manera\u00a0<strong>urgente<\/strong>, llamad al colegio (<a href=\"callto:956177108\">956177108<\/a>), dejad vuestros datos y nos pondremos en contacto con vosotros a la mayor brevedad.<\/p>\n<\/div>\n<p>&nbsp;<br \/>\n[\/et_pb_accordion_item][et_pb_accordion_item title=\u00bb\u00bfA d\u00f3nde puedo acudir en caso de problemas o dudas sobre la plataforma Qe?\u00bb _builder_version=\u00bb4.16&#8243; global_colors_info=\u00bb{}\u00bb open=\u00bboff\u00bb]&nbsp;<\/p>\n<p>El horario de atenci\u00f3n a padres por incidencias en la plataforma Qe es los lunes de 13:30 a 14:30 previa cita en porter\u00eda.<br \/>\n[\/et_pb_accordion_item][\/et_pb_accordion][et_pb_text _builder_version=\u00bb4.16&#8243; text_font=\u00bb||||\u00bb text_font_size=\u00bb21px\u00bb header_font=\u00bb||||\u00bb header_font_size=\u00bb44px\u00bb background_color=\u00bb#e02b20&#8243; background_layout=\u00bbdark\u00bb custom_margin=\u00bb25px|||\u00bb custom_padding=\u00bb20px||10px|\u00bb global_colors_info=\u00bb{}\u00bb]<\/p>\n<h3>SERVICIOS<\/h3>\n<p>[\/et_pb_text][et_pb_accordion _builder_version=\u00bb4.16&#8243; toggle_text_color=\u00bb#dc001b\u00bb toggle_font_size=\u00bb17px\u00bb border_width_all=\u00bb0px\u00bb border_color_all=\u00bb#e5e5e5&#8243; use_border_color=\u00bbon\u00bb border_color=\u00bb#e5e5e5&#8243; border_width=\u00bb0px\u00bb global_colors_info=\u00bb{}\u00bb][et_pb_accordion_item title=\u00bb\u00bfPueden hacer actividades extraescolares en el colegio?\u00bb open=\u00bbon\u00bb _builder_version=\u00bb4.16&#8243; text_orientation=\u00bbleft\u00bb module_alignment=\u00bbleft\u00bb global_colors_info=\u00bb{}\u00bb]&nbsp;<\/p>\n<p class=\"et_pb_toggle_title\">En nuestro centro,<span style=\"color: #666666; font-size: 14px;\">\u00a0ofrecemos a los alumnos y alumnas una gran variedad de\u00a0<\/span><strong style=\"color: #666666; font-size: 14px;\">actividades art\u00edsticas, deportivas y de idiomas<\/strong><span style=\"color: #666666; font-size: 14px;\">.\u00a0Tambi\u00e9n contamos con un dos clubes de taekwondo y judo.\u00a0<\/span><span style=\"color: #666666; font-size: 14px;\">Para m\u00e1s informaci\u00f3n, pincha <a href=\"https:\/\/lalinea.salesianos.edu\/colegio\/actividades-extraescolares\/\">aqu\u00ed<\/a><\/span><\/p>\n<p>[\/et_pb_accordion_item][et_pb_accordion_item title=\u00bb\u00bfD\u00f3nde puedo consultar el men\u00fa del comedor?\u00bb _builder_version=\u00bb4.16&#8243; text_orientation=\u00bbleft\u00bb module_alignment=\u00bbleft\u00bb global_colors_info=\u00bb{}\u00bb open=\u00bboff\u00bb]<\/p>\n<div class=\"et_pb_toggle_content clearfix\">\n<p class=\"et_pb_toggle_title\">En el apartado\u00a0<a style=\"font-size: 14px;\" href=\"https:\/\/lalinea.salesianos.edu\/colegio\/comedor\/\"><strong>Comedor<\/strong><\/a><span style=\"color: #666666; font-size: 14px;\">\u00a0de nuestra web encontrar\u00e1s el\u00a0<\/span><a style=\"font-size: 14px;\" href=\"https:\/\/lalinea.salesianos.edu\/colegio\/menu\/\"><strong>men\u00fa del mes<\/strong><\/a><span style=\"color: #666666; font-size: 14px;\">\u00a0y m\u00e1s informaci\u00f3n que te podr\u00e1 ser de utilidad en referencia a este servicio.<\/span><\/p>\n<\/div>\n<p>[\/et_pb_accordion_item][et_pb_accordion_item title=\u00bb\u00bfCuenta el colegio con servicio de atenci\u00f3n matinal y al acabar las clases para las familias que lo necesiten?\u00bb _builder_version=\u00bb4.16&#8243; global_colors_info=\u00bb{}\u00bb open=\u00bboff\u00bb]<strong style=\"color: #666666; font-size: 14px;\">S\u00ed.<\/strong><span style=\"color: #666666; font-size: 14px;\">\u00a0Contamos con un\u00a0<\/span><strong style=\"color: #666666; font-size: 14px;\">servicio de aula matinal<\/strong><span style=\"color: #666666; font-size: 14px;\">\u00a0en\u00a0<\/span><a style=\"font-size: 14px;\" href=\"https:\/\/lalinea.salesianos.edu\/colegio\/matinal\/\"><strong>nuestra Casa<\/strong><\/a><span style=\"color: #666666; font-size: 14px;\">, en donde los ni\u00f1os\/as estar\u00e1n atendidos por una monitora\u00a0<\/span><strong style=\"color: #666666; font-size: 14px;\">de 7:30 a<\/strong><strong style=\"color: #666666; font-size: 14px;\">\u00a0<\/strong><strong style=\"color: #666666; font-size: 14px;\">9:00h.<\/strong><span style=\"color: #666666; font-size: 14px;\">\u00a0<\/span><\/p>\n<div class=\"et_pb_toggle_content clearfix\">\n<p>Los ni\u00f1os\/as que utilicen estos servicios\u00a0<strong>podr\u00e1n traer su desayuno<\/strong>\u00a0y tomarlo en el colegio, sin prisas y en un ambiente relajado.<\/p>\n<\/div>\n<p>&nbsp;<br \/>\n[\/et_pb_accordion_item][\/et_pb_accordion][\/et_pb_column][\/et_pb_row][\/et_pb_section]<\/p>\n","protected":false},"excerpt":{"rendered":"<p>Educaci\u00f3n Infantil Educaci\u00f3n Infantil La etapa de Educaci\u00f3n Infantil,en nuestro colegio, es una\u00a0etapa concertada\u00a0que consta de\u00a03 aulas distribuidas en 3 cursos con\u00a01 l\u00ednea de 3, 4 y 5 a\u00f1os. La educaci\u00f3n de los ni\u00f1os y ni\u00f1as en los primeros a\u00f1os escolares es\u00a0decisiva para su futuro emocional, afectivo, cognitivo y psicomotor, es por ello que esta [&hellip;]<\/p>\n","protected":false},"author":2,"featured_media":0,"parent":0,"menu_order":0,"comment_status":"closed","ping_status":"closed","template":"","meta":{"_et_pb_use_builder":"on","_et_pb_old_content":"<p>[et_pb_section bb_built=\"1\" fullwidth=\"on\" _builder_version=\"3.0.47\"][et_pb_fullwidth_header title=\"Infantil\" background_layout=\"dark\" title_font_color=\"#ffffff\" module_class=\"pagina-imagen-cabecera\" _builder_version=\"3.0.89\" title_font_size=\"40px\" background_image=\"https:\/\/inspectoria.salesianos.edu\/wp-content\/uploads\/2017\/09\/ImagenPAGINA.jpg\" background_url=\"https:\/\/alicante.salesianos.edu\/colegio\/wp-content\/uploads\/sites\/2\/2017\/03\/Captura-de-pantalla-2017-03-21-a-las-17.25.56.png\" text_orientation=\"left\" header_fullscreen=\"off\" header_scroll_down=\"off\" image_orientation=\"center\" content_orientation=\"center\" custom_button_one=\"off\" button_one_icon_placement=\"right\" custom_button_two=\"off\" button_two_icon_placement=\"right\" max_width_tablet=\"50px\" \/][\/et_pb_section][et_pb_section bb_built=\"1\" custom_padding=\"0%|||\" module_class=\"pagina-seccion-contenido\" _builder_version=\"3.0.47\"][et_pb_row custom_padding=\"25px||23px|\" custom_margin=\"25px|||\" parallax_method_1=\"off\" module_class=\"pagina-texto\" _builder_version=\"3.0.70\" background_size=\"initial\" background_position=\"top_left\" background_repeat=\"repeat\"][et_pb_column type=\"2_3\"][et_pb_text _builder_version=\"3.0.89\" background_size=\"initial\" background_position=\"top_left\" background_repeat=\"repeat\"]<\/p><h1>Educaci\u00f3n Infantil<\/h1><p>[\/et_pb_text][et_pb_text _builder_version=\"3.0.89\" background_layout=\"light\" border_style=\"solid\" \/][et_pb_testimonial author=\"Srta. Irene Mac\u00edas\" job_title=\"Coordinadora de Infantil\" portrait_url=\"https:\/\/lalinea.salesianos.edu\/colegio\/wp-content\/uploads\/sites\/2\/2017\/11\/PRF_8106.jpg\" background_layout=\"light\" _builder_version=\"3.0.89\" background_size=\"initial\" background_position=\"top_left\" background_repeat=\"repeat\" custom_margin=\"35px|||\" url_new_window=\"off\" quote_icon=\"on\" use_background_color=\"on\" quote_icon_background_color=\"#f5f5f5\" border_style=\"solid\" \/][\/et_pb_column][et_pb_column type=\"1_3\"][et_pb_text module_class=\"pagina-texto-light\" _builder_version=\"3.0.89\" text_font=\"Lato Light||||\" text_font_size=\"28px\" text_text_color=\"#e02b20\" custom_margin=\"||35px|\"]<\/p><p>Te ofrecemos...<\/p><p>[\/et_pb_text][et_pb_button button_url=\"https:\/\/...\/colegio\/proximamente\/\" button_text=\"Ludoteca\" _builder_version=\"3.0.75\" custom_button=\"on\" button_text_color=\"#ffffff\" button_bg_color=\"#e02b20\" button_border_width=\"0px\" button_border_radius=\"6px\" background_color=\"#dc001b\" url_new_window=\"off\" background_layout=\"light\" button_letter_spacing=\"0\" button_icon_placement=\"right\" button_letter_spacing_hover=\"0\" \/][et_pb_button button_url=\"http:\/\/qualitasescuelafamilia.com\" url_new_window=\"on\" button_text=\"Plataforma Qe\" _builder_version=\"3.0.75\" custom_button=\"on\" button_text_color=\"#ffffff\" button_bg_color=\"#e02b20\" button_border_width=\"0px\" button_border_radius=\"6px\" button_font=\"||||\" background_color=\"#dc001b\" \/][et_pb_button button_url=\"https:\/\/...\/colegio\/comedor\/\" button_text=\"Servicio de comedor\" _builder_version=\"3.0.75\" custom_button=\"on\" button_text_color=\"#ffffff\" button_bg_color=\"#e02b20\" button_border_width=\"0px\" button_border_radius=\"6px\" background_color=\"#dc001b\" url_new_window=\"off\" background_layout=\"light\" button_letter_spacing=\"0\" button_icon_placement=\"right\" button_letter_spacing_hover=\"0\" \/][et_pb_button button_url=\"https:\/\/...\/colegio\/seguro\/\" button_text=\"Seguro m\u00e9dico\" _builder_version=\"3.0.75\" custom_button=\"on\" button_text_color=\"#ffffff\" button_bg_color=\"#e02b20\" button_border_width=\"0px\" button_border_radius=\"6px\" background_color=\"#dc001b\" url_new_window=\"off\" background_layout=\"light\" button_letter_spacing=\"0\" button_icon_placement=\"right\" button_letter_spacing_hover=\"0\" \/][et_pb_button button_url=\"https:\/\/...\/colegio\/transporte\/\" button_text=\"Transporte escolar\" _builder_version=\"3.0.75\" custom_button=\"on\" button_text_color=\"#ffffff\" button_bg_color=\"#e02b20\" button_border_width=\"0px\" button_border_radius=\"6px\" background_color=\"#dc001b\" url_new_window=\"off\" background_layout=\"light\" button_letter_spacing=\"0\" button_icon_placement=\"right\" button_letter_spacing_hover=\"0\" \/][et_pb_button button_url=\"https:\/\/...\/colegio\/salud\/\" button_text=\"Departamento de Salud\" _builder_version=\"3.0.75\" custom_button=\"on\" button_text_color=\"#ffffff\" button_bg_color=\"#e02b20\" button_border_width=\"0px\" button_border_radius=\"6px\" background_color=\"#dc001b\" url_new_window=\"off\" background_layout=\"light\" button_letter_spacing=\"0\" button_icon_placement=\"right\" button_letter_spacing_hover=\"0\" \/][et_pb_button button_url=\"http:\/\/www....com\/\" url_new_window=\"on\" button_text=\"Actividades extraescolares\" _builder_version=\"3.0.75\" custom_button=\"on\" button_text_color=\"#ffffff\" button_bg_color=\"#e02b20\" button_border_width=\"0px\" button_border_radius=\"6px\" background_color=\"#dc001b\" background_layout=\"light\" button_letter_spacing=\"0\" button_icon_placement=\"right\" button_letter_spacing_hover=\"0\" \/][et_pb_button button_url=\"https:\/\/...\/colegio\/club-deportivo\/\" button_text=\"Actividades deportivas\" _builder_version=\"3.0.75\" custom_button=\"on\" button_text_color=\"#ffffff\" button_bg_color=\"#e02b20\" button_border_width=\"0px\" button_border_radius=\"6px\" background_color=\"#dc001b\" url_new_window=\"off\" background_layout=\"light\" button_letter_spacing=\"0\" button_icon_placement=\"right\" button_letter_spacing_hover=\"0\" \/][et_pb_button button_url=\"https:\/\/...\/colegio\/biblioteca\/\" button_text=\"Biblioteca\" _builder_version=\"3.0.75\" custom_button=\"on\" button_text_color=\"#ffffff\" button_bg_color=\"#e02b20\" button_border_width=\"0px\" button_border_radius=\"6px\" background_color=\"#dc001b\" url_new_window=\"off\" background_layout=\"light\" button_letter_spacing=\"0\" button_icon_placement=\"right\" button_letter_spacing_hover=\"0\" \/][et_pb_blurb title=\"Normativa\" url=\"https:\/\/...\/colegio\/download\/infantil-normativa\/?wpdmdl=4212\" url_new_window=\"on\" use_icon=\"on\" font_icon=\"%%72%%\" icon_placement=\"left\" use_icon_font_size=\"on\" icon_font_size=\"46px\" _builder_version=\"3.0.75\" header_font_size=\"24px\" custom_margin=\"20px|||\" custom_padding=\"20px|||\" use_circle=\"off\" use_circle_border=\"off\" background_layout=\"light\" border_style=\"solid\" max_width_tablet=\"50px\"]<\/p><p>Descarga la normativa de Infantil.<\/p><p>[\/et_pb_blurb][et_pb_text module_class=\"pagina-texto-light\" _builder_version=\"3.0.75\" text_font=\"Lato Light||||\" text_font_size=\"28px\" text_text_color=\"#e02b20\" custom_margin=\"40px||20px|\"]<\/p><p>Echa un vistazo...<\/p><p>[\/et_pb_text][et_pb_video_slider show_image_overlay=\"on\" show_thumbnails=\"off\" controls_color=\"light\" _builder_version=\"3.0.75\"]<\/p><p>[et_pb_video_slider_item src=\"https:\/\/www.youtube.com\/watch?v=zFmhGoEGVVs\" image_src=\"\/\/i.ytimg.com\/vi\/zFmhGoEGVVs\/hqdefault.jpg\" _builder_version=\"3.0.47\" show_image_overlay=\"show\"] [\/et_pb_video_slider_item][et_pb_video_slider_item src=\"https:\/\/www.youtube.com\/watch?v=M9K5YLPlX9c\" image_src=\"\/\/i.ytimg.com\/vi\/M9K5YLPlX9c\/hqdefault.jpg\" _builder_version=\"3.0.47\" show_image_overlay=\"show\"][\/et_pb_video_slider_item]<\/p><p>[\/et_pb_video_slider][\/et_pb_column][\/et_pb_row][et_pb_row admin_label=\"PREGUNTAS FRECUNTES\" custom_padding=\"0px|0px|23.96875px|0px\" custom_margin=\"0px|||\" _builder_version=\"3.0.64\"][et_pb_column type=\"4_4\"][et_pb_text background_layout=\"dark\" _builder_version=\"3.0.64\" text_font=\"||||\" text_font_size=\"21px\" text_line_height=\"1em\" header_font=\"||||\" header_font_size=\"44px\" background_color=\"#e02b20\" custom_margin=\"25px|||\" custom_padding=\"20px||10px|\"]<\/p><h2>\u00a0 \u00a0 PREGUNTAS FRECUENTES<\/h2><p>[\/et_pb_text][et_pb_accordion _builder_version=\"3.0.75\" toggle_font_size=\"17px\" toggle_text_color=\"#dc001b\" use_border_color=\"on\" border_color=\"#e5e5e5\" border_width=\"0px\" border_style=\"solid\"]<\/p><p>[et_pb_accordion_item title=\"\u00bfCu\u00e1l es el horario de entradas y salidas?\" open=\"on\" _builder_version=\"3.0.75\" animation_style=\"none\" use_background_color_gradient=\"off\" background_color_gradient_start=\"#2b87da\" background_color_gradient_end=\"#29c4a9\" background_color_gradient_type=\"linear\" background_color_gradient_direction=\"180deg\" background_color_gradient_direction_radial=\"center\" background_color_gradient_start_position=\"0%\" background_color_gradient_end_position=\"100%\" parallax=\"off\" parallax_method=\"on\" background_size=\"cover\" background_position=\"center\" background_repeat=\"no-repeat\" background_blend=\"normal\" allow_player_pause=\"off\" text_orientation=\"left\" module_alignment=\"left\"]<\/p><p>Lorem ipsum dolor sit amet, consectetur adipiscing elit. Integer ornare dui ac ullamcorper dignissim. Nulla non urna tempor, rutrum odio eget, ullamcorper massa. Vestibulum accumsan a erat euismod elementum. Praesent hendrerit sit amet metus et dapibus. Vestibulum at arcu blandit, ultricies turpis non, vulputate nisi. Cras ut lorem et turpis hendrerit gravida. Donec scelerisque id ex vitae euismod. Phasellus quis sagittis velit, vel ullamcorper justo.<\/p><p>[\/et_pb_accordion_item][et_pb_accordion_item title=\"\u00bfQu\u00e9 pasa si llego tarde?\" _builder_version=\"3.0.75\" open=\"off\" use_background_color_gradient=\"off\" background_color_gradient_start=\"#2b87da\" background_color_gradient_end=\"#29c4a9\" background_color_gradient_type=\"linear\" background_color_gradient_direction=\"180deg\" background_color_gradient_direction_radial=\"center\" background_color_gradient_start_position=\"0%\" background_color_gradient_end_position=\"100%\" parallax=\"off\" parallax_method=\"on\" background_size=\"cover\" background_position=\"center\" background_repeat=\"no-repeat\" background_blend=\"normal\" allow_player_pause=\"off\" text_orientation=\"left\" module_alignment=\"left\"]<\/p><p>Lorem ipsum dolor sit amet, consectetur adipiscing elit. Integer ornare dui ac ullamcorper dignissim. Nulla non urna tempor, rutrum odio eget, ullamcorper massa. Vestibulum accumsan a erat euismod elementum. Praesent hendrerit sit amet metus et dapibus. Vestibulum at arcu blandit, ultricies turpis non, vulputate nisi. Cras ut lorem et turpis hendrerit gravida. Donec scelerisque id ex vitae euismod. Phasellus quis sagittis velit, vel ullamcorper justo.<\/p><p>[\/et_pb_accordion_item]<\/p><p>[\/et_pb_accordion][\/et_pb_column][\/et_pb_row][\/et_pb_section]<\/p>","_et_gb_content_width":"","footnotes":""},"class_list":["post-5033","page","type-page","status-publish","hentry"],"yoast_head":"<!-- This site is optimized with the Yoast SEO plugin v28.4 - https:\/\/yoast.com\/product\/yoast-seo-wordpress\/ -->\n<title>Infantil - Colegio<\/title>\n<meta name=\"robots\" content=\"index, follow, max-snippet:-1, max-image-preview:large, max-video-preview:-1\" \/>\n<link rel=\"canonical\" href=\"https:\/\/lalinea.salesianos.edu\/colegio\/infantil\/\" \/>\n<meta property=\"og:locale\" content=\"es_ES\" \/>\n<meta property=\"og:type\" content=\"article\" \/>\n<meta property=\"og:title\" content=\"Infantil - Colegio\" \/>\n<meta property=\"og:description\" content=\"Educaci\u00f3n Infantil Educaci\u00f3n Infantil La etapa de Educaci\u00f3n Infantil,en nuestro colegio, es una\u00a0etapa concertada\u00a0que consta de\u00a03 aulas distribuidas en 3 cursos con\u00a01 l\u00ednea de 3, 4 y 5 a\u00f1os. La educaci\u00f3n de los ni\u00f1os y ni\u00f1as en los primeros a\u00f1os escolares es\u00a0decisiva para su futuro emocional, afectivo, cognitivo y psicomotor, es por ello que esta [&hellip;]\" \/>\n<meta property=\"og:url\" content=\"https:\/\/lalinea.salesianos.edu\/colegio\/infantil\/\" \/>\n<meta property=\"og:site_name\" content=\"Colegio\" \/>\n<meta property=\"article:modified_time\" content=\"2025-08-04T08:50:08+00:00\" \/>\n<meta name=\"twitter:card\" content=\"summary_large_image\" \/>\n<meta name=\"twitter:label1\" content=\"Tiempo de lectura\" \/>\n\t<meta name=\"twitter:data1\" content=\"15 minutos\" \/>\n<script type=\"application\/ld+json\" class=\"yoast-schema-graph\">{\"@context\":\"https:\\\/\\\/schema.org\",\"@graph\":[{\"@type\":\"WebPage\",\"@id\":\"https:\\\/\\\/lalinea.salesianos.edu\\\/colegio\\\/infantil\\\/\",\"url\":\"https:\\\/\\\/lalinea.salesianos.edu\\\/colegio\\\/infantil\\\/\",\"name\":\"Infantil - Colegio\",\"isPartOf\":{\"@id\":\"https:\\\/\\\/lalinea.salesianos.edu\\\/colegio\\\/#website\"},\"datePublished\":\"2017-11-25T11:34:32+00:00\",\"dateModified\":\"2025-08-04T08:50:08+00:00\",\"breadcrumb\":{\"@id\":\"https:\\\/\\\/lalinea.salesianos.edu\\\/colegio\\\/infantil\\\/#breadcrumb\"},\"inLanguage\":\"es\",\"potentialAction\":[{\"@type\":\"ReadAction\",\"target\":[\"https:\\\/\\\/lalinea.salesianos.edu\\\/colegio\\\/infantil\\\/\"]}]},{\"@type\":\"BreadcrumbList\",\"@id\":\"https:\\\/\\\/lalinea.salesianos.edu\\\/colegio\\\/infantil\\\/#breadcrumb\",\"itemListElement\":[{\"@type\":\"ListItem\",\"position\":1,\"name\":\"Portada\",\"item\":\"https:\\\/\\\/lalinea.salesianos.edu\\\/colegio\\\/\"},{\"@type\":\"ListItem\",\"position\":2,\"name\":\"Infantil\"}]},{\"@type\":\"WebSite\",\"@id\":\"https:\\\/\\\/lalinea.salesianos.edu\\\/colegio\\\/#website\",\"url\":\"https:\\\/\\\/lalinea.salesianos.edu\\\/colegio\\\/\",\"name\":\"Colegio\",\"description\":\"P\u00e1gina oficial Salesianos La L\u00ednea de la Concepci\u00f3n\",\"potentialAction\":[{\"@type\":\"SearchAction\",\"target\":{\"@type\":\"EntryPoint\",\"urlTemplate\":\"https:\\\/\\\/lalinea.salesianos.edu\\\/colegio\\\/?s={search_term_string}\"},\"query-input\":{\"@type\":\"PropertyValueSpecification\",\"valueRequired\":true,\"valueName\":\"search_term_string\"}}],\"inLanguage\":\"es\"}]}<\/script>\n<!-- \/ Yoast SEO plugin. -->","yoast_head_json":{"title":"Infantil - Colegio","robots":{"index":"index","follow":"follow","max-snippet":"max-snippet:-1","max-image-preview":"max-image-preview:large","max-video-preview":"max-video-preview:-1"},"canonical":"https:\/\/lalinea.salesianos.edu\/colegio\/infantil\/","og_locale":"es_ES","og_type":"article","og_title":"Infantil - Colegio","og_description":"Educaci\u00f3n Infantil Educaci\u00f3n Infantil La etapa de Educaci\u00f3n Infantil,en nuestro colegio, es una\u00a0etapa concertada\u00a0que consta de\u00a03 aulas distribuidas en 3 cursos con\u00a01 l\u00ednea de 3, 4 y 5 a\u00f1os. La educaci\u00f3n de los ni\u00f1os y ni\u00f1as en los primeros a\u00f1os escolares es\u00a0decisiva para su futuro emocional, afectivo, cognitivo y psicomotor, es por ello que esta [&hellip;]","og_url":"https:\/\/lalinea.salesianos.edu\/colegio\/infantil\/","og_site_name":"Colegio","article_modified_time":"2025-08-04T08:50:08+00:00","twitter_card":"summary_large_image","twitter_misc":{"Tiempo de lectura":"15 minutos"},"schema":{"@context":"https:\/\/schema.org","@graph":[{"@type":"WebPage","@id":"https:\/\/lalinea.salesianos.edu\/colegio\/infantil\/","url":"https:\/\/lalinea.salesianos.edu\/colegio\/infantil\/","name":"Infantil - Colegio","isPartOf":{"@id":"https:\/\/lalinea.salesianos.edu\/colegio\/#website"},"datePublished":"2017-11-25T11:34:32+00:00","dateModified":"2025-08-04T08:50:08+00:00","breadcrumb":{"@id":"https:\/\/lalinea.salesianos.edu\/colegio\/infantil\/#breadcrumb"},"inLanguage":"es","potentialAction":[{"@type":"ReadAction","target":["https:\/\/lalinea.salesianos.edu\/colegio\/infantil\/"]}]},{"@type":"BreadcrumbList","@id":"https:\/\/lalinea.salesianos.edu\/colegio\/infantil\/#breadcrumb","itemListElement":[{"@type":"ListItem","position":1,"name":"Portada","item":"https:\/\/lalinea.salesianos.edu\/colegio\/"},{"@type":"ListItem","position":2,"name":"Infantil"}]},{"@type":"WebSite","@id":"https:\/\/lalinea.salesianos.edu\/colegio\/#website","url":"https:\/\/lalinea.salesianos.edu\/colegio\/","name":"Colegio","description":"P\u00e1gina oficial Salesianos La L\u00ednea de la Concepci\u00f3n","potentialAction":[{"@type":"SearchAction","target":{"@type":"EntryPoint","urlTemplate":"https:\/\/lalinea.salesianos.edu\/colegio\/?s={search_term_string}"},"query-input":{"@type":"PropertyValueSpecification","valueRequired":true,"valueName":"search_term_string"}}],"inLanguage":"es"}]}},"_links":{"self":[{"href":"https:\/\/lalinea.salesianos.edu\/colegio\/wp-json\/wp\/v2\/pages\/5033","targetHints":{"allow":["GET"]}}],"collection":[{"href":"https:\/\/lalinea.salesianos.edu\/colegio\/wp-json\/wp\/v2\/pages"}],"about":[{"href":"https:\/\/lalinea.salesianos.edu\/colegio\/wp-json\/wp\/v2\/types\/page"}],"author":[{"embeddable":true,"href":"https:\/\/lalinea.salesianos.edu\/colegio\/wp-json\/wp\/v2\/users\/2"}],"replies":[{"embeddable":true,"href":"https:\/\/lalinea.salesianos.edu\/colegio\/wp-json\/wp\/v2\/comments?post=5033"}],"version-history":[{"count":32,"href":"https:\/\/lalinea.salesianos.edu\/colegio\/wp-json\/wp\/v2\/pages\/5033\/revisions"}],"predecessor-version":[{"id":14709,"href":"https:\/\/lalinea.salesianos.edu\/colegio\/wp-json\/wp\/v2\/pages\/5033\/revisions\/14709"}],"wp:attachment":[{"href":"https:\/\/lalinea.salesianos.edu\/colegio\/wp-json\/wp\/v2\/media?parent=5033"}],"curies":[{"name":"wp","href":"https:\/\/api.w.org\/{rel}","templated":true}]}}