{"id":5058,"date":"2017-11-25T13:27:24","date_gmt":"2017-11-25T12:27:24","guid":{"rendered":"https:\/\/lalinea.salesianos.edu\/colegio\/?page_id=5058"},"modified":"2025-08-04T10:50:14","modified_gmt":"2025-08-04T08:50:14","slug":"reunion-infantil","status":"publish","type":"page","link":"https:\/\/lalinea.salesianos.edu\/colegio\/reunion-infantil\/","title":{"rendered":"reuni\u00f3n infantil"},"content":{"rendered":"<p>[et_pb_section bb_built=\u00bb1&#8243; fullwidth=\u00bbon\u00bb _builder_version=\u00bb3.0.47&#8243;][et_pb_fullwidth_header title=\u00bbReuni\u00f3n inicial con los padres de infantil\u00bb background_layout=\u00bbdark\u00bb title_font_color=\u00bb#ffffff\u00bb module_class=\u00bbpagina-imagen-cabecera\u00bb _builder_version=\u00bb3.0.89&#8243; title_font_size=\u00bb40px\u00bb background_image=\u00bbhttps:\/\/inspectoria.salesianos.edu\/wp-content\/uploads\/2017\/09\/ImagenPAGINA.jpg\u00bb background_url=\u00bbhttps:\/\/alicante.salesianos.edu\/colegio\/wp-content\/uploads\/sites\/2\/2017\/03\/Captura-de-pantalla-2017-03-21-a-las-17.25.56.png\u00bb text_orientation=\u00bbleft\u00bb header_fullscreen=\u00bboff\u00bb header_scroll_down=\u00bboff\u00bb image_orientation=\u00bbcenter\u00bb content_orientation=\u00bbcenter\u00bb custom_button_one=\u00bboff\u00bb button_one_icon_placement=\u00bbright\u00bb custom_button_two=\u00bboff\u00bb button_two_icon_placement=\u00bbright\u00bb max_width_tablet=\u00bb50px\u00bb title_text_color=\u00bb#ffffff\u00bb \/][\/et_pb_section][et_pb_section bb_built=\u00bb1&#8243; custom_padding=\u00bb0%|||\u00bb module_class=\u00bbpagina-seccion-contenido\u00bb _builder_version=\u00bb3.0.47&#8243;][et_pb_row admin_label=\u00bbPREGUNTAS FRECUNTES\u00bb custom_padding=\u00bb0px|0px|23.96875px|0px\u00bb custom_margin=\u00bb0px|||\u00bb _builder_version=\u00bb3.0.64&#8243;][et_pb_column type=\u00bb4_4&#8243;][et_pb_text _builder_version=\u00bb3.0.89&#8243; background_layout=\u00bblight\u00bb]<\/p>\n<p><strong>01.- TUTOR\u00cdA CON LOS PADRES DURANTE EL CURSO.<\/strong><\/p>\n<p>Los d\u00edas de tutor\u00eda son los lunes 18.00 A 19.00 horas. Todas las familias pasar\u00e1n por las tutor\u00edas.<\/p>\n<p><strong>02.- QUALITAS EDUCATIVA FAMILIA.<\/strong><\/p>\n<p>Para todas las familias del centro est\u00e1 disponible el acceso a la plataforma Qualitas Familia. Se puede descargar la aplicaci\u00f3n para el m\u00f3vil o para tablet, o trabajar desde la web <a href=\"http:\/\/www.qualitasescuelafamilia.com\/\">http:\/\/www.qualitasescuelafamilia.com\/<\/a><\/p>\n<p>Pedir las claves personales del alumno al tutor\/a.<\/p>\n<p>Clave de activaci\u00f3n para el centro \u00e0 <u>LaLinea165<\/u><\/p>\n<p>\u00bfPara qu\u00e9 usarla?<\/p>\n<ul>\n<li>Justificaci\u00f3n de faltas de asistencia. (No hay necesidad de llevar el documento al maestro).<\/li>\n<li>Comunicaci\u00f3n directa con el profesor: pedir tutor\u00edas, comunicar algo importante del alumno\u2026<\/li>\n<li>Informaci\u00f3n sobre las calificaciones, incidencias de clase, evaluaciones\u2026<\/li>\n<\/ul>\n<p><strong>03.- INFORMACI\u00d3N SOBRE LA MARCHA DEL AULA.<\/strong><\/p>\n<p>Se habla sobre c\u00f3mo se ha encontrado a los alumnos en la Ev. Inicial, y tambi\u00e9n sobre excursiones, oferta municipal; cambios en las mesas cuando sea necesario.<\/p>\n<p><strong>04.- MEJORAS QUE EL COLEGIO Y EL AMPA REALIZAN.<\/strong><\/p>\n<p>Se notifica de las mejoras que se producen en el centro. Se invita y anima a la participaci\u00f3n de aquellos padres que no pertenecen al AMPA.<\/p>\n<p><strong>06.- <\/strong><strong>NORMAS GENERALES DE CONVIVENCIA<\/strong><\/p>\n<p>&#8211; Importancia de la puntualidad a la llegada al colegio. Las puertas abren a las 8.45 y CIERRAN a las 9.00. Las faltas de asistencia deben ser justificadas .Puntualidad en la entrada y la salida. Los retrasos se anotar\u00e1n en QE. <strong>La acumulaci\u00f3n de retrasos NO JUSTIFICADOS, ocasionar\u00e1 tutor\u00eda primero con el tutor y posteriormente con el Jefe de Estudios.<\/strong><\/p>\n<p><strong>-La entrada<\/strong> se realizar\u00e1, formando fila en el patio de infantil a partir de final de Octubre; principio de noviembre como muy tarde.<\/p>\n<p>Los padres, NO DEBEN PERMANECER EN LA FILA con los alumnos\/as,<\/p>\n<p>Los padres, SER\u00c1N LOS RESPONSABLES, DEL CORRECTO COMPORTAMIENTO de los alumnos\/as antes de formar fila, no dejando que estos corran, jueguen por el patio libremente. Esto se pide para evitar lesiones y tambi\u00e9n para lograr una entrada a clase relajada.<\/p>\n<p>&#8211; <strong>La Salida<\/strong>, mientras <strong>no llueva, la salida se realizar\u00e1 por el port\u00f3n negro ( Av. M\u00aa Auxiliadora )<\/strong>. Los alumnos\/as formar\u00e1n fila en el lugar que est\u00e1 destinado para ello, a la derecha del port\u00f3n. El port\u00f3n se abrir\u00e1 a las 14:00 horas, siempre que las filas est\u00e9n correctamente situadas.<\/p>\n<p>Los Familiares NO DEBER\u00c1N LLAMAR A LOS ALUMNOS\/AS, esperar\u00e1n a que los tutores, les entreguen a los mismos.<\/p>\n<p><strong>-Para las SALIDAS CON LLUVIA<\/strong>. El criterio a seguir, ser\u00e1 el siguiente,. Si a las 13:50 aprox. No est\u00e1 lloviendo ( CAER AGUA ) la salida se realiza por el port\u00f3n negro.<\/p>\n<p>Si en caso contrario est\u00e1 lloviendo, leve o fuerte. (CAE AGUA ), LA SALIDA DEL CICLO COMPLETO SE REALIZAR\u00c1 POR EL PASILLO INTERIOR QUE COMUNICA LAS CLASES.<\/p>\n<p>-Si la recogida del alumno no es por la persona habitual, avisad por la ma\u00f1ana.<\/p>\n<p>-Si por alg\u00fan motivo el alumno tiene que salir antes de clase el familiar debe entregar\u00a0 el justificante para ausentarse del aula en porter\u00eda.<\/p>\n<p>-Justificar las faltas, con los justificantes del centro; (no m\u00e9dico, en caso necesario se deber\u00e1 adjuntar). IMPORTANTE: <strong>QUALITAS FAMILIA<\/strong> (SE RECUERDA EL USO QUE SE PUEDE HACER DE LA PLATAFORMA (ver calificaciones, justificar faltas, ver los retrasos, incidencias,<strong> informaciones relativas a la realizaci\u00f3n de actividades en el aula, creaci\u00f3n de eventos)<\/strong><\/p>\n<p>&#8211; <u>Debemos insistir en la uniformidad<\/u> e higiene de los alumnos. (pediculosis) Utilizaci\u00f3n del uniforme todos los d\u00edas, limpio.<\/p>\n<p>-No traer boller\u00eda ni botes de cristal y ce\u00f1irse al calendario de desayunos.<\/p>\n<p>-Traer botella peque\u00f1a de agua, con el nombre todos los d\u00edas. A ser posible con boquilla de tetina.<\/p>\n<ul>\n<li><strong>Higiene y autonom\u00eda.<\/strong><\/li>\n<\/ul>\n<p>-Los alumnos\/as deber\u00e1n traer una vez por trimestre, un paquete de <u>toallitas<\/u> h\u00famedas y una caja de Tissues.<\/p>\n<p>-Los <strong><u>TLF<\/u><\/strong>. Aportados por los familiares a los tutores, deben estar <strong><u>actualizados<\/u><\/strong> y en funcionamiento, para que el tutor pueda localizar a los familiares asignados en estos n\u00fameros sin ning\u00fan tipo de complicaci\u00f3n.<\/p>\n<p>-Los alumnos\/as tanto por prescripci\u00f3n m\u00e9dica, o por enfermedad de contagio (Rubeola, varicela, INFECIONES EN LOS OJOS\u2026\u2026.) no deber\u00e1n asistir a clase, para evitar el contagio en el ciclo.<\/p>\n<p>&#8211; Las alumnas, deber\u00e1n ir siempre con el pelo recogido, con cola o lazos. Intentaremos evitar, horquillas peque\u00f1as, pasadores, u otros objetos que se puedan ingerir.<\/p>\n<p>-No traer collares, pulseras, pendientes grandes, u\u00f1as postizas\u2026..<\/p>\n<p>&#8211; Los juguetes que traigan tienen que caber en la talega y no ser peligrosos, se pueden perder o romper.<\/p>\n<p>-Zapatillas, c\u00f3modas y ajustables con velcro. <strong>No cordones.<\/strong><\/p>\n<ul>\n<li><strong>Uniforme<\/strong>.<\/li>\n<\/ul>\n<p>&#8211; Es obligatorio; si de manera puntual alg\u00fan d\u00eda no pudiese asistir con el uniforme, utilizar ropa lo m\u00e1s parecida posible. La talega es parte del uniforme, en el caso de no poder traer la de rayas, traer una de mu\u00f1ecos. No Mochilas.<\/p>\n<p><strong>*De inter\u00e9s:<\/strong><\/p>\n<ul>\n<li>Las <strong><u>tutor\u00edas<\/u><\/strong> con los padres, se tendr\u00e1n los <strong>LUNES<\/strong> en horario de <strong>6 a 7<\/strong>.Si se necesita pedir al tutor\/a. Evitar realizar \u201cmini tutor\u00edas\u201d a las 9 o a las 2, solo transmitir informaci\u00f3n de manera puntual y en caso absolutamente necesario.<\/li>\n<\/ul>\n<p><strong>07.- METODOLOG\u00cdA: <\/strong>le explicamos brevemente cual es la metodolog\u00eda que vamos a llevar a cabo en el aula:<\/p>\n<ul>\n<li>2 unidades por trimestre con sus respectivos <strong>proyectos<\/strong> que ir\u00e1n tomando cada vez m\u00e1s importancia.<\/li>\n<li>ABN: aprendemos matem\u00e1ticas de manera divertida, a trav\u00e9s de juegos. Hacemos una breve explicaci\u00f3n de c\u00f3mo vamos a llevarlo a cabo en el aula.<\/li>\n<li>LECTOESCRITURA: Al igual que las matem\u00e1ticas su aprendizaje se realizar\u00e1 mediante actividades l\u00fadicas y juegos que motiven al alumno y hagan posible que los propios alumnos sean los que demanden adentrarse en el mundo de las letras. Recordar que no es objetivo de la educaci\u00f3n infantil que el ni\u00f1o lea.<\/li>\n<\/ul>\n<p>A lo largo del trimestre\u00a0 realizaremos una tutor\u00eda en la que se hablar\u00e1 m\u00e1s detalladamente tanto del m\u00e9todo ABN, como de la Lectpescritura.<\/p>\n<p><strong>JEFATURA INFANTIL Y PRIMARIA<\/strong><\/p>\n<p>&nbsp;<\/p>\n<p>[\/et_pb_text][\/et_pb_column][\/et_pb_row][\/et_pb_section]<\/p>\n","protected":false},"excerpt":{"rendered":"<p>01.- TUTOR\u00cdA CON LOS PADRES DURANTE EL CURSO. Los d\u00edas de tutor\u00eda son los lunes 18.00 A 19.00 horas. Todas las familias pasar\u00e1n por las tutor\u00edas. 02.- QUALITAS EDUCATIVA FAMILIA. Para todas las familias del centro est\u00e1 disponible el acceso a la plataforma Qualitas Familia. Se puede descargar la aplicaci\u00f3n para el m\u00f3vil o para [&hellip;]<\/p>\n","protected":false},"author":2,"featured_media":0,"parent":0,"menu_order":0,"comment_status":"closed","ping_status":"closed","template":"","meta":{"_et_pb_use_builder":"on","_et_pb_old_content":"","_et_gb_content_width":"","footnotes":""},"class_list":["post-5058","page","type-page","status-publish","hentry"],"yoast_head":"<!-- This site is optimized with the Yoast SEO plugin v28.4 - https:\/\/yoast.com\/product\/yoast-seo-wordpress\/ -->\n<title>reuni\u00f3n infantil - Colegio<\/title>\n<meta name=\"robots\" content=\"index, follow, max-snippet:-1, max-image-preview:large, max-video-preview:-1\" \/>\n<link rel=\"canonical\" href=\"https:\/\/lalinea.salesianos.edu\/colegio\/reunion-infantil\/\" \/>\n<meta property=\"og:locale\" content=\"es_ES\" \/>\n<meta property=\"og:type\" content=\"article\" \/>\n<meta property=\"og:title\" content=\"reuni\u00f3n infantil - Colegio\" \/>\n<meta property=\"og:description\" content=\"01.- TUTOR\u00cdA CON LOS PADRES DURANTE EL CURSO. Los d\u00edas de tutor\u00eda son los lunes 18.00 A 19.00 horas. Todas las familias pasar\u00e1n por las tutor\u00edas. 02.- QUALITAS EDUCATIVA FAMILIA. Para todas las familias del centro est\u00e1 disponible el acceso a la plataforma Qualitas Familia. Se puede descargar la aplicaci\u00f3n para el m\u00f3vil o para [&hellip;]\" \/>\n<meta property=\"og:url\" content=\"https:\/\/lalinea.salesianos.edu\/colegio\/reunion-infantil\/\" \/>\n<meta property=\"og:site_name\" content=\"Colegio\" \/>\n<meta property=\"article:modified_time\" content=\"2025-08-04T08:50:14+00:00\" \/>\n<meta name=\"twitter:card\" content=\"summary_large_image\" \/>\n<meta name=\"twitter:label1\" content=\"Tiempo de lectura\" \/>\n\t<meta name=\"twitter:data1\" content=\"6 minutos\" \/>\n<script type=\"application\/ld+json\" class=\"yoast-schema-graph\">{\"@context\":\"https:\\\/\\\/schema.org\",\"@graph\":[{\"@type\":\"WebPage\",\"@id\":\"https:\\\/\\\/lalinea.salesianos.edu\\\/colegio\\\/reunion-infantil\\\/\",\"url\":\"https:\\\/\\\/lalinea.salesianos.edu\\\/colegio\\\/reunion-infantil\\\/\",\"name\":\"reuni\u00f3n infantil - Colegio\",\"isPartOf\":{\"@id\":\"https:\\\/\\\/lalinea.salesianos.edu\\\/colegio\\\/#website\"},\"datePublished\":\"2017-11-25T12:27:24+00:00\",\"dateModified\":\"2025-08-04T08:50:14+00:00\",\"breadcrumb\":{\"@id\":\"https:\\\/\\\/lalinea.salesianos.edu\\\/colegio\\\/reunion-infantil\\\/#breadcrumb\"},\"inLanguage\":\"es\",\"potentialAction\":[{\"@type\":\"ReadAction\",\"target\":[\"https:\\\/\\\/lalinea.salesianos.edu\\\/colegio\\\/reunion-infantil\\\/\"]}]},{\"@type\":\"BreadcrumbList\",\"@id\":\"https:\\\/\\\/lalinea.salesianos.edu\\\/colegio\\\/reunion-infantil\\\/#breadcrumb\",\"itemListElement\":[{\"@type\":\"ListItem\",\"position\":1,\"name\":\"Portada\",\"item\":\"https:\\\/\\\/lalinea.salesianos.edu\\\/colegio\\\/\"},{\"@type\":\"ListItem\",\"position\":2,\"name\":\"reuni\u00f3n infantil\"}]},{\"@type\":\"WebSite\",\"@id\":\"https:\\\/\\\/lalinea.salesianos.edu\\\/colegio\\\/#website\",\"url\":\"https:\\\/\\\/lalinea.salesianos.edu\\\/colegio\\\/\",\"name\":\"Colegio\",\"description\":\"P\u00e1gina oficial Salesianos La L\u00ednea de la Concepci\u00f3n\",\"potentialAction\":[{\"@type\":\"SearchAction\",\"target\":{\"@type\":\"EntryPoint\",\"urlTemplate\":\"https:\\\/\\\/lalinea.salesianos.edu\\\/colegio\\\/?s={search_term_string}\"},\"query-input\":{\"@type\":\"PropertyValueSpecification\",\"valueRequired\":true,\"valueName\":\"search_term_string\"}}],\"inLanguage\":\"es\"}]}<\/script>\n<!-- \/ Yoast SEO plugin. -->","yoast_head_json":{"title":"reuni\u00f3n infantil - Colegio","robots":{"index":"index","follow":"follow","max-snippet":"max-snippet:-1","max-image-preview":"max-image-preview:large","max-video-preview":"max-video-preview:-1"},"canonical":"https:\/\/lalinea.salesianos.edu\/colegio\/reunion-infantil\/","og_locale":"es_ES","og_type":"article","og_title":"reuni\u00f3n infantil - Colegio","og_description":"01.- TUTOR\u00cdA CON LOS PADRES DURANTE EL CURSO. Los d\u00edas de tutor\u00eda son los lunes 18.00 A 19.00 horas. Todas las familias pasar\u00e1n por las tutor\u00edas. 02.- QUALITAS EDUCATIVA FAMILIA. Para todas las familias del centro est\u00e1 disponible el acceso a la plataforma Qualitas Familia. Se puede descargar la aplicaci\u00f3n para el m\u00f3vil o para [&hellip;]","og_url":"https:\/\/lalinea.salesianos.edu\/colegio\/reunion-infantil\/","og_site_name":"Colegio","article_modified_time":"2025-08-04T08:50:14+00:00","twitter_card":"summary_large_image","twitter_misc":{"Tiempo de lectura":"6 minutos"},"schema":{"@context":"https:\/\/schema.org","@graph":[{"@type":"WebPage","@id":"https:\/\/lalinea.salesianos.edu\/colegio\/reunion-infantil\/","url":"https:\/\/lalinea.salesianos.edu\/colegio\/reunion-infantil\/","name":"reuni\u00f3n infantil - Colegio","isPartOf":{"@id":"https:\/\/lalinea.salesianos.edu\/colegio\/#website"},"datePublished":"2017-11-25T12:27:24+00:00","dateModified":"2025-08-04T08:50:14+00:00","breadcrumb":{"@id":"https:\/\/lalinea.salesianos.edu\/colegio\/reunion-infantil\/#breadcrumb"},"inLanguage":"es","potentialAction":[{"@type":"ReadAction","target":["https:\/\/lalinea.salesianos.edu\/colegio\/reunion-infantil\/"]}]},{"@type":"BreadcrumbList","@id":"https:\/\/lalinea.salesianos.edu\/colegio\/reunion-infantil\/#breadcrumb","itemListElement":[{"@type":"ListItem","position":1,"name":"Portada","item":"https:\/\/lalinea.salesianos.edu\/colegio\/"},{"@type":"ListItem","position":2,"name":"reuni\u00f3n infantil"}]},{"@type":"WebSite","@id":"https:\/\/lalinea.salesianos.edu\/colegio\/#website","url":"https:\/\/lalinea.salesianos.edu\/colegio\/","name":"Colegio","description":"P\u00e1gina oficial Salesianos La L\u00ednea de la Concepci\u00f3n","potentialAction":[{"@type":"SearchAction","target":{"@type":"EntryPoint","urlTemplate":"https:\/\/lalinea.salesianos.edu\/colegio\/?s={search_term_string}"},"query-input":{"@type":"PropertyValueSpecification","valueRequired":true,"valueName":"search_term_string"}}],"inLanguage":"es"}]}},"_links":{"self":[{"href":"https:\/\/lalinea.salesianos.edu\/colegio\/wp-json\/wp\/v2\/pages\/5058","targetHints":{"allow":["GET"]}}],"collection":[{"href":"https:\/\/lalinea.salesianos.edu\/colegio\/wp-json\/wp\/v2\/pages"}],"about":[{"href":"https:\/\/lalinea.salesianos.edu\/colegio\/wp-json\/wp\/v2\/types\/page"}],"author":[{"embeddable":true,"href":"https:\/\/lalinea.salesianos.edu\/colegio\/wp-json\/wp\/v2\/users\/2"}],"replies":[{"embeddable":true,"href":"https:\/\/lalinea.salesianos.edu\/colegio\/wp-json\/wp\/v2\/comments?post=5058"}],"version-history":[{"count":1,"href":"https:\/\/lalinea.salesianos.edu\/colegio\/wp-json\/wp\/v2\/pages\/5058\/revisions"}],"predecessor-version":[{"id":5059,"href":"https:\/\/lalinea.salesianos.edu\/colegio\/wp-json\/wp\/v2\/pages\/5058\/revisions\/5059"}],"wp:attachment":[{"href":"https:\/\/lalinea.salesianos.edu\/colegio\/wp-json\/wp\/v2\/media?parent=5058"}],"curies":[{"name":"wp","href":"https:\/\/api.w.org\/{rel}","templated":true}]}}