{"id":2552,"date":"2017-06-13T10:10:57","date_gmt":"2017-06-13T09:10:57","guid":{"rendered":"https:\/\/lalinea.salesianos.edu\/familiasalesiana\/?page_id=2552"},"modified":"2025-08-04T10:56:37","modified_gmt":"2025-08-04T08:56:37","slug":"inicio","status":"publish","type":"page","link":"https:\/\/lalinea.salesianos.edu\/familiasalesiana\/","title":{"rendered":"Inicio"},"content":{"rendered":"<div id=\"fb-root\"><\/div>\n<p>[et_pb_section fb_built=\u00bb1&#8243; fullwidth=\u00bbon\u00bb _builder_version=\u00bb3.22&#8243; background_color=\u00bbrgba(255,255,255,0)\u00bb custom_padding=\u00bb0px|0px|0px|0px\u00bb transparent_background=\u00bbon\u00bb][et_pb_fullwidth_slider show_image_video_mobile=\u00bbon\u00bb admin_label=\u00bbPortada (Deslizador)\u00bb _builder_version=\u00bb4.4.2&#8243; custom_padding=\u00bb|||\u00bb auto=\u00bbon\u00bb box_shadow_style=\u00bbpreset6&#8243; box_shadow_blur=\u00bb10px\u00bb box_shadow_color=\u00bbrgba(0,0,0,0.1)\u00bb show_inner_shadow=\u00bbon\u00bb saved_tabs=\u00bball\u00bb button_text_size__hover_enabled=\u00bboff\u00bb button_one_text_size__hover_enabled=\u00bboff\u00bb button_two_text_size__hover_enabled=\u00bboff\u00bb button_text_color__hover_enabled=\u00bboff\u00bb button_one_text_color__hover_enabled=\u00bboff\u00bb button_two_text_color__hover_enabled=\u00bboff\u00bb button_border_width__hover_enabled=\u00bboff\u00bb button_one_border_width__hover_enabled=\u00bboff\u00bb button_two_border_width__hover_enabled=\u00bboff\u00bb button_border_color__hover_enabled=\u00bboff\u00bb button_one_border_color__hover_enabled=\u00bboff\u00bb button_two_border_color__hover_enabled=\u00bboff\u00bb button_border_radius__hover_enabled=\u00bboff\u00bb button_one_border_radius__hover_enabled=\u00bboff\u00bb button_two_border_radius__hover_enabled=\u00bboff\u00bb button_letter_spacing__hover_enabled=\u00bboff\u00bb button_one_letter_spacing__hover_enabled=\u00bboff\u00bb button_two_letter_spacing__hover_enabled=\u00bboff\u00bb button_bg_color__hover_enabled=\u00bboff\u00bb button_one_bg_color__hover_enabled=\u00bboff\u00bb button_two_bg_color__hover_enabled=\u00bboff\u00bb][et_pb_slide heading=\u00bbSalesianos LLC\u00bb button_text=\u00bbSaludo del Director de la Obra\u00bb button_link=\u00bbhttps:\/\/lalinea.salesianos.edu\/saludodirector\/\u00bb image=\u00bbhttps:\/\/lalinea.salesianos.edu\/familiasalesiana\/wp-content\/uploads\/sites\/5\/2017\/06\/logo_salesianos_portada-miin.png\u00bb use_bg_overlay=\u00bbon\u00bb use_text_overlay=\u00bboff\u00bb _builder_version=\u00bb3.16&#8243; header_level=\u00bbh1&#8243; header_font=\u00bb||||||||\u00bb header_font_size=\u00bb49px\u00bb body_font=\u00bbCalligraffitti||||\u00bb body_font_size=\u00bb34px\u00bb body_line_height=\u00bb1.1em\u00bb background_color=\u00bb#ffffff\u00bb background_image=\u00bbhttps:\/\/lalinea.salesianos.edu\/familiasalesiana\/wp-content\/uploads\/sites\/5\/2017\/06\/Dise\u00f1o-sin-t\u00edtulo.png\u00bb custom_button=\u00bbon\u00bb button_text_size=\u00bb30px\u00bb button_text_color=\u00bb#ffffff\u00bb button_bg_color=\u00bb#bb0020&#8243; button_border_width=\u00bb0px\u00bb button_border_color=\u00bb#ffffff\u00bb button_border_radius=\u00bb3px\u00bb button_font=\u00bbAmatic SC|on|||\u00bb button_use_icon=\u00bbon\u00bb button_icon_placement=\u00bbright\u00bb button_on_hover=\u00bbon\u00bb header_font_size_tablet=\u00bb49px\u00bb header_font_size_phone=\u00bb49px\u00bb body_font_size_tablet=\u00bb34px\u00bb body_font_size_phone=\u00bb34px\u00bb body_line_height_tablet=\u00bb1.1em\u00bb body_line_height_phone=\u00bb1.1em\u00bb button_text_size_tablet=\u00bb30px\u00bb button_text_size_phone=\u00bb30px\u00bb button_text_size__hover_enabled=\u00bboff\u00bb button_one_text_size__hover_enabled=\u00bboff\u00bb button_two_text_size__hover_enabled=\u00bboff\u00bb button_text_color__hover_enabled=\u00bboff\u00bb button_one_text_color__hover_enabled=\u00bboff\u00bb button_two_text_color__hover_enabled=\u00bboff\u00bb button_border_width__hover_enabled=\u00bboff\u00bb button_one_border_width__hover_enabled=\u00bboff\u00bb button_two_border_width__hover_enabled=\u00bboff\u00bb button_border_color__hover_enabled=\u00bboff\u00bb button_one_border_color__hover_enabled=\u00bboff\u00bb button_two_border_color__hover_enabled=\u00bboff\u00bb button_border_radius__hover_enabled=\u00bboff\u00bb button_one_border_radius__hover_enabled=\u00bboff\u00bb button_two_border_radius__hover_enabled=\u00bboff\u00bb button_letter_spacing__hover_enabled=\u00bboff\u00bb button_one_letter_spacing__hover_enabled=\u00bboff\u00bb button_two_letter_spacing__hover_enabled=\u00bboff\u00bb button_bg_color__hover_enabled=\u00bboff\u00bb button_one_bg_color__hover_enabled=\u00bboff\u00bb button_two_bg_color__hover_enabled=\u00bboff\u00bb]Casa que acoge<br \/>\n[\/et_pb_slide][\/et_pb_fullwidth_slider][\/et_pb_section][et_pb_section fb_built=\u00bb1&#8243; module_id=\u00bbportada\u00bb _builder_version=\u00bb3.22&#8243; custom_padding=\u00bb0px|0px|0px|0px\u00bb][et_pb_row column_structure=\u00bb1_2,1_2&#8243; _builder_version=\u00bb3.25&#8243; background_size=\u00bbinitial\u00bb background_position=\u00bbtop_left\u00bb background_repeat=\u00bbrepeat\u00bb custom_margin=\u00bb30px|||\u00bb custom_padding=\u00bb30px||0px|\u00bb saved_tabs=\u00bball\u00bb][et_pb_column type=\u00bb1_2&#8243; _builder_version=\u00bb3.25&#8243; custom_padding=\u00bb|||\u00bb custom_padding__hover=\u00bb|||\u00bb][et_pb_text admin_label=\u00bbAAAA (Texto)\u00bb _builder_version=\u00bb4.4.2&#8243; text_font=\u00bbArial||||\u00bb text_text_color=\u00bb#636a70&#8243; text_font_size=\u00bb22&#8243; text_line_height=\u00bb1.6em\u00bb header_font=\u00bbArial||||\u00bb header_text_color=\u00bb#636a70&#8243; header_font_size=\u00bb46px\u00bb background_size=\u00bbinitial\u00bb background_position=\u00bbtop_left\u00bb background_repeat=\u00bbrepeat\u00bb custom_margin=\u00bb||25px|\u00bb custom_padding=\u00bb|||\u00bb saved_tabs=\u00bball\u00bb]<\/p>\n<p class=\"\"><strong><img loading=\"lazy\" decoding=\"async\" class=\"wp-image-4083 alignnone \" src=\"https:\/\/lalinea.salesianos.edu\/familiasalesiana\/wp-content\/uploads\/sites\/5\/2021\/11\/logotipo-u251.png\" alt=\"\" width=\"53\" height=\"53\" srcset=\"https:\/\/lalinea.salesianos.edu\/familiasalesiana\/wp-content\/uploads\/sites\/5\/2021\/11\/logotipo-u251.png 330w, https:\/\/lalinea.salesianos.edu\/familiasalesiana\/wp-content\/uploads\/sites\/5\/2021\/11\/logotipo-u251-300x300.png 300w, https:\/\/lalinea.salesianos.edu\/familiasalesiana\/wp-content\/uploads\/sites\/5\/2021\/11\/logotipo-u251-150x150.png 150w\" sizes=\"(max-width: 53px) 100vw, 53px\" \/>Antiguos Alumnos<\/strong><\/p>\n<p>[\/et_pb_text][et_pb_text admin_label=\u00bb\u00bfQui\u00e9nes somos? (Texto)\u00bb _builder_version=\u00bb4.4.2&#8243; text_font=\u00bbArial||||\u00bb text_text_color=\u00bb#636a70&#8243; text_font_size=\u00bb22&#8243; text_line_height=\u00bb1.6em\u00bb header_font=\u00bbArial||||\u00bb header_text_color=\u00bb#636a70&#8243; header_font_size=\u00bb46px\u00bb background_size=\u00bbinitial\u00bb background_position=\u00bbtop_left\u00bb background_repeat=\u00bbrepeat\u00bb]<\/p>\n<p>En 1908, siendo Rector Mayor de los Salesianos Don Miguel R\u00faa, y con el impulso del salesiano Don Felipe Rinaldi, naci\u00f3 la idea de una Federaci\u00f3n Internacional, se redact\u00f3 un Estatuto y se empez\u00f3 a caminar. El Cap\u00edtulo General Especial de los Salesianos, en 1972, los reconoci\u00f3 como grupo integrante de la Familia Salesiana.<\/p>\n<p>Actualmente su organizaci\u00f3n mundial es la Confederaci\u00f3n Mundial de Exalumnos y Exalumnas de Don Bosco y es una Asociaci\u00f3n Laical, reconocida como Organizaci\u00f3n Mundial Cat\u00f3lica.<\/p>\n<p>Los Antiguos Alumnos Salesianos son personas que han estado en una casa salesiana como alumnos, socios de centros juveniles, feligreses de las parroquias salesianas o alg\u00fan otro de sus ambientes.<\/p>\n<p>Si adem\u00e1s expresan libremente, en una solicitud de admisi\u00f3n, el deseo de pertenecer a una asociaci\u00f3n de AA.AA de Don Bosco, pasar a ser Antiguos Alumnos integrados en la Confederaci\u00f3n Nacional Espa\u00f1ola de Antiguos Alumnos Don Bosco.<\/p>\n<p>En la nueva Inspector\u00eda de Mar\u00eda Auxiliadora, se cuentan 39 asociaciones locales y 4.800 socios.\u00a0En Espa\u00f1a, los Antiguos Alumnos de Don Bosco est\u00e1n organizados en la Confederaci\u00f3n Nacional de AA.AA.\u00a0<\/p>\n<p class=\"\">[\/et_pb_text][et_pb_number_counter title=\u00bbSocios en Espa\u00f1a\u00bb number=\u00bb4800&#8243; _builder_version=\u00bb4.4.2&#8243; hover_enabled=\u00bb0&#8243; percent_sign=\u00bboff\u00bb][\/et_pb_number_counter][et_pb_number_counter title=\u00bbAsociaciones Locales\u00bb number=\u00bb39&#8243; _builder_version=\u00bb4.4.2&#8243; hover_enabled=\u00bb0&#8243; percent_sign=\u00bboff\u00bb][\/et_pb_number_counter][\/et_pb_column][et_pb_column type=\u00bb1_2&#8243; _builder_version=\u00bb3.25&#8243; custom_padding=\u00bb|||\u00bb custom_padding__hover=\u00bb|||\u00bb][et_pb_text admin_label=\u00bbADMA (Texto)\u00bb _builder_version=\u00bb4.4.2&#8243; text_font=\u00bbArial||||\u00bb text_text_color=\u00bb#636a70&#8243; text_font_size=\u00bb22&#8243; text_line_height=\u00bb1.6em\u00bb header_font=\u00bbArial||||\u00bb header_text_color=\u00bb#636a70&#8243; header_font_size=\u00bb46px\u00bb background_size=\u00bbinitial\u00bb background_position=\u00bbtop_left\u00bb background_repeat=\u00bbrepeat\u00bb custom_margin=\u00bb||25px|\u00bb custom_padding=\u00bb|||\u00bb saved_tabs=\u00bball\u00bb]<\/p>\n<p class=\"\"><strong><img loading=\"lazy\" decoding=\"async\" class=\"wp-image-4082 alignnone \" src=\"https:\/\/lalinea.salesianos.edu\/familiasalesiana\/wp-content\/uploads\/sites\/5\/2021\/11\/adma.png\" alt=\"\" width=\"46\" height=\"46\" \/>Archicofrad\u00eda de Mar\u00eda Auxiliadora<\/strong><\/p>\n<p>[\/et_pb_text][et_pb_text admin_label=\u00bb\u00bfQui\u00e9nes somos? (Texto)\u00bb _builder_version=\u00bb4.4.2&#8243; text_font=\u00bbArial||||\u00bb text_text_color=\u00bb#636a70&#8243; text_font_size=\u00bb22&#8243; text_line_height=\u00bb1.6em\u00bb header_font=\u00bbArial||||\u00bb header_text_color=\u00bb#636a70&#8243; header_font_size=\u00bb46px\u00bb background_size=\u00bbinitial\u00bb background_position=\u00bbtop_left\u00bb background_repeat=\u00bbrepeat\u00bb]<\/p>\n<div>La\u00a0<strong>Asociaci\u00f3n de Mar\u00eda Auxiliadora o ADMA<\/strong>\u00a0es una \u201cAsociaci\u00f3n eclesial p\u00fablica de fieles\u201d, fundada por Don Bosco el 18 de abril de 1869. Su pertenencia a la Familia Salesiana se rubric\u00f3 el 5 de julio de 1989.<\/div>\n<div>\u00a0<\/div>\n<div>Don Bosco atribu\u00eda el origen de la Asociaci\u00f3n a \u201cinsistentes peticiones\u201d, provenientes \u201cde todas las partes y de personas de toda edad y de toda condici\u00f3n\u201d durante y despu\u00e9s de la construcci\u00f3n y la consagraci\u00f3n de la bas\u00edlica de Mar\u00eda Auxiliadora en Valdocco, Tur\u00edn. Pensaba en asociados \u201cque unidos en el mismo esp\u00edritu de oraci\u00f3n y de piedad obsequiaran a la gran Madre del Salvador invocada con el hermoso t\u00edtulo de Auxilio de los Cristianos\u201d<\/div>\n<div>\u00a0<\/div>\n<div>La\u00a0<strong>finalidad<\/strong>\u00a0de esta asociaci\u00f3n es, pues,\u00a0<strong>la vivencia y promoci\u00f3n de la devoci\u00f3n a Mar\u00eda Auxiliadora junto con el fomento de las vocaciones y la solidaridad con las misiones,<\/strong>\u00a0todo ello llevado a cabo desde una vida cristiana coherente, con una religiosidad sencilla y popular.<\/div>\n<div>\u00a0<\/div>\n<div><strong>La mayor\u00eda de las asociaciones locales est\u00e1n insertadas en parroquias salesianas y santuarios,<\/strong>\u00a0por lo que trabajan en sus actividades, tales como C\u00e1ritas, marginaci\u00f3n, enfermos y obras sociales en general.<\/div>\n<div>\u00a0<\/div>\n<div><strong>ADMA, cuya asociaci\u00f3n \u201cprimaria\u201d est\u00e1 en Valdocco,<\/strong>\u00a0Tur\u00edn, se organiza en Espa\u00f1a en una inspector\u00eda y est\u00e1 ampliamente presente a lo largo y ancho de la Inspector\u00eda Salesiana Mar\u00eda Auxiliadora. En la actualidad cuenta con unos ochenta mil asociados en todo el mundo.<\/div>\n<p class=\"\">[\/et_pb_text][et_pb_number_counter title=\u00bbAsociados\u00bb number=\u00bb10959&#8243; _builder_version=\u00bb4.4.2&#8243; hover_enabled=\u00bb0&#8243; percent_sign=\u00bboff\u00bb][\/et_pb_number_counter][et_pb_number_counter title=\u00bbAsociaciones\u00bb number=\u00bb83&#8243; _builder_version=\u00bb4.4.2&#8243; hover_enabled=\u00bb0&#8243; percent_sign=\u00bboff\u00bb][\/et_pb_number_counter][et_pb_number_counter title=\u00bbNaciones\u00bb number=\u00bb130&#8243; _builder_version=\u00bb4.4.2&#8243; hover_enabled=\u00bb0&#8243; percent_sign=\u00bboff\u00bb][\/et_pb_number_counter][\/et_pb_column][\/et_pb_row][et_pb_row column_structure=\u00bb1_4,1_4,1_4,1_4&#8243; use_custom_gutter=\u00bbon\u00bb gutter_width=\u00bb1&#8243; _builder_version=\u00bb4.4.2&#8243; background_size=\u00bbinitial\u00bb background_position=\u00bbtop_left\u00bb background_repeat=\u00bbrepeat\u00bb custom_margin=\u00bb25px|||\u00bb custom_padding=\u00bb25px|0px|0px|0px\u00bb hover_enabled=\u00bb0&#8243; disabled_on=\u00bbon|on|on\u00bb disabled=\u00bbon\u00bb][et_pb_column type=\u00bb1_4&#8243; _builder_version=\u00bb3.25&#8243; background_position=\u00bbtop_left\u00bb custom_padding=\u00bb|||\u00bb custom_padding__hover=\u00bb|||\u00bb][et_pb_text admin_label=\u00bbRedes sociales (Texto)\u00bb _builder_version=\u00bb3.27.4&#8243; text_font=\u00bbArial||||\u00bb text_text_color=\u00bb#636a70&#8243; text_font_size=\u00bb22&#8243; text_line_height=\u00bb1.6em\u00bb header_font=\u00bbArial||||\u00bb header_text_color=\u00bb#636a70&#8243; header_font_size=\u00bb46px\u00bb background_size=\u00bbinitial\u00bb background_position=\u00bbtop_left\u00bb background_repeat=\u00bbrepeat\u00bb]<\/p>\n<p class=\"\"><strong>Redes sociales<\/strong><strong><img loading=\"lazy\" decoding=\"async\" class=\"wp-image-1598 alignleft\" src=\"https:\/\/alicante.salesianos.edu\/wp-content\/uploads\/2017\/07\/redes_sociales.png\" alt=\"\" width=\"29\" height=\"30\" \/><\/strong><\/p>\n<p>[\/et_pb_text][\/et_pb_column][et_pb_column type=\u00bb1_4&#8243; _builder_version=\u00bb3.25&#8243; background_position=\u00bbtop_left\u00bb custom_padding=\u00bb|||\u00bb custom_padding__hover=\u00bb|||\u00bb][et_pb_social_media_follow url_new_window=\u00bboff\u00bb _builder_version=\u00bb3.0.87&#8243; border_radii=\u00bbon|100%|100%|100%|100%\u00bb link_shape=\u00bbcircle\u00bb][et_pb_social_media_follow_network social_network=\u00bbfacebook\u00bb url=\u00bbhttps:\/\/www.facebook.com\/Salesianoslalinea\/\u00bb _builder_version=\u00bb3.0.84&#8243; background_color=\u00bb#3b5998&#8243; link_shape=\u00bbcircle\u00bb follow_button=\u00bboff\u00bb url_new_window=\u00bboff\u00bb] facebook [\/et_pb_social_media_follow_network][et_pb_social_media_follow_network social_network=\u00bbtwitter\u00bb url=\u00bbhttps:\/\/twitter.com\/SalesianosLLC\u00bb _builder_version=\u00bb3.0.84&#8243; background_color=\u00bb#00aced\u00bb link_shape=\u00bbcircle\u00bb follow_button=\u00bboff\u00bb url_new_window=\u00bboff\u00bb] twitter [\/et_pb_social_media_follow_network][et_pb_social_media_follow_network social_network=\u00bbinstagram\u00bb url=\u00bbhttps:\/\/www.instagram.com\/salesianosllc\/\u00bb _builder_version=\u00bb3.0.84&#8243; background_color=\u00bb#f4228f\u00bb link_shape=\u00bbcircle\u00bb follow_button=\u00bboff\u00bb url_new_window=\u00bboff\u00bb] instagram [\/et_pb_social_media_follow_network][et_pb_social_media_follow_network social_network=\u00bbyoutube\u00bb url=\u00bbhttps:\/\/www.youtube.com\/channel\/UCxn0iU8s7PpvgO87tk-LBlA\u00bb _builder_version=\u00bb3.0.84&#8243; background_color=\u00bb#a82400&#8243; link_shape=\u00bbcircle\u00bb follow_button=\u00bboff\u00bb url_new_window=\u00bboff\u00bb] youtube [\/et_pb_social_media_follow_network][\/et_pb_social_media_follow][\/et_pb_column][et_pb_column type=\u00bb1_4&#8243; _builder_version=\u00bb3.25&#8243; background_position=\u00bbtop_left\u00bb custom_padding=\u00bb|||\u00bb custom_padding__hover=\u00bb|||\u00bb][\/et_pb_column][et_pb_column type=\u00bb1_4&#8243; _builder_version=\u00bb3.25&#8243; background_position=\u00bbtop_left\u00bb custom_padding=\u00bb|||\u00bb custom_padding__hover=\u00bb|||\u00bb][\/et_pb_column][\/et_pb_row][et_pb_row column_structure=\u00bb1_3,1_3,1_3&#8243; _builder_version=\u00bb4.4.2&#8243; hover_enabled=\u00bb0&#8243; disabled_on=\u00bbon|on|on\u00bb disabled=\u00bbon\u00bb][et_pb_column type=\u00bb1_3&#8243; _builder_version=\u00bb3.25&#8243; background_position=\u00bbtop_left\u00bb custom_padding=\u00bb|||\u00bb custom_padding__hover=\u00bb|||\u00bb][et_pb_code admin_label=\u00bbTwitter (C\u00f3digo)\u00bb]<a class=\"twitter-timeline\" data-lang=\"es\" data-width=\"750\" data-height=\"582\" href=\"https:\/\/twitter.com\/SalesianosLLC\"><\/a> <script async src=\"\/\/platform.twitter.com\/widgets.js\" charset=\"utf-8\"><\/script>[\/et_pb_code][\/et_pb_column][et_pb_column type=\u00bb1_3&#8243; _builder_version=\u00bb3.25&#8243; background_position=\u00bbtop_left\u00bb custom_padding=\u00bb|||\u00bb custom_padding__hover=\u00bb|||\u00bb][et_pb_divider show_divider=\u00bboff\u00bb disabled_on=\u00bbon|on|off\u00bb _builder_version=\u00bb3.23.4&#8243; height=\u00bb7px\u00bb][\/et_pb_divider][et_pb_code disabled_on=\u00bboff|off|off\u00bb admin_label=\u00bbFacebook (C\u00f3digo)\u00bb saved_tabs=\u00bball\u00bb]<div class=\"fb-page\" data-href=\"https:\/\/www.facebook.com\/salesianosLaLinea\" data-width=\"750\" data-height=\"500\" data-tabs=\"timeline\" data-hide-cover=\"true\" data-show-facepile=\"false\" data-hide-cta=\"false\" data-small-header=\"true\" data-adapt-container-width=\"true\"><\/div>[\/et_pb_code][\/et_pb_column][et_pb_column type=\u00bb1_3&#8243; _builder_version=\u00bb3.25&#8243; background_position=\u00bbtop_left\u00bb custom_padding=\u00bb|||\u00bb custom_padding__hover=\u00bb|||\u00bb][et_pb_code]Feed with such ID does not exist[\/et_pb_code][\/et_pb_column][\/et_pb_row][et_pb_row custom_padding_last_edited=\u00bbon|phone\u00bb _builder_version=\u00bb3.25&#8243; background_size=\u00bbinitial\u00bb background_position=\u00bbtop_left\u00bb background_repeat=\u00bbrepeat\u00bb custom_padding=\u00bb30px|0px|25px|0px\u00bb custom_padding_tablet=\u00bb0px|||\u00bb custom_padding_phone=\u00bb0px|||\u00bb][et_pb_column type=\u00bb4_4&#8243; _builder_version=\u00bb3.25&#8243; background_position=\u00bbtop_left\u00bb custom_padding=\u00bb|||\u00bb custom_padding__hover=\u00bb|||\u00bb][et_pb_text admin_label=\u00bbSalesianos (Texto)\u00bb _builder_version=\u00bb3.27.4&#8243; text_font=\u00bbArial||||\u00bb text_text_color=\u00bb#636a70&#8243; text_font_size=\u00bb22&#8243; text_line_height=\u00bb1.6em\u00bb header_font=\u00bbArial||||\u00bb header_text_color=\u00bb#636a70&#8243; header_font_size=\u00bb46px\u00bb background_size=\u00bbinitial\u00bb background_position=\u00bbtop_left\u00bb background_repeat=\u00bbrepeat\u00bb]<\/p>\n<p class=\"\"><strong>Salesianos<\/strong><strong><img loading=\"lazy\" decoding=\"async\" class=\"wp-image-1598 alignleft\" src=\"https:\/\/alicante.salesianos.edu\/wp-content\/uploads\/2017\/07\/enlaces_salesianos.png\" alt=\"\" width=\"29\" height=\"30\" \/><\/strong><\/p>\n<p>[\/et_pb_text][\/et_pb_column][\/et_pb_row][et_pb_row column_padding_mobile=\u00bbon\u00bb module_id=\u00bbportada-web-salesianas\u00bb module_class=\u00bbcinco-columnas et_pb_row_fullwidth\u00bb _builder_version=\u00bb3.25&#8243; background_size=\u00bbinitial\u00bb background_position=\u00bbtop_left\u00bb background_repeat=\u00bbrepeat\u00bb width=\u00bb94%\u00bb width_tablet=\u00bb80%\u00bb width_phone=\u00bb\u00bb width_last_edited=\u00bbon|desktop\u00bb max_width=\u00bb94%\u00bb max_width_tablet=\u00bb80%\u00bb max_width_phone=\u00bb\u00bb max_width_last_edited=\u00bbon|desktop\u00bb custom_margin=\u00bb|||\u00bb custom_padding=\u00bb0px|||\u00bb make_fullwidth=\u00bbon\u00bb][et_pb_column type=\u00bb4_4&#8243; _builder_version=\u00bb3.25&#8243; background_position=\u00bbtop_left\u00bb custom_padding=\u00bb|||\u00bb custom_padding__hover=\u00bb|||\u00bb][et_pb_blurb url=\u00bbhttp:\/\/sdb.org\/es\/\u00bb url_new_window=\u00bbon\u00bb image=\u00bbhttps:\/\/inspectoria.salesianos.edu\/wp-content\/uploads\/2017\/04\/01_SDBORG.png\u00bb alt=\u00bbSalesianos en el mundo\u00bb image_max_width=\u00bbnone\u00bb admin_label=\u00bbSDB_org\u00bb _builder_version=\u00bb3.0.74&#8243; background_size=\u00bbinitial\u00bb background_position=\u00bbtop_left\u00bb background_repeat=\u00bbrepeat\u00bb text_orientation=\u00bbcenter\u00bb]En el mundo<br \/>\n[\/et_pb_blurb][et_pb_blurb url=\u00bbhttp:\/\/www.donbosco.es\u00bb url_new_window=\u00bbon\u00bb image=\u00bbhttps:\/\/inspectoria.salesianos.edu\/wp-content\/uploads\/2017\/04\/02_DBES.png\u00bb alt=\u00bbSalesianos en Espa\u00f1a\u00bb image_max_width=\u00bbnone\u00bb admin_label=\u00bbDonBosco_ES\u00bb _builder_version=\u00bb3.0.74&#8243; background_size=\u00bbinitial\u00bb background_position=\u00bbtop_left\u00bb background_repeat=\u00bbrepeat\u00bb text_orientation=\u00bbcenter\u00bb]En Espa\u00f1a<br \/>\n[\/et_pb_blurb][et_pb_blurb url=\u00bbhttp:\/\/www.salesianos.edu\u00bb url_new_window=\u00bbon\u00bb image=\u00bbhttps:\/\/inspectoria.salesianos.edu\/wp-content\/uploads\/2017\/04\/03_smxedu.png\u00bb image_max_width=\u00bbnone\u00bb admin_label=\u00bbInspector\u00eda\u00bb _builder_version=\u00bb3.0.74&#8243; background_size=\u00bbinitial\u00bb background_position=\u00bbtop_left\u00bb background_repeat=\u00bbrepeat\u00bb text_orientation=\u00bbcenter\u00bb]En la Inspector\u00eda<br \/>\n[\/et_pb_blurb][et_pb_blurb url=\u00bbhttp:\/\/www.infoans.org\/es\u00bb url_new_window=\u00bbon\u00bb image=\u00bbhttps:\/\/inspectoria.salesianos.edu\/wp-content\/uploads\/2017\/04\/04_ans.png\u00bb image_max_width=\u00bbnone\u00bb admin_label=\u00bbANS_info\u00bb _builder_version=\u00bb3.0.74&#8243; background_size=\u00bbinitial\u00bb background_position=\u00bbtop_left\u00bb background_repeat=\u00bbrepeat\u00bb text_orientation=\u00bbcenter\u00bb]Agencia noticias<br \/>\n[\/et_pb_blurb][et_pb_blurb url=\u00bbhttp:\/\/boletin-salesiano.com\/\u00bb url_new_window=\u00bbon\u00bb image=\u00bbhttps:\/\/inspectoria.salesianos.edu\/wp-content\/uploads\/2017\/04\/05_boletins.png\u00bb image_max_width=\u00bbnone\u00bb admin_label=\u00bbBoletinSalesiano\u00bb _builder_version=\u00bb3.0.74&#8243; background_size=\u00bbinitial\u00bb background_position=\u00bbtop_left\u00bb background_repeat=\u00bbrepeat\u00bb text_orientation=\u00bbcenter\u00bb]Bolet\u00edn Salesiano<br \/>\n[\/et_pb_blurb][\/et_pb_column][\/et_pb_row][et_pb_row disabled_on=\u00bbon|on|off\u00bb _builder_version=\u00bb3.25&#8243;][et_pb_column type=\u00bb4_4&#8243; _builder_version=\u00bb3.25&#8243; custom_padding=\u00bb|||\u00bb custom_padding__hover=\u00bb|||\u00bb][et_pb_divider show_divider=\u00bboff\u00bb disabled_on=\u00bbon|on|off\u00bb _builder_version=\u00bb3.2&#8243;][\/et_pb_divider][\/et_pb_column][\/et_pb_row][\/et_pb_section]<\/p>\n","protected":false},"excerpt":{"rendered":"<p>Casa que acoge Antiguos AlumnosEn 1908, siendo Rector Mayor de los Salesianos Don Miguel R\u00faa, y con el impulso del salesiano Don Felipe Rinaldi, naci\u00f3 la idea de una Federaci\u00f3n Internacional, se redact\u00f3 un Estatuto y se empez\u00f3 a caminar. El Cap\u00edtulo General Especial de los Salesianos, en 1972, los reconoci\u00f3 como grupo integrante de [&hellip;]<\/p>\n","protected":false},"author":2,"featured_media":0,"parent":0,"menu_order":0,"comment_status":"closed","ping_status":"closed","template":"","meta":{"_et_pb_use_builder":"on","_et_pb_old_content":"","_et_gb_content_width":"","footnotes":""},"class_list":["post-2552","page","type-page","status-publish","hentry"],"yoast_head":"<!-- This site is optimized with the Yoast SEO plugin v28.3 - https:\/\/yoast.com\/product\/yoast-seo-wordpress\/ -->\n<title>Inicio - Familia Salesiana<\/title>\n<meta name=\"robots\" content=\"index, follow, max-snippet:-1, max-image-preview:large, max-video-preview:-1\" \/>\n<link rel=\"canonical\" href=\"https:\/\/lalinea.salesianos.edu\/familiasalesiana\/\" \/>\n<meta property=\"og:locale\" content=\"es_ES\" \/>\n<meta property=\"og:type\" content=\"article\" \/>\n<meta property=\"og:title\" content=\"Inicio - Familia Salesiana\" \/>\n<meta property=\"og:description\" content=\"Casa que acoge Antiguos AlumnosEn 1908, siendo Rector Mayor de los Salesianos Don Miguel R\u00faa, y con el impulso del salesiano Don Felipe Rinaldi, naci\u00f3 la idea de una Federaci\u00f3n Internacional, se redact\u00f3 un Estatuto y se empez\u00f3 a caminar. El Cap\u00edtulo General Especial de los Salesianos, en 1972, los reconoci\u00f3 como grupo integrante de [&hellip;]\" \/>\n<meta property=\"og:url\" content=\"https:\/\/lalinea.salesianos.edu\/familiasalesiana\/\" \/>\n<meta property=\"og:site_name\" content=\"Familia Salesiana\" \/>\n<meta property=\"article:modified_time\" content=\"2025-08-04T08:56:37+00:00\" \/>\n<meta property=\"og:image\" content=\"https:\/\/lalinea.salesianos.edu\/familiasalesiana\/wp-content\/uploads\/sites\/5\/2021\/11\/logotipo-u251.png\" \/>\n\t<meta property=\"og:image:width\" content=\"330\" \/>\n\t<meta property=\"og:image:height\" content=\"330\" \/>\n\t<meta property=\"og:image:type\" content=\"image\/png\" \/>\n<meta name=\"twitter:card\" content=\"summary_large_image\" \/>\n<meta name=\"twitter:label1\" content=\"Tiempo de lectura\" \/>\n\t<meta name=\"twitter:data1\" content=\"12 minutos\" \/>\n<script type=\"application\/ld+json\" class=\"yoast-schema-graph\">{\"@context\":\"https:\\\/\\\/schema.org\",\"@graph\":[{\"@type\":\"WebPage\",\"@id\":\"https:\\\/\\\/lalinea.salesianos.edu\\\/familiasalesiana\\\/\",\"url\":\"https:\\\/\\\/lalinea.salesianos.edu\\\/familiasalesiana\\\/\",\"name\":\"Inicio - Familia Salesiana\",\"isPartOf\":{\"@id\":\"https:\\\/\\\/lalinea.salesianos.edu\\\/familiasalesiana\\\/#website\"},\"primaryImageOfPage\":{\"@id\":\"https:\\\/\\\/lalinea.salesianos.edu\\\/familiasalesiana\\\/#primaryimage\"},\"image\":{\"@id\":\"https:\\\/\\\/lalinea.salesianos.edu\\\/familiasalesiana\\\/#primaryimage\"},\"thumbnailUrl\":\"https:\\\/\\\/lalinea.salesianos.edu\\\/familiasalesiana\\\/wp-content\\\/uploads\\\/sites\\\/5\\\/2021\\\/11\\\/logotipo-u251.png\",\"datePublished\":\"2017-06-13T09:10:57+00:00\",\"dateModified\":\"2025-08-04T08:56:37+00:00\",\"breadcrumb\":{\"@id\":\"https:\\\/\\\/lalinea.salesianos.edu\\\/familiasalesiana\\\/#breadcrumb\"},\"inLanguage\":\"es\",\"potentialAction\":[{\"@type\":\"ReadAction\",\"target\":[\"https:\\\/\\\/lalinea.salesianos.edu\\\/familiasalesiana\\\/\"]}]},{\"@type\":\"ImageObject\",\"inLanguage\":\"es\",\"@id\":\"https:\\\/\\\/lalinea.salesianos.edu\\\/familiasalesiana\\\/#primaryimage\",\"url\":\"https:\\\/\\\/lalinea.salesianos.edu\\\/familiasalesiana\\\/wp-content\\\/uploads\\\/sites\\\/5\\\/2021\\\/11\\\/logotipo-u251.png\",\"contentUrl\":\"https:\\\/\\\/lalinea.salesianos.edu\\\/familiasalesiana\\\/wp-content\\\/uploads\\\/sites\\\/5\\\/2021\\\/11\\\/logotipo-u251.png\",\"width\":330,\"height\":330},{\"@type\":\"BreadcrumbList\",\"@id\":\"https:\\\/\\\/lalinea.salesianos.edu\\\/familiasalesiana\\\/#breadcrumb\",\"itemListElement\":[{\"@type\":\"ListItem\",\"position\":1,\"name\":\"Portada\",\"item\":\"https:\\\/\\\/lalinea.salesianos.edu\\\/familiasalesiana\\\/\"},{\"@type\":\"ListItem\",\"position\":2,\"name\":\"Inicio\"}]},{\"@type\":\"WebSite\",\"@id\":\"https:\\\/\\\/lalinea.salesianos.edu\\\/familiasalesiana\\\/#website\",\"url\":\"https:\\\/\\\/lalinea.salesianos.edu\\\/familiasalesiana\\\/\",\"name\":\"Familia Salesiana\",\"description\":\"P\u00e1gina oficial Salesianos La L\u00ednea de la Concepci\u00f3n\",\"potentialAction\":[{\"@type\":\"SearchAction\",\"target\":{\"@type\":\"EntryPoint\",\"urlTemplate\":\"https:\\\/\\\/lalinea.salesianos.edu\\\/familiasalesiana\\\/?s={search_term_string}\"},\"query-input\":{\"@type\":\"PropertyValueSpecification\",\"valueRequired\":true,\"valueName\":\"search_term_string\"}}],\"inLanguage\":\"es\"}]}<\/script>\n<!-- \/ Yoast SEO plugin. -->","yoast_head_json":{"title":"Inicio - Familia Salesiana","robots":{"index":"index","follow":"follow","max-snippet":"max-snippet:-1","max-image-preview":"max-image-preview:large","max-video-preview":"max-video-preview:-1"},"canonical":"https:\/\/lalinea.salesianos.edu\/familiasalesiana\/","og_locale":"es_ES","og_type":"article","og_title":"Inicio - Familia Salesiana","og_description":"Casa que acoge Antiguos AlumnosEn 1908, siendo Rector Mayor de los Salesianos Don Miguel R\u00faa, y con el impulso del salesiano Don Felipe Rinaldi, naci\u00f3 la idea de una Federaci\u00f3n Internacional, se redact\u00f3 un Estatuto y se empez\u00f3 a caminar. El Cap\u00edtulo General Especial de los Salesianos, en 1972, los reconoci\u00f3 como grupo integrante de [&hellip;]","og_url":"https:\/\/lalinea.salesianos.edu\/familiasalesiana\/","og_site_name":"Familia Salesiana","article_modified_time":"2025-08-04T08:56:37+00:00","og_image":[{"width":330,"height":330,"url":"https:\/\/lalinea.salesianos.edu\/familiasalesiana\/wp-content\/uploads\/sites\/5\/2021\/11\/logotipo-u251.png","type":"image\/png"}],"twitter_card":"summary_large_image","twitter_misc":{"Tiempo de lectura":"12 minutos"},"schema":{"@context":"https:\/\/schema.org","@graph":[{"@type":"WebPage","@id":"https:\/\/lalinea.salesianos.edu\/familiasalesiana\/","url":"https:\/\/lalinea.salesianos.edu\/familiasalesiana\/","name":"Inicio - Familia Salesiana","isPartOf":{"@id":"https:\/\/lalinea.salesianos.edu\/familiasalesiana\/#website"},"primaryImageOfPage":{"@id":"https:\/\/lalinea.salesianos.edu\/familiasalesiana\/#primaryimage"},"image":{"@id":"https:\/\/lalinea.salesianos.edu\/familiasalesiana\/#primaryimage"},"thumbnailUrl":"https:\/\/lalinea.salesianos.edu\/familiasalesiana\/wp-content\/uploads\/sites\/5\/2021\/11\/logotipo-u251.png","datePublished":"2017-06-13T09:10:57+00:00","dateModified":"2025-08-04T08:56:37+00:00","breadcrumb":{"@id":"https:\/\/lalinea.salesianos.edu\/familiasalesiana\/#breadcrumb"},"inLanguage":"es","potentialAction":[{"@type":"ReadAction","target":["https:\/\/lalinea.salesianos.edu\/familiasalesiana\/"]}]},{"@type":"ImageObject","inLanguage":"es","@id":"https:\/\/lalinea.salesianos.edu\/familiasalesiana\/#primaryimage","url":"https:\/\/lalinea.salesianos.edu\/familiasalesiana\/wp-content\/uploads\/sites\/5\/2021\/11\/logotipo-u251.png","contentUrl":"https:\/\/lalinea.salesianos.edu\/familiasalesiana\/wp-content\/uploads\/sites\/5\/2021\/11\/logotipo-u251.png","width":330,"height":330},{"@type":"BreadcrumbList","@id":"https:\/\/lalinea.salesianos.edu\/familiasalesiana\/#breadcrumb","itemListElement":[{"@type":"ListItem","position":1,"name":"Portada","item":"https:\/\/lalinea.salesianos.edu\/familiasalesiana\/"},{"@type":"ListItem","position":2,"name":"Inicio"}]},{"@type":"WebSite","@id":"https:\/\/lalinea.salesianos.edu\/familiasalesiana\/#website","url":"https:\/\/lalinea.salesianos.edu\/familiasalesiana\/","name":"Familia Salesiana","description":"P\u00e1gina oficial Salesianos La L\u00ednea de la Concepci\u00f3n","potentialAction":[{"@type":"SearchAction","target":{"@type":"EntryPoint","urlTemplate":"https:\/\/lalinea.salesianos.edu\/familiasalesiana\/?s={search_term_string}"},"query-input":{"@type":"PropertyValueSpecification","valueRequired":true,"valueName":"search_term_string"}}],"inLanguage":"es"}]}},"_links":{"self":[{"href":"https:\/\/lalinea.salesianos.edu\/familiasalesiana\/wp-json\/wp\/v2\/pages\/2552","targetHints":{"allow":["GET"]}}],"collection":[{"href":"https:\/\/lalinea.salesianos.edu\/familiasalesiana\/wp-json\/wp\/v2\/pages"}],"about":[{"href":"https:\/\/lalinea.salesianos.edu\/familiasalesiana\/wp-json\/wp\/v2\/types\/page"}],"author":[{"embeddable":true,"href":"https:\/\/lalinea.salesianos.edu\/familiasalesiana\/wp-json\/wp\/v2\/users\/2"}],"replies":[{"embeddable":true,"href":"https:\/\/lalinea.salesianos.edu\/familiasalesiana\/wp-json\/wp\/v2\/comments?post=2552"}],"version-history":[{"count":28,"href":"https:\/\/lalinea.salesianos.edu\/familiasalesiana\/wp-json\/wp\/v2\/pages\/2552\/revisions"}],"predecessor-version":[{"id":4086,"href":"https:\/\/lalinea.salesianos.edu\/familiasalesiana\/wp-json\/wp\/v2\/pages\/2552\/revisions\/4086"}],"wp:attachment":[{"href":"https:\/\/lalinea.salesianos.edu\/familiasalesiana\/wp-json\/wp\/v2\/media?parent=2552"}],"curies":[{"name":"wp","href":"https:\/\/api.w.org\/{rel}","templated":true}]}}