{"id":4010,"date":"2017-11-09T12:12:50","date_gmt":"2017-11-09T11:12:50","guid":{"rendered":"https:\/\/lalinea.salesianos.edu\/familiasalesiana\/?page_id=4010"},"modified":"2025-08-04T10:56:37","modified_gmt":"2025-08-04T08:56:37","slug":"secretaria","status":"publish","type":"page","link":"https:\/\/lalinea.salesianos.edu\/familiasalesiana\/secretaria\/","title":{"rendered":"Secretar\u00eda"},"content":{"rendered":"<div id=\"fb-root\"><\/div>\n<p>[et_pb_section bb_built=\u00bb1&#8243; custom_padding=\u00bb0px|0px|0px|0px\u00bb fullwidth=\u00bbon\u00bb _builder_version=\u00bb3.0.47&#8243;][et_pb_fullwidth_header title=\u00bbSecretar\u00eda\u00bb background_overlay_color=\u00bbrgba(178,178,178,0)\u00bb module_class=\u00bbpagina-imagen-cabecera\u00bb _builder_version=\u00bb3.0.84&#8243; background_image=\u00bbhttps:\/\/inspectoria.salesianos.edu\/wp-content\/uploads\/2017\/09\/ImagenPAGINA.jpg\u00bb text_orientation=\u00bbleft\u00bb header_fullscreen=\u00bboff\u00bb header_scroll_down=\u00bboff\u00bb image_orientation=\u00bbcenter\u00bb background_layout=\u00bblight\u00bb content_orientation=\u00bbcenter\u00bb custom_button_one=\u00bboff\u00bb button_one_icon_placement=\u00bbright\u00bb custom_button_two=\u00bboff\u00bb button_two_icon_placement=\u00bbright\u00bb max_width_tablet=\u00bb50px\u00bb \/][\/et_pb_section][et_pb_section bb_built=\u00bb1&#8243; admin_label=\u00bbsection\u00bb custom_padding=\u00bb0px|0px|54px|0px\u00bb _builder_version=\u00bb3.0.47&#8243;][et_pb_row admin_label=\u00bbrow\u00bb custom_padding=\u00bb25px|||\u00bb custom_margin=\u00bb25px|||\u00bb column_padding_mobile=\u00bbon\u00bb _builder_version=\u00bb3.0.71&#8243; background_size=\u00bbinitial\u00bb background_position=\u00bbtop_left\u00bb background_repeat=\u00bbrepeat\u00bb][et_pb_column type=\u00bb2_3&#8243;][et_pb_contact_form admin_label=\u00bbContact Form\u00bb email=\u00bbsecretaria.lalinea@salesianos.edu\u00bb title=\u00bbFormulario de contacto\u00bb success_message=\u00bbSu mensaje ha sido enviado correctamente. Gracias por contactar con nosotros.\u00bb module_id=\u00bbet_pb_contact_form_0&#8243; _builder_version=\u00bb3.0.84&#8243; custom_button=\u00bbon\u00bb button_text_color=\u00bb#ffffff\u00bb button_bg_color=\u00bb#e02b20&#8243; button_border_width=\u00bb0px\u00bb captcha=\u00bbon\u00bb use_redirect=\u00bboff\u00bb button_icon_placement=\u00bbright\u00bb] [et_pb_contact_field field_id=\u00bbName\u00bb field_title=\u00bbNombre\u00bb _builder_version=\u00bb3.0.47&#8243; form_field_font=\u00bb||||\u00bb][\/et_pb_contact_field][et_pb_contact_field field_id=\u00bbEmail\u00bb field_title=\u00bbDirecci\u00f3n de correo electr\u00f3nico\u00bb field_type=\u00bbemail\u00bb _builder_version=\u00bb3.0.47&#8243;][\/et_pb_contact_field][et_pb_contact_field field_id=\u00bbMessage\u00bb field_title=\u00bbMensaje\u00bb field_type=\u00bbtext\u00bb fullwidth_field=\u00bbon\u00bb _builder_version=\u00bb3.0.47&#8243;][\/et_pb_contact_field][et_pb_contact_field field_id=\u00bbPrivacidad\u00bb field_title=\u00bb \u00bb field_type=\u00bbcheckbox\u00bb checkbox_options=\u00bb%91{%22value%22:%22Acepto la pol\u00edtica de privacidad del sitio%22,%22checked%22:0,%22dragID%22:0}%93&#8243; fullwidth_field=\u00bbon\u00bb _builder_version=\u00bb3.0.47&#8243; form_field_font=\u00bb||||\u00bb][\/et_pb_contact_field] [\/et_pb_contact_form][\/et_pb_column][et_pb_column type=\u00bb1_3&#8243;][et_pb_text admin_label=\u00bbText\u00bb _builder_version=\u00bb3.0.84&#8243; background_size=\u00bbinitial\u00bb background_position=\u00bbtop_left\u00bb background_repeat=\u00bbrepeat\u00bb custom_margin=\u00bb|||\u00bb custom_padding=\u00bb|||\u00bb background_layout=\u00bblight\u00bb]<\/p>\n<h2>M\u00e1s informaci\u00f3n<\/h2>\n<p>Para <strong>CONTACTAR<\/strong> con la Secretar\u00eda de\u00a0<strong>Salesianos La L\u00ednea<\/strong>:<\/p>\n<ul>\n<li>Puede rellenar y enviar este\u00a0formulario.<\/li>\n<li>Puede llamar por tel\u00e9fono.<\/li>\n<\/ul>\n<p>[\/et_pb_text][et_pb_blurb title=\u00bbAvda. Men\u00e9ndez Pelayo, 5&#8243; use_icon=\u00bbon\u00bb font_icon=\u00bb%%249%%\u00bb icon_placement=\u00bbleft\u00bb _builder_version=\u00bb3.0.84&#8243; header_font_size=\u00bb15px\u00bb body_line_height=\u00bb1em\u00bb custom_margin=\u00bb||5px|\u00bb animation=\u00bboff\u00bb url_new_window=\u00bboff\u00bb use_circle=\u00bboff\u00bb use_circle_border=\u00bboff\u00bb use_icon_font_size=\u00bboff\u00bb background_layout=\u00bblight\u00bb]<\/p>\n<p>11300 La L\u00ednea (C\u00c1DIZ)<\/p>\n<p>[\/et_pb_blurb][et_pb_blurb title=\u00bbSecretar\u00eda\u00bb use_icon=\u00bbon\u00bb font_icon=\u00bb%%258%%\u00bb icon_placement=\u00bbleft\u00bb _builder_version=\u00bb3.0.84&#8243; header_font_size=\u00bb15px\u00bb body_line_height=\u00bb1em\u00bb custom_margin=\u00bb||5px|\u00bb animation=\u00bboff\u00bb url_new_window=\u00bboff\u00bb use_circle=\u00bboff\u00bb use_circle_border=\u00bboff\u00bb use_icon_font_size=\u00bboff\u00bb background_layout=\u00bblight\u00bb]<\/p>\n<p>M\u00aa \u00c1ngeles Becerra Gavil\u00e1n<\/p>\n<p>[\/et_pb_blurb][et_pb_blurb title=\u00bb956 177 108&#8243; use_icon=\u00bbon\u00bb font_icon=\u00bb%%264%%\u00bb icon_placement=\u00bbleft\u00bb _builder_version=\u00bb3.0.84&#8243; header_font_size=\u00bb17px\u00bb body_line_height=\u00bb1em\u00bb custom_margin=\u00bb||5px|\u00bb animation=\u00bboff\u00bb url_new_window=\u00bboff\u00bb use_circle=\u00bboff\u00bb use_circle_border=\u00bboff\u00bb use_icon_font_size=\u00bboff\u00bb background_layout=\u00bblight\u00bb]<\/p>\n<p><em>Porter\u00eda: <a href=\"callto:956177108\">956 177 108<\/a><\/em><\/p>\n<p>[\/et_pb_blurb][et_pb_blurb title=\u00bbHorario de atenci\u00f3n al p\u00fablico\u00bb use_icon=\u00bbon\u00bb font_icon=\u00bb%%229%%\u00bb icon_placement=\u00bbleft\u00bb _builder_version=\u00bb3.0.84&#8243; header_font_size=\u00bb15px\u00bb body_line_height=\u00bb1em\u00bb custom_margin=\u00bb||5px|\u00bb animation=\u00bboff\u00bb url_new_window=\u00bboff\u00bb use_circle=\u00bboff\u00bb use_circle_border=\u00bboff\u00bb use_icon_font_size=\u00bboff\u00bb background_layout=\u00bblight\u00bb]<\/p>\n<p>Lunes de 16:00 a 18:00 h.(desde octubre)<\/p>\n<p>Martes, jueves y viernes de 9:00 a 10:30<\/p>\n<p>[\/et_pb_blurb][\/et_pb_column][\/et_pb_row][\/et_pb_section][et_pb_section bb_built=\u00bb1&#8243; admin_label=\u00bbsection\u00bb padding_mobile=\u00bboff\u00bb fullwidth=\u00bbon\u00bb _builder_version=\u00bb3.0.51&#8243; custom_padding_tablet=\u00bb50px|0|50px|0&#8243; custom_padding_last_edited=\u00bbon|desktop\u00bb][et_pb_fullwidth_map _builder_version=\u00bb3.0.84&#8243; address=\u00bbLa L\u00ednea, C\u00e1diz\u00bb zoom_level=\u00bb13&#8243; address_lat=\u00bb36.18085204858168&#8243; address_lng=\u00bb-5.375085366015577&#8243; mouse_wheel=\u00bbon\u00bb mobile_dragging=\u00bbon\u00bb use_grayscale_filter=\u00bboff\u00bb] [et_pb_map_pin _builder_version=\u00bb3.0.84&#8243; title=\u00bbSALESIANOS LA LINEA\u00bb pin_address=\u00bbMadrid, Espa\u00f1a\u00bb pin_address_lat=\u00bb36.16334851254051&#8243; pin_address_lng=\u00bb-5.344357979540973&#8243; \/] [\/et_pb_fullwidth_map][\/et_pb_section]<\/p>\n","protected":false},"excerpt":{"rendered":"<p>M\u00e1s informaci\u00f3n Para CONTACTAR con la Secretar\u00eda de\u00a0Salesianos La L\u00ednea: Puede rellenar y enviar este\u00a0formulario. Puede llamar por tel\u00e9fono. 11300 La L\u00ednea (C\u00c1DIZ) M\u00aa \u00c1ngeles Becerra Gavil\u00e1n Porter\u00eda: 956 177 108 Lunes de 16:00 a 18:00 h.(desde octubre) Martes, jueves y viernes de 9:00 a 10:30<\/p>\n","protected":false},"author":2,"featured_media":0,"parent":0,"menu_order":0,"comment_status":"closed","ping_status":"closed","template":"","meta":{"_et_pb_use_builder":"on","_et_pb_old_content":"","_et_gb_content_width":"","footnotes":""},"class_list":["post-4010","page","type-page","status-publish","hentry"],"yoast_head":"<!-- This site is optimized with the Yoast SEO plugin v28.3 - https:\/\/yoast.com\/product\/yoast-seo-wordpress\/ -->\n<title>Secretar\u00eda - Familia Salesiana<\/title>\n<meta name=\"robots\" content=\"index, follow, max-snippet:-1, max-image-preview:large, max-video-preview:-1\" \/>\n<link rel=\"canonical\" href=\"https:\/\/lalinea.salesianos.edu\/familiasalesiana\/secretaria\/\" \/>\n<meta property=\"og:locale\" content=\"es_ES\" \/>\n<meta property=\"og:type\" content=\"article\" \/>\n<meta property=\"og:title\" content=\"Secretar\u00eda - Familia Salesiana\" \/>\n<meta property=\"og:description\" content=\"M\u00e1s informaci\u00f3n Para CONTACTAR con la Secretar\u00eda de\u00a0Salesianos La L\u00ednea: Puede rellenar y enviar este\u00a0formulario. Puede llamar por tel\u00e9fono. 11300 La L\u00ednea (C\u00c1DIZ) M\u00aa \u00c1ngeles Becerra Gavil\u00e1n Porter\u00eda: 956 177 108 Lunes de 16:00 a 18:00 h.(desde octubre) Martes, jueves y viernes de 9:00 a 10:30\" \/>\n<meta property=\"og:url\" content=\"https:\/\/lalinea.salesianos.edu\/familiasalesiana\/secretaria\/\" \/>\n<meta property=\"og:site_name\" content=\"Familia Salesiana\" \/>\n<meta property=\"article:modified_time\" content=\"2025-08-04T08:56:37+00:00\" \/>\n<meta name=\"twitter:card\" content=\"summary_large_image\" \/>\n<meta name=\"twitter:label1\" content=\"Tiempo de lectura\" \/>\n\t<meta name=\"twitter:data1\" content=\"3 minutos\" \/>\n<script type=\"application\/ld+json\" class=\"yoast-schema-graph\">{\"@context\":\"https:\\\/\\\/schema.org\",\"@graph\":[{\"@type\":\"WebPage\",\"@id\":\"https:\\\/\\\/lalinea.salesianos.edu\\\/familiasalesiana\\\/secretaria\\\/\",\"url\":\"https:\\\/\\\/lalinea.salesianos.edu\\\/familiasalesiana\\\/secretaria\\\/\",\"name\":\"Secretar\u00eda - Familia Salesiana\",\"isPartOf\":{\"@id\":\"https:\\\/\\\/lalinea.salesianos.edu\\\/familiasalesiana\\\/#website\"},\"datePublished\":\"2017-11-09T11:12:50+00:00\",\"dateModified\":\"2025-08-04T08:56:37+00:00\",\"breadcrumb\":{\"@id\":\"https:\\\/\\\/lalinea.salesianos.edu\\\/familiasalesiana\\\/secretaria\\\/#breadcrumb\"},\"inLanguage\":\"es\",\"potentialAction\":[{\"@type\":\"ReadAction\",\"target\":[\"https:\\\/\\\/lalinea.salesianos.edu\\\/familiasalesiana\\\/secretaria\\\/\"]}]},{\"@type\":\"BreadcrumbList\",\"@id\":\"https:\\\/\\\/lalinea.salesianos.edu\\\/familiasalesiana\\\/secretaria\\\/#breadcrumb\",\"itemListElement\":[{\"@type\":\"ListItem\",\"position\":1,\"name\":\"Portada\",\"item\":\"https:\\\/\\\/lalinea.salesianos.edu\\\/familiasalesiana\\\/\"},{\"@type\":\"ListItem\",\"position\":2,\"name\":\"Secretar\u00eda\"}]},{\"@type\":\"WebSite\",\"@id\":\"https:\\\/\\\/lalinea.salesianos.edu\\\/familiasalesiana\\\/#website\",\"url\":\"https:\\\/\\\/lalinea.salesianos.edu\\\/familiasalesiana\\\/\",\"name\":\"Familia Salesiana\",\"description\":\"P\u00e1gina oficial Salesianos La L\u00ednea de la Concepci\u00f3n\",\"potentialAction\":[{\"@type\":\"SearchAction\",\"target\":{\"@type\":\"EntryPoint\",\"urlTemplate\":\"https:\\\/\\\/lalinea.salesianos.edu\\\/familiasalesiana\\\/?s={search_term_string}\"},\"query-input\":{\"@type\":\"PropertyValueSpecification\",\"valueRequired\":true,\"valueName\":\"search_term_string\"}}],\"inLanguage\":\"es\"}]}<\/script>\n<!-- \/ Yoast SEO plugin. -->","yoast_head_json":{"title":"Secretar\u00eda - Familia Salesiana","robots":{"index":"index","follow":"follow","max-snippet":"max-snippet:-1","max-image-preview":"max-image-preview:large","max-video-preview":"max-video-preview:-1"},"canonical":"https:\/\/lalinea.salesianos.edu\/familiasalesiana\/secretaria\/","og_locale":"es_ES","og_type":"article","og_title":"Secretar\u00eda - Familia Salesiana","og_description":"M\u00e1s informaci\u00f3n Para CONTACTAR con la Secretar\u00eda de\u00a0Salesianos La L\u00ednea: Puede rellenar y enviar este\u00a0formulario. Puede llamar por tel\u00e9fono. 11300 La L\u00ednea (C\u00c1DIZ) M\u00aa \u00c1ngeles Becerra Gavil\u00e1n Porter\u00eda: 956 177 108 Lunes de 16:00 a 18:00 h.(desde octubre) Martes, jueves y viernes de 9:00 a 10:30","og_url":"https:\/\/lalinea.salesianos.edu\/familiasalesiana\/secretaria\/","og_site_name":"Familia Salesiana","article_modified_time":"2025-08-04T08:56:37+00:00","twitter_card":"summary_large_image","twitter_misc":{"Tiempo de lectura":"3 minutos"},"schema":{"@context":"https:\/\/schema.org","@graph":[{"@type":"WebPage","@id":"https:\/\/lalinea.salesianos.edu\/familiasalesiana\/secretaria\/","url":"https:\/\/lalinea.salesianos.edu\/familiasalesiana\/secretaria\/","name":"Secretar\u00eda - Familia Salesiana","isPartOf":{"@id":"https:\/\/lalinea.salesianos.edu\/familiasalesiana\/#website"},"datePublished":"2017-11-09T11:12:50+00:00","dateModified":"2025-08-04T08:56:37+00:00","breadcrumb":{"@id":"https:\/\/lalinea.salesianos.edu\/familiasalesiana\/secretaria\/#breadcrumb"},"inLanguage":"es","potentialAction":[{"@type":"ReadAction","target":["https:\/\/lalinea.salesianos.edu\/familiasalesiana\/secretaria\/"]}]},{"@type":"BreadcrumbList","@id":"https:\/\/lalinea.salesianos.edu\/familiasalesiana\/secretaria\/#breadcrumb","itemListElement":[{"@type":"ListItem","position":1,"name":"Portada","item":"https:\/\/lalinea.salesianos.edu\/familiasalesiana\/"},{"@type":"ListItem","position":2,"name":"Secretar\u00eda"}]},{"@type":"WebSite","@id":"https:\/\/lalinea.salesianos.edu\/familiasalesiana\/#website","url":"https:\/\/lalinea.salesianos.edu\/familiasalesiana\/","name":"Familia Salesiana","description":"P\u00e1gina oficial Salesianos La L\u00ednea de la Concepci\u00f3n","potentialAction":[{"@type":"SearchAction","target":{"@type":"EntryPoint","urlTemplate":"https:\/\/lalinea.salesianos.edu\/familiasalesiana\/?s={search_term_string}"},"query-input":{"@type":"PropertyValueSpecification","valueRequired":true,"valueName":"search_term_string"}}],"inLanguage":"es"}]}},"_links":{"self":[{"href":"https:\/\/lalinea.salesianos.edu\/familiasalesiana\/wp-json\/wp\/v2\/pages\/4010","targetHints":{"allow":["GET"]}}],"collection":[{"href":"https:\/\/lalinea.salesianos.edu\/familiasalesiana\/wp-json\/wp\/v2\/pages"}],"about":[{"href":"https:\/\/lalinea.salesianos.edu\/familiasalesiana\/wp-json\/wp\/v2\/types\/page"}],"author":[{"embeddable":true,"href":"https:\/\/lalinea.salesianos.edu\/familiasalesiana\/wp-json\/wp\/v2\/users\/2"}],"replies":[{"embeddable":true,"href":"https:\/\/lalinea.salesianos.edu\/familiasalesiana\/wp-json\/wp\/v2\/comments?post=4010"}],"version-history":[{"count":10,"href":"https:\/\/lalinea.salesianos.edu\/familiasalesiana\/wp-json\/wp\/v2\/pages\/4010\/revisions"}],"predecessor-version":[{"id":4020,"href":"https:\/\/lalinea.salesianos.edu\/familiasalesiana\/wp-json\/wp\/v2\/pages\/4010\/revisions\/4020"}],"wp:attachment":[{"href":"https:\/\/lalinea.salesianos.edu\/familiasalesiana\/wp-json\/wp\/v2\/media?parent=4010"}],"curies":[{"name":"wp","href":"https:\/\/api.w.org\/{rel}","templated":true}]}}