{"id":4044,"date":"2018-05-18T09:48:45","date_gmt":"2018-05-18T07:48:45","guid":{"rendered":"https:\/\/lalinea.salesianos.edu\/familiasalesiana\/?page_id=4044"},"modified":"2025-08-04T10:56:36","modified_gmt":"2025-08-04T08:56:36","slug":"adma","status":"publish","type":"page","link":"https:\/\/lalinea.salesianos.edu\/familiasalesiana\/adma\/","title":{"rendered":"ADMA"},"content":{"rendered":"<div id=\"fb-root\"><\/div>\n<p>[et_pb_section fb_built=\u00bb1&#8243; fullwidth=\u00bbon\u00bb _builder_version=\u00bb3.22&#8243;][et_pb_fullwidth_header title=\u00bbArchicofrad\u00eda de Mar\u00eda Auxiliadora\u00bb module_class=\u00bbpagina-imagen-cabecera\u00bb _builder_version=\u00bb4.4.2&#8243; title_text_color=\u00bb#ffffff\u00bb background_color=\u00bb#e02b20&#8243; background_layout=\u00bblight\u00bb max_width_tablet=\u00bb50px\u00bb hover_enabled=\u00bb0&#8243; button_one_letter_spacing_hover=\u00bb0&#8243; button_two_letter_spacing_hover=\u00bb0&#8243; button_one_text_size__hover_enabled=\u00bboff\u00bb button_two_text_size__hover_enabled=\u00bboff\u00bb button_one_text_color__hover_enabled=\u00bboff\u00bb button_two_text_color__hover_enabled=\u00bboff\u00bb button_one_border_width__hover_enabled=\u00bboff\u00bb button_two_border_width__hover_enabled=\u00bboff\u00bb button_one_border_color__hover_enabled=\u00bboff\u00bb button_two_border_color__hover_enabled=\u00bboff\u00bb button_one_border_radius__hover_enabled=\u00bboff\u00bb button_two_border_radius__hover_enabled=\u00bboff\u00bb button_one_letter_spacing__hover_enabled=\u00bbon\u00bb button_one_letter_spacing__hover=\u00bb0&#8243; button_two_letter_spacing__hover_enabled=\u00bbon\u00bb button_two_letter_spacing__hover=\u00bb0&#8243; button_one_bg_color__hover_enabled=\u00bboff\u00bb button_two_bg_color__hover_enabled=\u00bboff\u00bb background_enable_image=\u00bboff\u00bb][\/et_pb_fullwidth_header][\/et_pb_section][et_pb_section fb_built=\u00bb1&#8243; admin_label=\u00bbsection\u00bb _builder_version=\u00bb3.22&#8243;][et_pb_row column_structure=\u00bb1_4,3_4&#8243; disabled_on=\u00bbon|on|on\u00bb _builder_version=\u00bb4.4.2&#8243; custom_margin=\u00bb25px|||\u00bb custom_padding=\u00bb25px|||\u00bb disabled=\u00bbon\u00bb][et_pb_column type=\u00bb1_4&#8243; _builder_version=\u00bb3.25&#8243; custom_padding=\u00bb|||\u00bb custom_padding__hover=\u00bb|||\u00bb][et_pb_image src=\u00bbhttps:\/\/lalinea.salesianos.edu\/familiasalesiana\/wp-content\/uploads\/sites\/5\/2021\/11\/vega.png\u00bb alt=\u00bbRosendo Soler Mir\u00f3\u00bb title_text=\u00bbRosendo Soler Mir\u00f3\u00bb admin_label=\u00bbFoto (Imagen)\u00bb _builder_version=\u00bb4.4.2&#8243; animation_style=\u00bbslide\u00bb animation_direction=\u00bbleft\u00bb animation_duration=\u00bb500ms\u00bb animation_intensity_slide=\u00bb10%\u00bb always_center_on_mobile=\u00bboff\u00bb][\/et_pb_image][\/et_pb_column][et_pb_column type=\u00bb3_4&#8243; _builder_version=\u00bb3.25&#8243; custom_padding=\u00bb|||\u00bb custom_padding__hover=\u00bb|||\u00bb][et_pb_text _builder_version=\u00bb4.4.2&#8243;]<\/p>\n<p class=\"font_8\">Hola a todos:<\/p>\n<p class=\"font_8\">Entre los muros de \u00e9ste colegio fuimos pasando nuestra ni\u00f1ez, y nuestra adolescencia, forjamos nuestra personalidad, y en este escenario tuvieron lugar muchos de los recuerdos, palabras y situaciones que formaron ya parte de nuestra vida. Los a\u00f1os de estudiante quedaron atr\u00e1s, y una vez que lo abandonamos, perdimos de vista a los que hasta entonces hab\u00edan sido algo m\u00e1s que nuestros compa\u00f1eros.<\/p>\n<p class=\"font_8\">Tras muchos, demasiados a\u00f1os sin saber uno de los otros, hace un a\u00f1o, algunos de nosotros nos encontramos en la cafeter\u00eda del colegio y nos propusimos sacar adelante esta asociaci\u00f3n. Fue el punto de inflexi\u00f3n, y a partir de ah\u00ed decidimos juntarnos de vez en cuando para cenar y charlar, e ir dando forma a \u00e9sta ilusi\u00f3n que ten\u00edamos.<\/p>\n<p class=\"font_8\">Por fin, el dos de febrero de 2013 y despu\u00e9s de celebrar la eucarist\u00eda, que celebramos en la capilla de nuestro colegio, nos impusieron a aproximadamente ochenta personas, la insignia de Antiguos Alumnos de San Juan Bosco y elegimos a la primera junta directiva de nuestra asociaci\u00f3n.<\/p>\n<p class=\"font_8\">Como no pod\u00eda ser de otra manera fuimos a celebrarlo tom\u00e1ndonos algo juntos. El tiempo hab\u00eda hecho mella en nosotros (el pelo dejaba paso a incipientes calvicies, las arrugas se adivinaban en los rostros, los cuerpos antes atl\u00e9ticos, comenzaban a deformarse, pero para mi sorpresa, creo que ser\u00eda capaz de haber reconocido a cada uno de aquellos ni\u00f1os de mis recuerdos.<\/p>\n<p class=\"font_8\">Con la creaci\u00f3n de nuestra p\u00e1gina web, pretendemos a trav\u00e9s de este medio, daros a conocer nuestra asociaci\u00f3n, as\u00ed como mantener informados a todos de cualquier acto que realicemos.<\/p>\n<p class=\"font_8\">Por todo ello, se\u00e1is bienvenidos todos a este medio de informaci\u00f3n como es la p\u00e1gina web oficial de nuestra AA.AA. Colegio Salesiano \u201cSan Juan Bosco\u201d de La L\u00ednea de la Concepci\u00f3n.<\/p>\n<p class=\"font_8\">Te invitamos a navegar un rato por nuestra p\u00e1gina web y Facebook, a que visites las distintas secciones que tenemos y nos dejes tu testimonio, env\u00edes tus fotos, recuerdos, y realices todos las sugerencias que creas conveniente y nos difundes entre tus compa\u00f1eros y amigos.<\/p>\n<p class=\"font_8\">Un saludo de vuestro presidente Isidoro Javier Vega Moreno.<\/p>\n<p>[\/et_pb_text][\/et_pb_column][\/et_pb_row][et_pb_row _builder_version=\u00bb4.4.2&#8243;][et_pb_column type=\u00bb4_4&#8243; _builder_version=\u00bb4.4.2&#8243;][et_pb_text _builder_version=\u00bb4.4.2&#8243; text_font=\u00bbLato Light||||\u00bb custom_margin=\u00bb10px|||\u00bb]<\/p>\n<h1>Bienvenido\/a, esta es tu casa.<\/h1>\n<p>[\/et_pb_text][et_pb_testimonial job_title=\u00bbPresidenta de la Archicofrad\u00eda Mar\u00eda Auxiliadora \u00bb company_name=\u00bbSalesianos La L\u00ednea\u00bb _builder_version=\u00bb4.4.2&#8243; hover_enabled=\u00bb0&#8243;][\/et_pb_testimonial][\/et_pb_column][\/et_pb_row][et_pb_row column_structure=\u00bb1_3,1_3,1_3&#8243; _builder_version=\u00bb3.25&#8243;][et_pb_column type=\u00bb1_3&#8243; _builder_version=\u00bb3.25&#8243; custom_padding=\u00bb|||\u00bb custom_padding__hover=\u00bb|||\u00bb][et_pb_blurb title=\u00bbIdentidad\u00bb use_icon=\u00bbon\u00bb font_icon=\u00bb%%257%%\u00bb use_circle=\u00bbon\u00bb circle_color=\u00bb#ffffff\u00bb use_circle_border=\u00bbon\u00bb circle_border_color=\u00bb#636a70&#8243; use_icon_font_size=\u00bbon\u00bb icon_font_size=\u00bb59px\u00bb _builder_version=\u00bb4.4.2&#8243; header_font_size=\u00bb16px\u00bb background_size=\u00bbinitial\u00bb background_position=\u00bbtop_left\u00bb background_repeat=\u00bbrepeat\u00bb text_orientation=\u00bbcenter\u00bb max_width_tablet=\u00bb50px\u00bb animation=\u00bboff\u00bb][\/et_pb_blurb][et_pb_text _builder_version=\u00bb4.4.2&#8243;][\/et_pb_text][et_pb_blurb title=\u00bbAsociarse\u00bb use_icon=\u00bbon\u00bb font_icon=\u00bb%%210%%\u00bb use_circle=\u00bbon\u00bb circle_color=\u00bb#ffffff\u00bb use_circle_border=\u00bbon\u00bb circle_border_color=\u00bb#636a70&#8243; use_icon_font_size=\u00bbon\u00bb icon_font_size=\u00bb59px\u00bb _builder_version=\u00bb4.4.2&#8243; header_font_size=\u00bb16px\u00bb background_size=\u00bbinitial\u00bb background_position=\u00bbtop_left\u00bb background_repeat=\u00bbrepeat\u00bb text_orientation=\u00bbcenter\u00bb max_width_tablet=\u00bb50px\u00bb animation=\u00bboff\u00bb][\/et_pb_blurb][\/et_pb_column][et_pb_column type=\u00bb1_3&#8243; _builder_version=\u00bb3.25&#8243; custom_padding=\u00bb|||\u00bb custom_padding__hover=\u00bb|||\u00bb][et_pb_blurb title=\u00bbNuestro proyecto\u00bb use_icon=\u00bbon\u00bb font_icon=\u00bb%%72%%\u00bb use_circle=\u00bbon\u00bb circle_color=\u00bb#ffffff\u00bb use_circle_border=\u00bbon\u00bb circle_border_color=\u00bb#636a70&#8243; use_icon_font_size=\u00bbon\u00bb icon_font_size=\u00bb59px\u00bb _builder_version=\u00bb4.4.2&#8243; header_font_size=\u00bb16px\u00bb background_size=\u00bbinitial\u00bb background_position=\u00bbtop_left\u00bb background_repeat=\u00bbrepeat\u00bb text_orientation=\u00bbcenter\u00bb max_width_tablet=\u00bb50px\u00bb animation=\u00bboff\u00bb][\/et_pb_blurb][\/et_pb_column][et_pb_column type=\u00bb1_3&#8243; _builder_version=\u00bb3.25&#8243; custom_padding=\u00bb|||\u00bb custom_padding__hover=\u00bb|||\u00bb][et_pb_blurb title=\u00bbHistoria\u00bb use_icon=\u00bbon\u00bb font_icon=\u00bb%%254%%\u00bb use_circle=\u00bbon\u00bb circle_color=\u00bb#ffffff\u00bb use_circle_border=\u00bbon\u00bb circle_border_color=\u00bb#636a70&#8243; use_icon_font_size=\u00bbon\u00bb icon_font_size=\u00bb59px\u00bb _builder_version=\u00bb4.4.2&#8243; header_font_size=\u00bb16px\u00bb background_size=\u00bbinitial\u00bb background_position=\u00bbtop_left\u00bb background_repeat=\u00bbrepeat\u00bb text_orientation=\u00bbcenter\u00bb max_width_tablet=\u00bb50px\u00bb animation=\u00bboff\u00bb][\/et_pb_blurb][\/et_pb_column][\/et_pb_row][et_pb_row disabled_on=\u00bbon|on|on\u00bb _builder_version=\u00bb4.4.2&#8243; disabled=\u00bbon\u00bb][et_pb_column type=\u00bb4_4&#8243; _builder_version=\u00bb4.4.2&#8243;][et_pb_text _builder_version=\u00bb4.4.2&#8243;]<\/p>\n<h1>Revista Antiguos Alumnos<\/h1>\n<p>[\/et_pb_text][\/et_pb_column][\/et_pb_row][et_pb_row column_structure=\u00bb1_2,1_2&#8243; disabled_on=\u00bbon|on|on\u00bb _builder_version=\u00bb4.4.2&#8243; disabled=\u00bbon\u00bb][et_pb_column type=\u00bb1_2&#8243; _builder_version=\u00bb4.4.2&#8243;][et_pb_text _builder_version=\u00bb4.4.2&#8243;]<\/p>\n<h1>N\u00famero 2<\/h1>\n<p>[\/et_pb_text][et_pb_code _builder_version=\u00bb4.4.2&#8243;]<iframe loading=\"lazy\" src=\"https:\/\/drive.google.com\/file\/d\/1IXhTqG_efFKtJ91RpMhlIFPqVFzfJ87W\/preview\" width=\"640\" height=\"480\" allow=\"autoplay\"><\/iframe>[\/et_pb_code][\/et_pb_column][et_pb_column type=\u00bb1_2&#8243; _builder_version=\u00bb4.4.2&#8243;][et_pb_text _builder_version=\u00bb4.4.2&#8243;]<\/p>\n<h1>N\u00famero 1<\/h1>\n<p>[\/et_pb_text][et_pb_code _builder_version=\u00bb4.4.2&#8243;]<iframe loading=\"lazy\" src=\"https:\/\/drive.google.com\/file\/d\/1kWS84Zg9jz9fXxE9bQr8jzQJLnUu_A1n\/preview\" width=\"640\" height=\"480\" allow=\"autoplay\"><\/iframe>[\/et_pb_code][\/et_pb_column][\/et_pb_row][et_pb_row _builder_version=\u00bb4.4.2&#8243;][et_pb_column type=\u00bb4_4&#8243; _builder_version=\u00bb4.4.2&#8243;][et_pb_code _builder_version=\u00bb4.4.2&#8243;]<iframe loading=\"lazy\" src=\"https:\/\/calendar.google.com\/calendar\/embed?src=c_t23up8de4k979at4d281epl6dc%40group.calendar.google.com&#038;ctz=Europe%2FMadrid\" style=\"border: 0\" width=\"800\" height=\"600\" frameborder=\"0\" scrolling=\"no\"><\/iframe>[\/et_pb_code][\/et_pb_column][\/et_pb_row][\/et_pb_section]<\/p>\n","protected":false},"excerpt":{"rendered":"<p>Hola a todos: Entre los muros de \u00e9ste colegio fuimos pasando nuestra ni\u00f1ez, y nuestra adolescencia, forjamos nuestra personalidad, y en este escenario tuvieron lugar muchos de los recuerdos, palabras y situaciones que formaron ya parte de nuestra vida. Los a\u00f1os de estudiante quedaron atr\u00e1s, y una vez que lo abandonamos, perdimos de vista a [&hellip;]<\/p>\n","protected":false},"author":2,"featured_media":0,"parent":0,"menu_order":0,"comment_status":"closed","ping_status":"closed","template":"","meta":{"_et_pb_use_builder":"on","_et_pb_old_content":"","_et_gb_content_width":"","footnotes":""},"class_list":["post-4044","page","type-page","status-publish","hentry"],"yoast_head":"<!-- This site is optimized with the Yoast SEO plugin v28.3 - https:\/\/yoast.com\/product\/yoast-seo-wordpress\/ -->\n<title>ADMA - Familia Salesiana<\/title>\n<meta name=\"robots\" content=\"index, follow, max-snippet:-1, max-image-preview:large, max-video-preview:-1\" \/>\n<link rel=\"canonical\" href=\"https:\/\/lalinea.salesianos.edu\/familiasalesiana\/adma\/\" \/>\n<meta property=\"og:locale\" content=\"es_ES\" \/>\n<meta property=\"og:type\" content=\"article\" \/>\n<meta property=\"og:title\" content=\"ADMA - Familia Salesiana\" \/>\n<meta property=\"og:description\" content=\"Hola a todos: Entre los muros de \u00e9ste colegio fuimos pasando nuestra ni\u00f1ez, y nuestra adolescencia, forjamos nuestra personalidad, y en este escenario tuvieron lugar muchos de los recuerdos, palabras y situaciones que formaron ya parte de nuestra vida. Los a\u00f1os de estudiante quedaron atr\u00e1s, y una vez que lo abandonamos, perdimos de vista a [&hellip;]\" \/>\n<meta property=\"og:url\" content=\"https:\/\/lalinea.salesianos.edu\/familiasalesiana\/adma\/\" \/>\n<meta property=\"og:site_name\" content=\"Familia Salesiana\" \/>\n<meta property=\"article:modified_time\" content=\"2025-08-04T08:56:36+00:00\" \/>\n<meta name=\"twitter:card\" content=\"summary_large_image\" \/>\n<meta name=\"twitter:label1\" content=\"Tiempo de lectura\" \/>\n\t<meta name=\"twitter:data1\" content=\"6 minutos\" \/>\n<script type=\"application\/ld+json\" class=\"yoast-schema-graph\">{\"@context\":\"https:\\\/\\\/schema.org\",\"@graph\":[{\"@type\":\"WebPage\",\"@id\":\"https:\\\/\\\/lalinea.salesianos.edu\\\/familiasalesiana\\\/adma\\\/\",\"url\":\"https:\\\/\\\/lalinea.salesianos.edu\\\/familiasalesiana\\\/adma\\\/\",\"name\":\"ADMA - Familia Salesiana\",\"isPartOf\":{\"@id\":\"https:\\\/\\\/lalinea.salesianos.edu\\\/familiasalesiana\\\/#website\"},\"datePublished\":\"2018-05-18T07:48:45+00:00\",\"dateModified\":\"2025-08-04T08:56:36+00:00\",\"breadcrumb\":{\"@id\":\"https:\\\/\\\/lalinea.salesianos.edu\\\/familiasalesiana\\\/adma\\\/#breadcrumb\"},\"inLanguage\":\"es\",\"potentialAction\":[{\"@type\":\"ReadAction\",\"target\":[\"https:\\\/\\\/lalinea.salesianos.edu\\\/familiasalesiana\\\/adma\\\/\"]}]},{\"@type\":\"BreadcrumbList\",\"@id\":\"https:\\\/\\\/lalinea.salesianos.edu\\\/familiasalesiana\\\/adma\\\/#breadcrumb\",\"itemListElement\":[{\"@type\":\"ListItem\",\"position\":1,\"name\":\"Portada\",\"item\":\"https:\\\/\\\/lalinea.salesianos.edu\\\/familiasalesiana\\\/\"},{\"@type\":\"ListItem\",\"position\":2,\"name\":\"ADMA\"}]},{\"@type\":\"WebSite\",\"@id\":\"https:\\\/\\\/lalinea.salesianos.edu\\\/familiasalesiana\\\/#website\",\"url\":\"https:\\\/\\\/lalinea.salesianos.edu\\\/familiasalesiana\\\/\",\"name\":\"Familia Salesiana\",\"description\":\"P\u00e1gina oficial Salesianos La L\u00ednea de la Concepci\u00f3n\",\"potentialAction\":[{\"@type\":\"SearchAction\",\"target\":{\"@type\":\"EntryPoint\",\"urlTemplate\":\"https:\\\/\\\/lalinea.salesianos.edu\\\/familiasalesiana\\\/?s={search_term_string}\"},\"query-input\":{\"@type\":\"PropertyValueSpecification\",\"valueRequired\":true,\"valueName\":\"search_term_string\"}}],\"inLanguage\":\"es\"}]}<\/script>\n<!-- \/ Yoast SEO plugin. -->","yoast_head_json":{"title":"ADMA - Familia Salesiana","robots":{"index":"index","follow":"follow","max-snippet":"max-snippet:-1","max-image-preview":"max-image-preview:large","max-video-preview":"max-video-preview:-1"},"canonical":"https:\/\/lalinea.salesianos.edu\/familiasalesiana\/adma\/","og_locale":"es_ES","og_type":"article","og_title":"ADMA - Familia Salesiana","og_description":"Hola a todos: Entre los muros de \u00e9ste colegio fuimos pasando nuestra ni\u00f1ez, y nuestra adolescencia, forjamos nuestra personalidad, y en este escenario tuvieron lugar muchos de los recuerdos, palabras y situaciones que formaron ya parte de nuestra vida. Los a\u00f1os de estudiante quedaron atr\u00e1s, y una vez que lo abandonamos, perdimos de vista a [&hellip;]","og_url":"https:\/\/lalinea.salesianos.edu\/familiasalesiana\/adma\/","og_site_name":"Familia Salesiana","article_modified_time":"2025-08-04T08:56:36+00:00","twitter_card":"summary_large_image","twitter_misc":{"Tiempo de lectura":"6 minutos"},"schema":{"@context":"https:\/\/schema.org","@graph":[{"@type":"WebPage","@id":"https:\/\/lalinea.salesianos.edu\/familiasalesiana\/adma\/","url":"https:\/\/lalinea.salesianos.edu\/familiasalesiana\/adma\/","name":"ADMA - Familia Salesiana","isPartOf":{"@id":"https:\/\/lalinea.salesianos.edu\/familiasalesiana\/#website"},"datePublished":"2018-05-18T07:48:45+00:00","dateModified":"2025-08-04T08:56:36+00:00","breadcrumb":{"@id":"https:\/\/lalinea.salesianos.edu\/familiasalesiana\/adma\/#breadcrumb"},"inLanguage":"es","potentialAction":[{"@type":"ReadAction","target":["https:\/\/lalinea.salesianos.edu\/familiasalesiana\/adma\/"]}]},{"@type":"BreadcrumbList","@id":"https:\/\/lalinea.salesianos.edu\/familiasalesiana\/adma\/#breadcrumb","itemListElement":[{"@type":"ListItem","position":1,"name":"Portada","item":"https:\/\/lalinea.salesianos.edu\/familiasalesiana\/"},{"@type":"ListItem","position":2,"name":"ADMA"}]},{"@type":"WebSite","@id":"https:\/\/lalinea.salesianos.edu\/familiasalesiana\/#website","url":"https:\/\/lalinea.salesianos.edu\/familiasalesiana\/","name":"Familia Salesiana","description":"P\u00e1gina oficial Salesianos La L\u00ednea de la Concepci\u00f3n","potentialAction":[{"@type":"SearchAction","target":{"@type":"EntryPoint","urlTemplate":"https:\/\/lalinea.salesianos.edu\/familiasalesiana\/?s={search_term_string}"},"query-input":{"@type":"PropertyValueSpecification","valueRequired":true,"valueName":"search_term_string"}}],"inLanguage":"es"}]}},"_links":{"self":[{"href":"https:\/\/lalinea.salesianos.edu\/familiasalesiana\/wp-json\/wp\/v2\/pages\/4044","targetHints":{"allow":["GET"]}}],"collection":[{"href":"https:\/\/lalinea.salesianos.edu\/familiasalesiana\/wp-json\/wp\/v2\/pages"}],"about":[{"href":"https:\/\/lalinea.salesianos.edu\/familiasalesiana\/wp-json\/wp\/v2\/types\/page"}],"author":[{"embeddable":true,"href":"https:\/\/lalinea.salesianos.edu\/familiasalesiana\/wp-json\/wp\/v2\/users\/2"}],"replies":[{"embeddable":true,"href":"https:\/\/lalinea.salesianos.edu\/familiasalesiana\/wp-json\/wp\/v2\/comments?post=4044"}],"version-history":[{"count":8,"href":"https:\/\/lalinea.salesianos.edu\/familiasalesiana\/wp-json\/wp\/v2\/pages\/4044\/revisions"}],"predecessor-version":[{"id":4133,"href":"https:\/\/lalinea.salesianos.edu\/familiasalesiana\/wp-json\/wp\/v2\/pages\/4044\/revisions\/4133"}],"wp:attachment":[{"href":"https:\/\/lalinea.salesianos.edu\/familiasalesiana\/wp-json\/wp\/v2\/media?parent=4044"}],"curies":[{"name":"wp","href":"https:\/\/api.w.org\/{rel}","templated":true}]}}