{"id":4199,"date":"2024-09-03T12:26:29","date_gmt":"2024-09-03T10:26:29","guid":{"rendered":"https:\/\/lalinea.salesianos.edu\/familiasalesiana\/?page_id=4199"},"modified":"2025-08-04T10:56:37","modified_gmt":"2025-08-04T08:56:37","slug":"hermandad-salesiana-de-la-entrada-triunfal","status":"publish","type":"page","link":"https:\/\/lalinea.salesianos.edu\/familiasalesiana\/hermandad-salesiana-de-la-entrada-triunfal\/","title":{"rendered":"Hermandad"},"content":{"rendered":"<div id=\"fb-root\"><\/div>\n<p>[et_pb_section fb_built=\u00bb1&#8243; fullwidth=\u00bbon\u00bb admin_label=\u00bbSecci\u00f3n\u00bb _builder_version=\u00bb4.16&#8243; global_colors_info=\u00bb{}\u00bb][et_pb_fullwidth_header title=\u00bbHermandad Salesiana de la Entrada Triunfal\u00bb content_max_width=\u00bbnone\u00bb title_font_color=\u00bb#ffffff\u00bb admin_label=\u00bbT\u00edtulo de anchura completa\u00bb module_class=\u00bbpagina-imagen-cabecera\u00bb _builder_version=\u00bb4.27.0&#8243; title_text_color=\u00bb#ffffff\u00bb title_font_size=\u00bb40px\u00bb background_color=\u00bbrgba(255, 255, 255, 0)\u00bb background_image=\u00bbhttps:\/\/lalinea.salesianos.edu\/familiasalesiana\/wp-content\/uploads\/sites\/5\/2024\/09\/434152174_18424493254045836_6642555092030330048_n.jpg\u00bb parallax=\u00bbon\u00bb background_layout=\u00bblight\u00bb custom_padding=\u00bb||265px|||\u00bb background_url=\u00bbhttp:\/\/webpiloto.salesianos.edu\/wp-content\/uploads\/2017\/02\/ImagenPAGINA01.png\u00bb button_one_letter_spacing_hover=\u00bb0&#8243; button_two_letter_spacing_hover=\u00bb0&#8243; global_colors_info=\u00bb{}\u00bb button_one_text_size__hover_enabled=\u00bboff\u00bb button_two_text_size__hover_enabled=\u00bboff\u00bb button_one_text_color__hover_enabled=\u00bboff\u00bb button_two_text_color__hover_enabled=\u00bboff\u00bb button_one_border_width__hover_enabled=\u00bboff\u00bb button_two_border_width__hover_enabled=\u00bboff\u00bb button_one_border_color__hover_enabled=\u00bboff\u00bb button_two_border_color__hover_enabled=\u00bboff\u00bb button_one_border_radius__hover_enabled=\u00bboff\u00bb button_two_border_radius__hover_enabled=\u00bboff\u00bb button_one_letter_spacing__hover_enabled=\u00bbon\u00bb button_one_letter_spacing__hover=\u00bb0&#8243; button_two_letter_spacing__hover_enabled=\u00bbon\u00bb button_two_letter_spacing__hover=\u00bb0&#8243; button_one_bg_color__hover_enabled=\u00bboff\u00bb button_two_bg_color__hover_enabled=\u00bboff\u00bb][\/et_pb_fullwidth_header][\/et_pb_section][et_pb_section fb_built=\u00bb1&#8243; admin_label=\u00bbSecci\u00f3n\u00bb module_class=\u00bbpagina-seccion-contenido\u00bb _builder_version=\u00bb4.16&#8243; custom_padding=\u00bb-4%|||\u00bb transparent_background=\u00bboff\u00bb make_fullwidth=\u00bboff\u00bb use_custom_width=\u00bboff\u00bb width_unit=\u00bbon\u00bb global_colors_info=\u00bb{}\u00bb][et_pb_row admin_label=\u00bbFila\u00bb module_class=\u00bbpagina-texto\u00bb _builder_version=\u00bb4.16&#8243; background_size=\u00bbinitial\u00bb background_position=\u00bbtop_left\u00bb background_repeat=\u00bbrepeat\u00bb make_fullwidth=\u00bboff\u00bb use_custom_width=\u00bboff\u00bb width_unit=\u00bbon\u00bb global_colors_info=\u00bb{}\u00bb][et_pb_column type=\u00bb4_4&#8243; _builder_version=\u00bb4.16&#8243; custom_padding=\u00bb|||\u00bb global_colors_info=\u00bb{}\u00bb custom_padding__hover=\u00bb|||\u00bb][et_pb_text _builder_version=\u00bb4.27.0&#8243; global_colors_info=\u00bb{}\u00bb]<\/p>\n<h1>Saluda del Hermano Mayor<\/h1>\n<p>[\/et_pb_text][et_pb_testimonial author=\u00bbAlberto Dur\u00e1n Garc\u00eda\u00bb job_title=\u00bbHermano Mayor\u00bb company_name=\u00bbHermandad Salesiana de la Entrada Triunfal\u00bb portrait_url=\u00bbhttps:\/\/lalinea.salesianos.edu\/familiasalesiana\/wp-content\/uploads\/sites\/5\/2024\/09\/saluda.jpg\u00bb _builder_version=\u00bb4.27.0&#8243; global_colors_info=\u00bb{}\u00bb]<\/p>\n<p class=\"p2\"><span class=\"s1\"><span class=\"Apple-converted-space\">\u00a0<\/span><\/span>Hermandad salesiana de la Entrada Triunfal, tu hermandad<span class=\"Apple-converted-space\">\u00a0<\/span><\/p>\n<p class=\"p3\">Mi nombre es <b>Alberto Duran Garcia, <\/b>el 13 de Julio de 2023 fui nombrado Hermano Mayor de la Hermandad Salesiana de la Entrada Triunfal.<span class=\"Apple-converted-space\">\u00a0<\/span><\/p>\n<p class=\"p3\">Los fines que perseguimos en nuestra hermandad pasan por dar culto publico y solmene a Dios y su santa madre, atender a la formaci\u00f3n de una conciencia cristiana de sus hermanos, colaborar con la Di\u00f3cesis, la Parroquia y el Colegio Salesianos, formando parte de la comunidad educativa pastoral y <span class=\"s2\">dedicar, fiel al esp\u00edritu salesiano, una especial atenci\u00f3n a la juventud, y establecer los medios para hacer posible la participaci\u00f3n de los j\u00f3venes de la misma en el Movimiento Juvenil Salesiano.<span class=\"Apple-converted-space\">\u00a0<\/span><\/span><\/p>\n<p class=\"p4\">Por todo lo anterior te \u00e1nimo a participar de dicha labor, si eres hermano de nuestra hermandad sigue colaborando y participando de forma activa para que nuestra misi\u00f3n se desarrolle, y si aun no lo eres, las puertas de la misma est\u00e1n abierta, es muy f\u00e1cil y r\u00e1pido, ac\u00e9rcate al se\u00f1or de los ojos Verdes y su Santa Madre la Virgen de la Alegr\u00eda<span class=\"Apple-converted-space\">\u00a0<\/span><\/p>\n<p>[\/et_pb_testimonial][\/et_pb_column][\/et_pb_row][et_pb_row _builder_version=\u00bb4.27.0&#8243; _module_preset=\u00bbdefault\u00bb global_colors_info=\u00bb{}\u00bb][et_pb_column type=\u00bb4_4&#8243; _builder_version=\u00bb4.27.0&#8243; _module_preset=\u00bbdefault\u00bb global_colors_info=\u00bb{}\u00bb][et_pb_text _builder_version=\u00bb4.27.0&#8243; global_colors_info=\u00bb{}\u00bb]<\/p>\n<h1>Organigrama<\/h1>\n<p>[\/et_pb_text][et_pb_image src=\u00bbhttps:\/\/lalinea.salesianos.edu\/familiasalesiana\/wp-content\/uploads\/sites\/5\/2024\/09\/organigrama2.png\u00bb title_text=\u00bborganigrama2&#8243; align=\u00bbcenter\u00bb _builder_version=\u00bb4.27.0&#8243; _module_preset=\u00bbdefault\u00bb global_colors_info=\u00bb{}\u00bb][\/et_pb_image][\/et_pb_column][\/et_pb_row][et_pb_row _builder_version=\u00bb4.27.0&#8243; _module_preset=\u00bbdefault\u00bb global_colors_info=\u00bb{}\u00bb][et_pb_column type=\u00bb4_4&#8243; _builder_version=\u00bb4.27.0&#8243; _module_preset=\u00bbdefault\u00bb global_colors_info=\u00bb{}\u00bb][et_pb_text _builder_version=\u00bb4.27.0&#8243; text_orientation=\u00bbcenter\u00bb global_colors_info=\u00bb{}\u00bb]<\/p>\n<h1>Informaci\u00f3n de inter\u00e9s<\/h1>\n<p>[\/et_pb_text][\/et_pb_column][\/et_pb_row][et_pb_row column_structure=\u00bb1_2,1_2&#8243; _builder_version=\u00bb4.27.0&#8243; _module_preset=\u00bbdefault\u00bb global_colors_info=\u00bb{}\u00bb][et_pb_column type=\u00bb1_2&#8243; _builder_version=\u00bb4.27.0&#8243; _module_preset=\u00bbdefault\u00bb global_colors_info=\u00bb{}\u00bb][et_pb_cta title=\u00bbLa Entrada Triunfal te informa\u00bb button_text=\u00bb622741077&#8243; _builder_version=\u00bb4.27.0&#8243; _module_preset=\u00bbdefault\u00bb header_font_size=\u00bb35px\u00bb body_font_size=\u00bb20px\u00bb global_colors_info=\u00bb{}\u00bb]<\/p>\n<p>Recibe las noticias de la Hermandad suscribi\u00e9ndote a la lista de difusi\u00f3n.<\/p>\n<p>Memoriza este n\u00famero en tu agenda, este paso es imprescindible para que te lleguen los mensajes<\/p>\n<h2 style=\"text-align: center;\"><a href=\"callto:622741077\">622741077<\/a><\/h2>\n<p>Env\u00eda un mensaje con tu nombre y apellidos<\/p>\n<p>Esta lista de difusi\u00f3n es s\u00f3lo informativa<\/p>\n<p>[\/et_pb_cta][\/et_pb_column][et_pb_column type=\u00bb1_2&#8243; _builder_version=\u00bb4.27.0&#8243; _module_preset=\u00bbdefault\u00bb global_colors_info=\u00bb{}\u00bb][et_pb_cta title=\u00bbHorario\u00bb button_text=\u00bbClics\u00bb _builder_version=\u00bb4.27.0&#8243; _module_preset=\u00bbdefault\u00bb header_font_size=\u00bb35px\u00bb body_font_size=\u00bb20px\u00bb global_colors_info=\u00bb{}\u00bb]<\/p>\n<p>El Horario de apertura se difundir\u00e1 a trav\u00e9s de redes sociales y a trav\u00e9s del tel\u00e9fono de la Hermandad.<\/p>\n<p>[\/et_pb_cta][et_pb_cta title=\u00bbCorreo electr\u00f3nico\u00bb button_text=\u00bbentrada.alegria@hotmail.es\u00bb _builder_version=\u00bb4.27.0&#8243; _module_preset=\u00bbdefault\u00bb header_font_size=\u00bb35px\u00bb body_font_size=\u00bb20px\u00bb global_colors_info=\u00bb{}\u00bb]<\/p>\n<h1><a href=\"mailto:entrada.alegria@hotmail.es\">entrada.alegria@hotmail.es<\/a><\/h1>\n<p>[\/et_pb_cta][\/et_pb_column][\/et_pb_row][et_pb_row _builder_version=\u00bb4.27.0&#8243; _module_preset=\u00bbdefault\u00bb global_colors_info=\u00bb{}\u00bb][et_pb_column type=\u00bb4_4&#8243; _builder_version=\u00bb4.27.0&#8243; _module_preset=\u00bbdefault\u00bb global_colors_info=\u00bb{}\u00bb][et_pb_image src=\u00bbhttps:\/\/lalinea.salesianos.edu\/familiasalesiana\/wp-content\/uploads\/sites\/5\/2024\/09\/informacion-de-interes-1.jpg\u00bb title_text=\u00bbinformacion de interes\u00bb _builder_version=\u00bb4.27.0&#8243; _module_preset=\u00bbdefault\u00bb global_colors_info=\u00bb{}\u00bb][\/et_pb_image][\/et_pb_column][\/et_pb_row][et_pb_row column_structure=\u00bb1_2,1_2&#8243; _builder_version=\u00bb4.27.0&#8243; _module_preset=\u00bbdefault\u00bb global_colors_info=\u00bb{}\u00bb][et_pb_column type=\u00bb1_2&#8243; _builder_version=\u00bb4.27.0&#8243; _module_preset=\u00bbdefault\u00bb global_colors_info=\u00bb{}\u00bb][et_pb_code _builder_version=\u00bb4.27.0&#8243; _module_preset=\u00bbdefault\u00bb global_colors_info=\u00bb{}\u00bb]<iframe loading=\"lazy\" src=\"https:\/\/www.facebook.com\/plugins\/page.php?href=https%3A%2F%2Fes-es.facebook.com%2Fhermandad.entradatriunfal%2F&#038;tabs=timeline&#038;width=300&#038;height=182&#038;small_header=true&#038;adapt_container_width=true&#038;hide_cover=false&#038;show_facepile=true&#038;appId\" width=\"460\" height=\"462\" style=\"border:none;overflow:hidden\" scrolling=\"no\" frameborder=\"0\" allowfullscreen=\"true\" allow=\"autoplay; clipboard-write; encrypted-media; picture-in-picture; web-share\"><\/iframe>[\/et_pb_code][et_pb_code _builder_version=\u00bb4.27.0&#8243; _module_preset=\u00bbdefault\u00bb global_colors_info=\u00bb{}\u00bb]<iframe loading=\"lazy\" src=\"https:\/\/www.facebook.com\/plugins\/like.php?href=https%3A%2F%2Fwww.facebook.com%2Fhermandad.entradatriunfal&#038;width=150&#038;layout&#038;action&#038;size&#038;share=true&#038;height=35&#038;appId\" width=\"150\" height=\"35\" style=\"border:none;overflow:hidden\" scrolling=\"no\" frameborder=\"0\" allowfullscreen=\"true\" allow=\"autoplay; clipboard-write; encrypted-media; picture-in-picture; web-share\"><\/iframe>[\/et_pb_code][\/et_pb_column][et_pb_column type=\u00bb1_2&#8243; _builder_version=\u00bb4.27.0&#8243; _module_preset=\u00bbdefault\u00bb global_colors_info=\u00bb{}\u00bb][et_pb_code _builder_version=\u00bb4.27.0&#8243; _module_preset=\u00bbdefault\u00bb global_colors_info=\u00bb{}\u00bb]<\/p>\n<blockquote class=\"instagram-media\" data-instgrm-captioned data-instgrm-permalink=\"https:\/\/www.instagram.com\/reel\/C46LspXrpsb\/?utm_source=ig_embed&#038;utm_campaign=loading\" data-instgrm-version=\"14\" style=\" background:#FFF; border:0; border-radius:3px; box-shadow:0 0 1px 0 rgba(0,0,0,0.5),0 1px 10px 0 rgba(0,0,0,0.15); margin: 1px; max-width:540px; min-width:326px; padding:0; width:99.375%; width:-webkit-calc(100% - 2px); width:calc(100% - 2px);\">\n<div style=\"padding:16px;\"> <a href=\"https:\/\/www.instagram.com\/reel\/C46LspXrpsb\/?utm_source=ig_embed&#038;utm_campaign=loading\" style=\" background:#FFFFFF; line-height:0; padding:0 0; text-align:center; text-decoration:none; width:100%;\" target=\"_blank\" rel=\"noopener\"> <\/p>\n<div style=\" display: flex; flex-direction: row; align-items: center;\">\n<div style=\"background-color: #F4F4F4; border-radius: 50%; flex-grow: 0; height: 40px; margin-right: 14px; width: 40px;\"><\/div>\n<div style=\"display: flex; flex-direction: column; flex-grow: 1; justify-content: center;\">\n<div style=\" background-color: #F4F4F4; border-radius: 4px; flex-grow: 0; height: 14px; margin-bottom: 6px; width: 100px;\"><\/div>\n<div style=\" background-color: #F4F4F4; border-radius: 4px; flex-grow: 0; height: 14px; width: 60px;\"><\/div>\n<\/div>\n<\/div>\n<div style=\"padding: 19% 0;\"><\/div>\n<div style=\"display:block; height:50px; margin:0 auto 12px; width:50px;\"><svg width=\"50px\" height=\"50px\" viewBox=\"0 0 60 60\" version=\"1.1\" xmlns=\"https:\/\/www.w3.org\/2000\/svg\" xmlns:xlink=\"https:\/\/www.w3.org\/1999\/xlink\"><g stroke=\"none\" stroke-width=\"1\" fill=\"none\" fill-rule=\"evenodd\"><g transform=\"translate(-511.000000, -20.000000)\" fill=\"#000000\"><g><path d=\"M556.869,30.41 C554.814,30.41 553.148,32.076 553.148,34.131 C553.148,36.186 554.814,37.852 556.869,37.852 C558.924,37.852 560.59,36.186 560.59,34.131 C560.59,32.076 558.924,30.41 556.869,30.41 M541,60.657 C535.114,60.657 530.342,55.887 530.342,50 C530.342,44.114 535.114,39.342 541,39.342 C546.887,39.342 551.658,44.114 551.658,50 C551.658,55.887 546.887,60.657 541,60.657 M541,33.886 C532.1,33.886 524.886,41.1 524.886,50 C524.886,58.899 532.1,66.113 541,66.113 C549.9,66.113 557.115,58.899 557.115,50 C557.115,41.1 549.9,33.886 541,33.886 M565.378,62.101 C565.244,65.022 564.756,66.606 564.346,67.663 C563.803,69.06 563.154,70.057 562.106,71.106 C561.058,72.155 560.06,72.803 558.662,73.347 C557.607,73.757 556.021,74.244 553.102,74.378 C549.944,74.521 548.997,74.552 541,74.552 C533.003,74.552 532.056,74.521 528.898,74.378 C525.979,74.244 524.393,73.757 523.338,73.347 C521.94,72.803 520.942,72.155 519.894,71.106 C518.846,70.057 518.197,69.06 517.654,67.663 C517.244,66.606 516.755,65.022 516.623,62.101 C516.479,58.943 516.448,57.996 516.448,50 C516.448,42.003 516.479,41.056 516.623,37.899 C516.755,34.978 517.244,33.391 517.654,32.338 C518.197,30.938 518.846,29.942 519.894,28.894 C520.942,27.846 521.94,27.196 523.338,26.654 C524.393,26.244 525.979,25.756 528.898,25.623 C532.057,25.479 533.004,25.448 541,25.448 C548.997,25.448 549.943,25.479 553.102,25.623 C556.021,25.756 557.607,26.244 558.662,26.654 C560.06,27.196 561.058,27.846 562.106,28.894 C563.154,29.942 563.803,30.938 564.346,32.338 C564.756,33.391 565.244,34.978 565.378,37.899 C565.522,41.056 565.552,42.003 565.552,50 C565.552,57.996 565.522,58.943 565.378,62.101 M570.82,37.631 C570.674,34.438 570.167,32.258 569.425,30.349 C568.659,28.377 567.633,26.702 565.965,25.035 C564.297,23.368 562.623,22.342 560.652,21.575 C558.743,20.834 556.562,20.326 553.369,20.18 C550.169,20.033 549.148,20 541,20 C532.853,20 531.831,20.033 528.631,20.18 C525.438,20.326 523.257,20.834 521.349,21.575 C519.376,22.342 517.703,23.368 516.035,25.035 C514.368,26.702 513.342,28.377 512.574,30.349 C511.834,32.258 511.326,34.438 511.181,37.631 C511.035,40.831 511,41.851 511,50 C511,58.147 511.035,59.17 511.181,62.369 C511.326,65.562 511.834,67.743 512.574,69.651 C513.342,71.625 514.368,73.296 516.035,74.965 C517.703,76.634 519.376,77.658 521.349,78.425 C523.257,79.167 525.438,79.673 528.631,79.82 C531.831,79.965 532.853,80.001 541,80.001 C549.148,80.001 550.169,79.965 553.369,79.82 C556.562,79.673 558.743,79.167 560.652,78.425 C562.623,77.658 564.297,76.634 565.965,74.965 C567.633,73.296 568.659,71.625 569.425,69.651 C570.167,67.743 570.674,65.562 570.82,62.369 C570.966,59.17 571,58.147 571,50 C571,41.851 570.966,40.831 570.82,37.631\"><\/path><\/g><\/g><\/g><\/svg><\/div>\n<div style=\"padding-top: 8px;\">\n<div style=\" color:#3897f0; font-family:Arial,sans-serif; font-size:14px; font-style:normal; font-weight:550; line-height:18px;\">Ver esta publicaci\u00f3n en Instagram<\/div>\n<\/div>\n<div style=\"padding: 12.5% 0;\"><\/div>\n<div style=\"display: flex; flex-direction: row; margin-bottom: 14px; align-items: center;\">\n<div>\n<div style=\"background-color: #F4F4F4; border-radius: 50%; height: 12.5px; width: 12.5px; transform: translateX(0px) translateY(7px);\"><\/div>\n<div style=\"background-color: #F4F4F4; height: 12.5px; transform: rotate(-45deg) translateX(3px) translateY(1px); width: 12.5px; flex-grow: 0; margin-right: 14px; margin-left: 2px;\"><\/div>\n<div style=\"background-color: #F4F4F4; border-radius: 50%; height: 12.5px; width: 12.5px; transform: translateX(9px) translateY(-18px);\"><\/div>\n<\/div>\n<div style=\"margin-left: 8px;\">\n<div style=\" background-color: #F4F4F4; border-radius: 50%; flex-grow: 0; height: 20px; width: 20px;\"><\/div>\n<div style=\" width: 0; height: 0; border-top: 2px solid transparent; border-left: 6px solid #f4f4f4; border-bottom: 2px solid transparent; transform: translateX(16px) translateY(-4px) rotate(30deg)\"><\/div>\n<\/div>\n<div style=\"margin-left: auto;\">\n<div style=\" width: 0px; border-top: 8px solid #F4F4F4; border-right: 8px solid transparent; transform: translateY(16px);\"><\/div>\n<div style=\" background-color: #F4F4F4; flex-grow: 0; height: 12px; width: 16px; transform: translateY(-4px);\"><\/div>\n<div style=\" width: 0; height: 0; border-top: 8px solid #F4F4F4; border-left: 8px solid transparent; transform: translateY(-4px) translateX(8px);\"><\/div>\n<\/div>\n<\/div>\n<div style=\"display: flex; flex-direction: column; flex-grow: 1; justify-content: center; margin-bottom: 24px;\">\n<div style=\" background-color: #F4F4F4; border-radius: 4px; flex-grow: 0; height: 14px; margin-bottom: 6px; width: 224px;\"><\/div>\n<div style=\" background-color: #F4F4F4; border-radius: 4px; flex-grow: 0; height: 14px; width: 144px;\"><\/div>\n<\/div>\n<p><\/a><pee style=\" color:#c9c8cd; font-family:Arial,sans-serif; font-size:14px; line-height:17px; margin-bottom:0; margin-top:8px; overflow:hidden; padding:8px 0 7px; text-align:center; text-overflow:ellipsis; white-space:nowrap;\"><a href=\"https:\/\/www.instagram.com\/reel\/C46LspXrpsb\/?utm_source=ig_embed&#038;utm_campaign=loading\" style=\" color:#c9c8cd; font-family:Arial,sans-serif; font-size:14px; font-style:normal; font-weight:normal; line-height:17px; text-decoration:none;\" target=\"_blank\" rel=\"noopener\">Una publicaci\u00f3n compartida de Salesianos La Li\u0301nea (@salesianoslalinea)<\/a><\/pee><\/div>\n<\/blockquote>\n<p><!-- [et_pb_line_break_holder] --><script async src=\"\/\/www.instagram.com\/embed.js\"><\/script>[\/et_pb_code][\/et_pb_column][\/et_pb_row][et_pb_row _builder_version=\u00bb4.27.0&#8243; _module_preset=\u00bbdefault\u00bb global_colors_info=\u00bb{}\u00bb][et_pb_column type=\u00bb4_4&#8243; _builder_version=\u00bb4.27.0&#8243; _module_preset=\u00bbdefault\u00bb global_colors_info=\u00bb{}\u00bb][et_pb_text _builder_version=\u00bb4.27.0&#8243; text_text_color=\u00bb#E02B20&#8243; text_font_size=\u00bb40px\u00bb text_letter_spacing=\u00bb7px\u00bb text_orientation=\u00bbcenter\u00bb text_text_shadow_style=\u00bbpreset2&#8243; global_colors_info=\u00bb{}\u00bb]<\/p>\n<p>HISTORIA &#8211; Hermandad Salesiana de la Entrada Triunfal<\/p>\n<p>[\/et_pb_text][\/et_pb_column][\/et_pb_row][et_pb_row column_structure=\u00bb1_2,1_2&#8243; _builder_version=\u00bb4.27.0&#8243; _module_preset=\u00bbdefault\u00bb global_colors_info=\u00bb{}\u00bb][et_pb_column type=\u00bb1_2&#8243; _builder_version=\u00bb4.27.0&#8243; _module_preset=\u00bbdefault\u00bb global_colors_info=\u00bb{}\u00bb][et_pb_text _builder_version=\u00bb4.27.0&#8243; _module_preset=\u00bbdefault\u00bb text_font_size=\u00bb18px\u00bb global_colors_info=\u00bb{}\u00bb]<\/p>\n<p>En el a\u00f1o 1.949 se dispon\u00eda de una imagen realizada en cart\u00f3n piedra que qued\u00f3 destruida ese mismo a\u00f1o al caerle una copiosa lluvia el d\u00eda de la salida procesional. En el a\u00f1o 1.951 en los talleres de Olot (Gerona), se lleva a cabo otra imagen, esta vez en pasta de madera, que sali\u00f3 por primera vez en la Semana Santa desde la Parroquia de la Inmaculada Concepci\u00f3n, sufragando los gastos del desfile el erario municipal.<\/p>\n<p>[\/et_pb_text][et_pb_image src=\u00bbhttps:\/\/lalinea.salesianos.edu\/familiasalesiana\/wp-content\/uploads\/sites\/5\/2024\/09\/Imagen-1.png\u00bb title_text=\u00bbImagen 1&#8243; align=\u00bbcenter\u00bb _builder_version=\u00bb4.27.0&#8243; _module_preset=\u00bbdefault\u00bb global_colors_info=\u00bb{}\u00bb][\/et_pb_image][et_pb_text _builder_version=\u00bb4.27.0&#8243; _module_preset=\u00bbdefault\u00bb text_font_size=\u00bb18px\u00bb global_colors_info=\u00bb{}\u00bb]<\/p>\n<p>Desde el a\u00f1o 1.958 a 1.961 qued\u00f3 guardada en los almacenes del Excmo. Ayuntamiento. Ese mismo a\u00f1o, D. Guillermo Ruiz Mar\u00edn que era Teniente de Alcalde propone al Rvdo. D. Gabriel Ramos Chaves (SDB), director del Colegio Salesiano en aquel entonces, que acogiera en la Capilla Semip\u00fablica de Mar\u00eda Auxiliadora, la imagen de la \u201cBorriquita\u201d. Reanudada su salida procesional en 1.961 es acompa\u00f1ada por los alumnos del Colegio vistiendo el uniforme del centro: pantal\u00f3n azul marino y chaqueta cruzada con el escudo del Colegio en el bolsillo superior. En el a\u00f1o 1.964, el Rvdo. D. \u00c1ngel Andrade Puyana (SDB) le da un cariz m\u00e1s formal, mandando confeccionar los h\u00e1bitos con la ayuda de madres de alumnos para acompa\u00f1ar al Se\u00f1or en la procesi\u00f3n y realiz\u00e1ndose el estandarte y varas de mando con la ayuda econ\u00f3mica de comerciantes y padres de colegiales. Posteriormente, siendo alcalde D. Pedro Alfajeme, se continu\u00f3 el sistema de subvenci\u00f3n municipal, aunque paulatinamente estos gastos fueron pasando al Colegio y posteriormente a la Hermandad. En el a\u00f1o 1.984 se constituye, con la reorganizaci\u00f3n Diocesana, en Hermandad de Penitencia, eligi\u00e9ndose la primera Junta de Gobierno. En el a\u00f1o 1.990, pese a la incesante lluvia, se decide hacer Estaci\u00f3n de Penitencia, quedando la imagen del Se\u00f1or bastante deteriorada a causa del fuerte aguacero en plena Carrera Oficial. Durante la festividad de Cristo Rey de 1.991 se produce al hermanamiento con la Cofrad\u00eda Salesiana de Algeciras, renov\u00e1ndose anualmente dicho hermanamiento. En 1.993, el 21 de febrero, se produce otro de los grandes deseos de la Hermandad: el de poseer una talla en madera policromada.<\/p>\n<p>[\/et_pb_text][et_pb_image src=\u00bbhttps:\/\/lalinea.salesianos.edu\/familiasalesiana\/wp-content\/uploads\/sites\/5\/2024\/09\/Imagen-2.png\u00bb title_text=\u00bbImagen 2&#8243; align=\u00bbcenter\u00bb _builder_version=\u00bb4.27.0&#8243; _module_preset=\u00bbdefault\u00bb global_colors_info=\u00bb{}\u00bb][\/et_pb_image][et_pb_text _builder_version=\u00bb4.27.0&#8243; _module_preset=\u00bbdefault\u00bb text_font_size=\u00bb18px\u00bb global_colors_info=\u00bb{}\u00bb]<\/p>\n<p>Dicha imagen, encargada el 2 de junio del a\u00f1o anterior al tallista sevillano Juan Ventura Lore\u00f1o, ser\u00eda bendecida por el Obispo de C\u00e1diz y Ceuta, Rvdmo. D. Antonio Dorado Soto.<\/p>\n<p>[\/et_pb_text][\/et_pb_column][et_pb_column type=\u00bb1_2&#8243; _builder_version=\u00bb4.27.0&#8243; _module_preset=\u00bbdefault\u00bb global_colors_info=\u00bb{}\u00bb][et_pb_text _builder_version=\u00bb4.27.0&#8243; _module_preset=\u00bbdefault\u00bb text_font_size=\u00bb18px\u00bb global_colors_info=\u00bb{}\u00bb]<\/p>\n<p>Y por fin, seis a\u00f1os m\u00e1s tarde, la ma\u00f1ana de otro 21 de febrero, esta vez de 1.999, la Hermandad ve cumplido otro de sus sue\u00f1os: la de tener la imagen de candelero de Mar\u00eda Sant\u00edsima de la Alegr\u00eda. En esa ma\u00f1ana, Rvd. Padre D. Sebasti\u00e1n Llanes Blanco, Delegado Diocesano de Hermandades y Cofrad\u00edas para el Campo de Gibraltar, bendec\u00eda la talla de nuestra Co-Titular en misa cantada por la Coral Polif\u00f3nica de La L\u00ednea de la Concepci\u00f3n, acto emotivo y cargado de sentimiento que prevalece en la memoria de los asistentes.<\/p>\n<p>[\/et_pb_text][et_pb_image src=\u00bbhttps:\/\/lalinea.salesianos.edu\/familiasalesiana\/wp-content\/uploads\/sites\/5\/2024\/09\/Imagen-3.png\u00bb title_text=\u00bbImagen 3&#8243; align=\u00bbcenter\u00bb _builder_version=\u00bb4.27.0&#8243; _module_preset=\u00bbdefault\u00bb global_colors_info=\u00bb{}\u00bb][\/et_pb_image][et_pb_text _builder_version=\u00bb4.27.0&#8243; _module_preset=\u00bbdefault\u00bb text_font_size=\u00bb18px\u00bb global_colors_info=\u00bb{}\u00bb]<\/p>\n<p>La corona que se estren\u00f3 en dicho acto fue obra del orfebre sevillano Manuel de los R\u00edos. A su vez, se ley\u00f3 el nombramiento de la Junta de Gobierno, otorg\u00e1ndole el t\u00edtulo de Camarera de la Virgen a D\u00aa Angelines Garc\u00eda Requena. En el Domingo de Ramos de 2.000 no se hace Estaci\u00f3n de Penitencia a causa de la lluvia, procedi\u00e9ndose en ese mismo a\u00f1o a la realizaci\u00f3n de la nueva puerta lateral de salida en la Capilla Semip\u00fablica de Mar\u00eda Auxiliadora, culminando dichas obras para su inauguraci\u00f3n en la festividad de Cristo Rey, consiguiendo as\u00ed uno de sus mayores sue\u00f1os: realizar Estaci\u00f3n de Penitencia desde el interior de la Capilla.<\/p>\n<p>[\/et_pb_text][et_pb_image src=\u00bbhttps:\/\/lalinea.salesianos.edu\/familiasalesiana\/wp-content\/uploads\/sites\/5\/2024\/09\/Imagen-4.png\u00bb title_text=\u00bbImagen 4&#8243; align=\u00bbcenter\u00bb _builder_version=\u00bb4.27.0&#8243; _module_preset=\u00bbdefault\u00bb global_colors_info=\u00bb{}\u00bb][\/et_pb_image][et_pb_text _builder_version=\u00bb4.27.0&#8243; _module_preset=\u00bbdefault\u00bb text_font_size=\u00bb18px\u00bb global_colors_info=\u00bb{}\u00bb]<\/p>\n<p>De dicho acontecimiento queda el recuerdo de la colocaci\u00f3n y descubrimiento de una placa conmemorativa, trat\u00e1ndose del A\u00f1o Santo Jubilar en la que, como lema, lleva escrito: \u201cAbrid las puertas a Cristo\u201d. En el a\u00f1o 2.002, la Hermandad, sinti\u00e9ndose identificada con los valores cristianos y evang\u00e9licos de San Juan Bosco, fundador de la obra Salesiana, solicita a la Inspector\u00eda el t\u00edtulo de \u201cSalesiana\u201d, siendo concedido por el Sr. Inspector D. Juan Carlos P\u00e9rez Godoy (SDB) e incorporado al t\u00edtulo de la Hermandad tras la lectura de dicho nombramiento en la Festividad de Cristo Rey de ese mismo a\u00f1o. Tras dos a\u00f1os de par\u00f3n obligado por la pandemia del COVID ,en el a\u00f1o 2022 nuestra hermandad adquiere las im\u00e1genes de los ap\u00f3stoles San Juan San Pedro y Santiago, obra nuevamente del imaginero Sevillano Juan Ventura.<\/p>\n<p>[\/et_pb_text][et_pb_image src=\u00bbhttps:\/\/lalinea.salesianos.edu\/familiasalesiana\/wp-content\/uploads\/sites\/5\/2024\/09\/Imagen-5.png\u00bb title_text=\u00bbImagen 5&#8243; align=\u00bbcenter\u00bb _builder_version=\u00bb4.27.0&#8243; _module_preset=\u00bbdefault\u00bb global_colors_info=\u00bb{}\u00bb][\/et_pb_image][\/et_pb_column][\/et_pb_row][\/et_pb_section]<\/p>\n","protected":false},"excerpt":{"rendered":"<p>Saluda del Hermano Mayor\u00a0Hermandad salesiana de la Entrada Triunfal, tu hermandad\u00a0 Mi nombre es Alberto Duran Garcia, el 13 de Julio de 2023 fui nombrado Hermano Mayor de la Hermandad Salesiana de la Entrada Triunfal.\u00a0 Los fines que perseguimos en nuestra hermandad pasan por dar culto publico y solmene a Dios y su santa madre, [&hellip;]<\/p>\n","protected":false},"author":2,"featured_media":4300,"parent":0,"menu_order":0,"comment_status":"closed","ping_status":"closed","template":"","meta":{"_et_pb_use_builder":"on","_et_pb_old_content":"","_et_gb_content_width":"","footnotes":""},"class_list":["post-4199","page","type-page","status-publish","has-post-thumbnail","hentry"],"yoast_head":"<!-- This site is optimized with the Yoast SEO plugin v28.3 - https:\/\/yoast.com\/product\/yoast-seo-wordpress\/ -->\n<title>Hermandad - Familia Salesiana<\/title>\n<meta name=\"description\" content=\"Hermandad Salesiana de la Entrada Triunfal, historia, Titulares, ser hermano, salida y recorrido del Domingo de Ramos, actos y solidaridad.\" \/>\n<meta name=\"robots\" content=\"index, follow, max-snippet:-1, max-image-preview:large, max-video-preview:-1\" \/>\n<link rel=\"canonical\" href=\"https:\/\/lalinea.salesianos.edu\/familiasalesiana\/hermandad-salesiana-de-la-entrada-triunfal\/\" \/>\n<meta property=\"og:locale\" content=\"es_ES\" \/>\n<meta property=\"og:type\" content=\"article\" \/>\n<meta property=\"og:title\" content=\"Hermandad - Familia Salesiana\" \/>\n<meta property=\"og:description\" content=\"Hermandad Salesiana de la Entrada Triunfal, historia, Titulares, ser hermano, salida y recorrido del Domingo de Ramos, actos y solidaridad.\" \/>\n<meta property=\"og:url\" content=\"https:\/\/lalinea.salesianos.edu\/familiasalesiana\/hermandad-salesiana-de-la-entrada-triunfal\/\" \/>\n<meta property=\"og:site_name\" content=\"Familia Salesiana\" \/>\n<meta property=\"article:modified_time\" content=\"2025-08-04T08:56:37+00:00\" \/>\n<meta property=\"og:image\" content=\"https:\/\/lalinea.salesianos.edu\/familiasalesiana\/wp-content\/uploads\/sites\/5\/2024\/09\/307319543_457047996454505_2097359984956576349_n.jpg\" \/>\n\t<meta property=\"og:image:width\" content=\"1080\" \/>\n\t<meta property=\"og:image:height\" content=\"1083\" \/>\n\t<meta property=\"og:image:type\" content=\"image\/jpeg\" \/>\n<meta name=\"twitter:card\" content=\"summary_large_image\" \/>\n<meta name=\"twitter:label1\" content=\"Tiempo de lectura\" \/>\n\t<meta name=\"twitter:data1\" content=\"7 minutos\" \/>\n<script type=\"application\/ld+json\" class=\"yoast-schema-graph\">{\"@context\":\"https:\\\/\\\/schema.org\",\"@graph\":[{\"@type\":\"WebPage\",\"@id\":\"https:\\\/\\\/lalinea.salesianos.edu\\\/familiasalesiana\\\/hermandad-salesiana-de-la-entrada-triunfal\\\/\",\"url\":\"https:\\\/\\\/lalinea.salesianos.edu\\\/familiasalesiana\\\/hermandad-salesiana-de-la-entrada-triunfal\\\/\",\"name\":\"Hermandad - Familia Salesiana\",\"isPartOf\":{\"@id\":\"https:\\\/\\\/lalinea.salesianos.edu\\\/familiasalesiana\\\/#website\"},\"primaryImageOfPage\":{\"@id\":\"https:\\\/\\\/lalinea.salesianos.edu\\\/familiasalesiana\\\/hermandad-salesiana-de-la-entrada-triunfal\\\/#primaryimage\"},\"image\":{\"@id\":\"https:\\\/\\\/lalinea.salesianos.edu\\\/familiasalesiana\\\/hermandad-salesiana-de-la-entrada-triunfal\\\/#primaryimage\"},\"thumbnailUrl\":\"https:\\\/\\\/lalinea.salesianos.edu\\\/familiasalesiana\\\/wp-content\\\/uploads\\\/sites\\\/5\\\/2024\\\/09\\\/307319543_457047996454505_2097359984956576349_n.jpg\",\"datePublished\":\"2024-09-03T10:26:29+00:00\",\"dateModified\":\"2025-08-04T08:56:37+00:00\",\"description\":\"Hermandad Salesiana de la Entrada Triunfal, historia, Titulares, ser hermano, salida y recorrido del Domingo de Ramos, actos y solidaridad.\",\"breadcrumb\":{\"@id\":\"https:\\\/\\\/lalinea.salesianos.edu\\\/familiasalesiana\\\/hermandad-salesiana-de-la-entrada-triunfal\\\/#breadcrumb\"},\"inLanguage\":\"es\",\"potentialAction\":[{\"@type\":\"ReadAction\",\"target\":[\"https:\\\/\\\/lalinea.salesianos.edu\\\/familiasalesiana\\\/hermandad-salesiana-de-la-entrada-triunfal\\\/\"]}]},{\"@type\":\"ImageObject\",\"inLanguage\":\"es\",\"@id\":\"https:\\\/\\\/lalinea.salesianos.edu\\\/familiasalesiana\\\/hermandad-salesiana-de-la-entrada-triunfal\\\/#primaryimage\",\"url\":\"https:\\\/\\\/lalinea.salesianos.edu\\\/familiasalesiana\\\/wp-content\\\/uploads\\\/sites\\\/5\\\/2024\\\/09\\\/307319543_457047996454505_2097359984956576349_n.jpg\",\"contentUrl\":\"https:\\\/\\\/lalinea.salesianos.edu\\\/familiasalesiana\\\/wp-content\\\/uploads\\\/sites\\\/5\\\/2024\\\/09\\\/307319543_457047996454505_2097359984956576349_n.jpg\",\"width\":1080,\"height\":1083},{\"@type\":\"BreadcrumbList\",\"@id\":\"https:\\\/\\\/lalinea.salesianos.edu\\\/familiasalesiana\\\/hermandad-salesiana-de-la-entrada-triunfal\\\/#breadcrumb\",\"itemListElement\":[{\"@type\":\"ListItem\",\"position\":1,\"name\":\"Portada\",\"item\":\"https:\\\/\\\/lalinea.salesianos.edu\\\/familiasalesiana\\\/\"},{\"@type\":\"ListItem\",\"position\":2,\"name\":\"Hermandad\"}]},{\"@type\":\"WebSite\",\"@id\":\"https:\\\/\\\/lalinea.salesianos.edu\\\/familiasalesiana\\\/#website\",\"url\":\"https:\\\/\\\/lalinea.salesianos.edu\\\/familiasalesiana\\\/\",\"name\":\"Familia Salesiana\",\"description\":\"P\u00e1gina oficial Salesianos La L\u00ednea de la Concepci\u00f3n\",\"potentialAction\":[{\"@type\":\"SearchAction\",\"target\":{\"@type\":\"EntryPoint\",\"urlTemplate\":\"https:\\\/\\\/lalinea.salesianos.edu\\\/familiasalesiana\\\/?s={search_term_string}\"},\"query-input\":{\"@type\":\"PropertyValueSpecification\",\"valueRequired\":true,\"valueName\":\"search_term_string\"}}],\"inLanguage\":\"es\"}]}<\/script>\n<!-- \/ Yoast SEO plugin. -->","yoast_head_json":{"title":"Hermandad - Familia Salesiana","description":"Hermandad Salesiana de la Entrada Triunfal, historia, Titulares, ser hermano, salida y recorrido del Domingo de Ramos, actos y solidaridad.","robots":{"index":"index","follow":"follow","max-snippet":"max-snippet:-1","max-image-preview":"max-image-preview:large","max-video-preview":"max-video-preview:-1"},"canonical":"https:\/\/lalinea.salesianos.edu\/familiasalesiana\/hermandad-salesiana-de-la-entrada-triunfal\/","og_locale":"es_ES","og_type":"article","og_title":"Hermandad - Familia Salesiana","og_description":"Hermandad Salesiana de la Entrada Triunfal, historia, Titulares, ser hermano, salida y recorrido del Domingo de Ramos, actos y solidaridad.","og_url":"https:\/\/lalinea.salesianos.edu\/familiasalesiana\/hermandad-salesiana-de-la-entrada-triunfal\/","og_site_name":"Familia Salesiana","article_modified_time":"2025-08-04T08:56:37+00:00","og_image":[{"width":1080,"height":1083,"url":"https:\/\/lalinea.salesianos.edu\/familiasalesiana\/wp-content\/uploads\/sites\/5\/2024\/09\/307319543_457047996454505_2097359984956576349_n.jpg","type":"image\/jpeg"}],"twitter_card":"summary_large_image","twitter_misc":{"Tiempo de lectura":"7 minutos"},"schema":{"@context":"https:\/\/schema.org","@graph":[{"@type":"WebPage","@id":"https:\/\/lalinea.salesianos.edu\/familiasalesiana\/hermandad-salesiana-de-la-entrada-triunfal\/","url":"https:\/\/lalinea.salesianos.edu\/familiasalesiana\/hermandad-salesiana-de-la-entrada-triunfal\/","name":"Hermandad - Familia Salesiana","isPartOf":{"@id":"https:\/\/lalinea.salesianos.edu\/familiasalesiana\/#website"},"primaryImageOfPage":{"@id":"https:\/\/lalinea.salesianos.edu\/familiasalesiana\/hermandad-salesiana-de-la-entrada-triunfal\/#primaryimage"},"image":{"@id":"https:\/\/lalinea.salesianos.edu\/familiasalesiana\/hermandad-salesiana-de-la-entrada-triunfal\/#primaryimage"},"thumbnailUrl":"https:\/\/lalinea.salesianos.edu\/familiasalesiana\/wp-content\/uploads\/sites\/5\/2024\/09\/307319543_457047996454505_2097359984956576349_n.jpg","datePublished":"2024-09-03T10:26:29+00:00","dateModified":"2025-08-04T08:56:37+00:00","description":"Hermandad Salesiana de la Entrada Triunfal, historia, Titulares, ser hermano, salida y recorrido del Domingo de Ramos, actos y solidaridad.","breadcrumb":{"@id":"https:\/\/lalinea.salesianos.edu\/familiasalesiana\/hermandad-salesiana-de-la-entrada-triunfal\/#breadcrumb"},"inLanguage":"es","potentialAction":[{"@type":"ReadAction","target":["https:\/\/lalinea.salesianos.edu\/familiasalesiana\/hermandad-salesiana-de-la-entrada-triunfal\/"]}]},{"@type":"ImageObject","inLanguage":"es","@id":"https:\/\/lalinea.salesianos.edu\/familiasalesiana\/hermandad-salesiana-de-la-entrada-triunfal\/#primaryimage","url":"https:\/\/lalinea.salesianos.edu\/familiasalesiana\/wp-content\/uploads\/sites\/5\/2024\/09\/307319543_457047996454505_2097359984956576349_n.jpg","contentUrl":"https:\/\/lalinea.salesianos.edu\/familiasalesiana\/wp-content\/uploads\/sites\/5\/2024\/09\/307319543_457047996454505_2097359984956576349_n.jpg","width":1080,"height":1083},{"@type":"BreadcrumbList","@id":"https:\/\/lalinea.salesianos.edu\/familiasalesiana\/hermandad-salesiana-de-la-entrada-triunfal\/#breadcrumb","itemListElement":[{"@type":"ListItem","position":1,"name":"Portada","item":"https:\/\/lalinea.salesianos.edu\/familiasalesiana\/"},{"@type":"ListItem","position":2,"name":"Hermandad"}]},{"@type":"WebSite","@id":"https:\/\/lalinea.salesianos.edu\/familiasalesiana\/#website","url":"https:\/\/lalinea.salesianos.edu\/familiasalesiana\/","name":"Familia Salesiana","description":"P\u00e1gina oficial Salesianos La L\u00ednea de la Concepci\u00f3n","potentialAction":[{"@type":"SearchAction","target":{"@type":"EntryPoint","urlTemplate":"https:\/\/lalinea.salesianos.edu\/familiasalesiana\/?s={search_term_string}"},"query-input":{"@type":"PropertyValueSpecification","valueRequired":true,"valueName":"search_term_string"}}],"inLanguage":"es"}]}},"_links":{"self":[{"href":"https:\/\/lalinea.salesianos.edu\/familiasalesiana\/wp-json\/wp\/v2\/pages\/4199","targetHints":{"allow":["GET"]}}],"collection":[{"href":"https:\/\/lalinea.salesianos.edu\/familiasalesiana\/wp-json\/wp\/v2\/pages"}],"about":[{"href":"https:\/\/lalinea.salesianos.edu\/familiasalesiana\/wp-json\/wp\/v2\/types\/page"}],"author":[{"embeddable":true,"href":"https:\/\/lalinea.salesianos.edu\/familiasalesiana\/wp-json\/wp\/v2\/users\/2"}],"replies":[{"embeddable":true,"href":"https:\/\/lalinea.salesianos.edu\/familiasalesiana\/wp-json\/wp\/v2\/comments?post=4199"}],"version-history":[{"count":34,"href":"https:\/\/lalinea.salesianos.edu\/familiasalesiana\/wp-json\/wp\/v2\/pages\/4199\/revisions"}],"predecessor-version":[{"id":4301,"href":"https:\/\/lalinea.salesianos.edu\/familiasalesiana\/wp-json\/wp\/v2\/pages\/4199\/revisions\/4301"}],"wp:featuredmedia":[{"embeddable":true,"href":"https:\/\/lalinea.salesianos.edu\/familiasalesiana\/wp-json\/wp\/v2\/media\/4300"}],"wp:attachment":[{"href":"https:\/\/lalinea.salesianos.edu\/familiasalesiana\/wp-json\/wp\/v2\/media?parent=4199"}],"curies":[{"name":"wp","href":"https:\/\/api.w.org\/{rel}","templated":true}]}}